{"id":41,"date":"2018-11-13T11:36:39","date_gmt":"2018-11-13T11:36:39","guid":{"rendered":"http:\/\/td_uid_2_5beab7474d365"},"modified":"2025-04-29T12:16:38","modified_gmt":"2025-04-29T11:16:38","slug":"news","status":"publish","type":"page","link":"https:\/\/www.psc-psoe.es\/","title":{"rendered":"Inicio"},"content":{"rendered":"<div id=\"tdi_1\" class=\"tdc-zone\"><div class=\"tdc_zone tdi_2  wpb_row td-pb-row\"  >\n<style scoped>\n\/* custom css - generated by TagDiv Composer *\/\n\n\/* custom css - generated by TagDiv Composer *\/\n\/* custom css - generated by TagDiv Composer *\/\n.tdi_2{\r\n                    min-height: 0;\r\n                }\n<\/style><div id=\"tdi_3\" class=\"tdc-row\"><div class=\"vc_row tdi_4  wpb_row td-pb-row tdc-element-style\" >\n<style scoped>\n\/* custom css - generated by TagDiv Composer *\/\n\n\/* custom css - generated by TagDiv Composer *\/\n\/* custom css - generated by TagDiv Composer *\/\n.tdi_4,\r\n                .tdi_4 .tdc-columns{\r\n                    min-height: 0;\r\n                }.tdi_4,\r\n\t\t\t\t.tdi_4 .tdc-columns{\r\n\t\t\t\t    display: block;\r\n\t\t\t\t}.tdi_4 .tdc-columns{\r\n\t\t\t\t    width: 100%;\r\n\t\t\t\t}\n\/* inline tdc_css att - generated by TagDiv Composer *\/\n\n.tdi_4{\nmargin-bottom:30px !important;\nposition:relative;\n}\n\n.tdi_4 .td_block_wrap{ text-align:left }\n\n<\/style>\n<div class=\"tdi_3_rand_style td-element-style\" ><style>\n\/* custom css - generated by TagDiv Composer *\/\n\n.tdi_3_rand_style{\nbackground-color:#dd3333 !important;\n}\n <\/style><\/div><div class=\"vc_column tdi_6  wpb_column vc_column_container tdc-column td-pb-span12\">\n<style scoped>\n\/* custom css - generated by TagDiv Composer *\/\n\n\/* custom css - generated by TagDiv Composer *\/\n\/* custom css - generated by TagDiv Composer *\/\n.tdi_6{\r\n                    vertical-align: baseline;\r\n                }.tdi_6 > .wpb_wrapper,\r\n\t\t\t\t.tdi_6 > .wpb_wrapper > .tdc-elements{\r\n\t\t\t\t    display: block;\r\n\t\t\t\t}.tdi_6 > .wpb_wrapper > .tdc-elements{\r\n\t\t\t\t    width: 100%;\r\n\t\t\t\t}.tdi_6 > .wpb_wrapper > .vc_row_inner{\r\n\t\t\t\t    width: auto;\r\n\t\t\t\t}.tdi_6 > .wpb_wrapper{\r\n\t\t\t\t    width: auto;\r\n\t\t\t\t    height: auto;\r\n\t\t\t\t}\n\/* inline tdc_css att - generated by TagDiv Composer *\/\n\n.tdi_6{\nposition:relative;\n}\n\n\/* portrait *\/\n@media (min-width: 768px) and (max-width: 1018px)\n{\n.tdi_6{\nposition:relative;\n}\n}\n\n<\/style>\n<div class=\"tdi_5_rand_style td-element-style\" ><style>\n\/* custom css - generated by TagDiv Composer *\/\n\n.tdi_5_rand_style{\nbackground-color:#ffffff !important;\n}\n\n\/* portrait *\/\n@media (min-width: 768px) and (max-width: 1018px)\n{\n.tdi_5_rand_style{\nbackground-color:#ffffff !important;\n}\n}\n <\/style><\/div><div class=\"wpb_wrapper\" ><\/div><\/div><\/div><\/div><div id=\"tdi_7\" class=\"tdc-row stretch_row_content td-stretch-content\"><div class=\"vc_row tdi_8  wpb_row td-pb-row tdc-element-style\" >\n<style scoped>\n\/* custom css - generated by TagDiv Composer *\/\n\n\/* custom css - generated by TagDiv Composer *\/\n\/* custom css - generated by TagDiv Composer *\/\n.tdi_8,\r\n                .tdi_8 .tdc-columns{\r\n                    min-height: 0;\r\n                }.tdi_8,\r\n\t\t\t\t.tdi_8 .tdc-columns{\r\n\t\t\t\t    display: block;\r\n\t\t\t\t}.tdi_8 .tdc-columns{\r\n\t\t\t\t    width: 100%;\r\n\t\t\t\t}\n\/* inline tdc_css att - generated by TagDiv Composer *\/\n\n.tdi_8{\nposition:relative;\n}\n\n.tdi_8 .td_block_wrap{ text-align:left }\n\n<\/style>\n<div class=\"tdi_7_rand_style td-element-style\" ><div class=\"td-element-style-before\"><style>\n\/* custom css - generated by TagDiv Composer *\/\n\n.tdi_7_rand_style > .td-element-style-before {\ncontent:'' !important;\nwidth:100% !important;\nheight:100% !important;\nposition:absolute !important;\ntop:0 !important;\nleft:0 !important;\ndisplay:block !important;\nz-index:0 !important;\nbackground-repeat: no-repeat !important;\nbackground-size:contain !important;\nbackground-position:center top !important;\n}\n<\/style><\/div><\/div><div class=\"vc_column tdi_10  wpb_column vc_column_container tdc-column td-pb-span12\">\n<style scoped>\n\/* custom css - generated by TagDiv Composer *\/\n\n\/* custom css - generated by TagDiv Composer *\/\n\/* custom css - generated by TagDiv Composer *\/\n.tdi_10{\r\n                    vertical-align: baseline;\r\n                }.tdi_10 > .wpb_wrapper,\r\n\t\t\t\t.tdi_10 > .wpb_wrapper > .tdc-elements{\r\n\t\t\t\t    display: block;\r\n\t\t\t\t}.tdi_10 > .wpb_wrapper > .tdc-elements{\r\n\t\t\t\t    width: 100%;\r\n\t\t\t\t}.tdi_10 > .wpb_wrapper > .vc_row_inner{\r\n\t\t\t\t    width: auto;\r\n\t\t\t\t}.tdi_10 > .wpb_wrapper{\r\n\t\t\t\t    width: auto;\r\n\t\t\t\t    height: auto;\r\n\t\t\t\t}\n<\/style><div class=\"wpb_wrapper\" ><\/div><\/div><\/div><\/div><div id=\"tdi_11\" class=\"tdc-row\"><div class=\"vc_row tdi_12  wpb_row td-pb-row\" >\n<style scoped>\n\/* custom css - generated by TagDiv Composer *\/\n\n\/* custom css - generated by TagDiv Composer *\/\n\/* custom css - generated by TagDiv Composer *\/\n.tdi_12,\r\n                .tdi_12 .tdc-columns{\r\n                    min-height: 0;\r\n                }.tdi_12,\r\n\t\t\t\t.tdi_12 .tdc-columns{\r\n\t\t\t\t    display: block;\r\n\t\t\t\t}.tdi_12 .tdc-columns{\r\n\t\t\t\t    width: 100%;\r\n\t\t\t\t}\n\/* inline tdc_css att - generated by TagDiv Composer *\/\n\n.tdi_12{\nmargin-top:0px !important;\n}\n\n.tdi_12 .td_block_wrap{ text-align:left }\n\n<\/style><div class=\"vc_column tdi_14  wpb_column vc_column_container tdc-column td-pb-span12\">\n<style scoped>\n\/* custom css - generated by TagDiv Composer *\/\n\n\/* custom css - generated by TagDiv Composer *\/\n\/* custom css - generated by TagDiv Composer *\/\n.tdi_14{\r\n                    vertical-align: baseline;\r\n                }.tdi_14 > .wpb_wrapper,\r\n\t\t\t\t.tdi_14 > .wpb_wrapper > .tdc-elements{\r\n\t\t\t\t    display: block;\r\n\t\t\t\t}.tdi_14 > .wpb_wrapper > .tdc-elements{\r\n\t\t\t\t    width: 100%;\r\n\t\t\t\t}.tdi_14 > .wpb_wrapper > .vc_row_inner{\r\n\t\t\t\t    width: auto;\r\n\t\t\t\t}.tdi_14 > .wpb_wrapper{\r\n\t\t\t\t    width: auto;\r\n\t\t\t\t    height: auto;\r\n\t\t\t\t}\n<\/style><div class=\"wpb_wrapper\" ><div class=\"td_block_wrap td_block_24 tdi_15 td-pb-border-top td_block_template_1\"  data-td-block-uid=\"tdi_15\" >\n<style>\n\/* custom css - generated by TagDiv Composer *\/\n\/* custom css - generated by TagDiv Composer *\/\n\n<\/style><script>var block_tdi_15 = new tdBlock();\nblock_tdi_15.id = \"tdi_15\";\nblock_tdi_15.atts = '{\"limit\":\"1\",\"tdc_css\":\"eyJhbGwiOnsiZGlzcGxheSI6IiJ9fQ==\",\"category_id\":\"420\",\"block_type\":\"td_block_24\",\"separator\":\"\",\"custom_title\":\"\",\"custom_url\":\"\",\"block_template_id\":\"\",\"mx16_tl\":\"\",\"mx16_el\":\"\",\"m19_tl\":\"\",\"m19_el\":\"\",\"post_ids\":\"\",\"taxonomies\":\"\",\"category_ids\":\"\",\"in_all_terms\":\"\",\"tag_slug\":\"\",\"autors_id\":\"\",\"installed_post_types\":\"\",\"include_cf_posts\":\"\",\"exclude_cf_posts\":\"\",\"sort\":\"\",\"linked_posts\":\"\",\"favourite_only\":\"\",\"offset\":\"\",\"open_in_new_window\":\"\",\"show_modified_date\":\"\",\"time_ago\":\"\",\"time_ago_add_txt\":\"ago\",\"time_ago_txt_pos\":\"\",\"review_source\":\"\",\"el_class\":\"\",\"td_ajax_filter_type\":\"\",\"td_ajax_filter_ids\":\"\",\"td_filter_default_txt\":\"All\",\"td_ajax_preloading\":\"\",\"f_header_font_header\":\"\",\"f_header_font_title\":\"Block header\",\"f_header_font_settings\":\"\",\"f_header_font_family\":\"\",\"f_header_font_size\":\"\",\"f_header_font_line_height\":\"\",\"f_header_font_style\":\"\",\"f_header_font_weight\":\"\",\"f_header_font_transform\":\"\",\"f_header_font_spacing\":\"\",\"f_header_\":\"\",\"f_ajax_font_title\":\"Ajax categories\",\"f_ajax_font_settings\":\"\",\"f_ajax_font_family\":\"\",\"f_ajax_font_size\":\"\",\"f_ajax_font_line_height\":\"\",\"f_ajax_font_style\":\"\",\"f_ajax_font_weight\":\"\",\"f_ajax_font_transform\":\"\",\"f_ajax_font_spacing\":\"\",\"f_ajax_\":\"\",\"f_more_font_title\":\"Load more button\",\"f_more_font_settings\":\"\",\"f_more_font_family\":\"\",\"f_more_font_size\":\"\",\"f_more_font_line_height\":\"\",\"f_more_font_style\":\"\",\"f_more_font_weight\":\"\",\"f_more_font_transform\":\"\",\"f_more_font_spacing\":\"\",\"f_more_\":\"\",\"mx16f_title_font_header\":\"\",\"mx16f_title_font_title\":\"Article title\",\"mx16f_title_font_settings\":\"\",\"mx16f_title_font_family\":\"\",\"mx16f_title_font_size\":\"\",\"mx16f_title_font_line_height\":\"\",\"mx16f_title_font_style\":\"\",\"mx16f_title_font_weight\":\"\",\"mx16f_title_font_transform\":\"\",\"mx16f_title_font_spacing\":\"\",\"mx16f_title_\":\"\",\"mx16f_cat_font_title\":\"Article category tag\",\"mx16f_cat_font_settings\":\"\",\"mx16f_cat_font_family\":\"\",\"mx16f_cat_font_size\":\"\",\"mx16f_cat_font_line_height\":\"\",\"mx16f_cat_font_style\":\"\",\"mx16f_cat_font_weight\":\"\",\"mx16f_cat_font_transform\":\"\",\"mx16f_cat_font_spacing\":\"\",\"mx16f_cat_\":\"\",\"mx16f_meta_font_title\":\"Article meta info\",\"mx16f_meta_font_settings\":\"\",\"mx16f_meta_font_family\":\"\",\"mx16f_meta_font_size\":\"\",\"mx16f_meta_font_line_height\":\"\",\"mx16f_meta_font_style\":\"\",\"mx16f_meta_font_weight\":\"\",\"mx16f_meta_font_transform\":\"\",\"mx16f_meta_font_spacing\":\"\",\"mx16f_meta_\":\"\",\"mx16f_ex_font_title\":\"Article excerpt\",\"mx16f_ex_font_settings\":\"\",\"mx16f_ex_font_family\":\"\",\"mx16f_ex_font_size\":\"\",\"mx16f_ex_font_line_height\":\"\",\"mx16f_ex_font_style\":\"\",\"mx16f_ex_font_weight\":\"\",\"mx16f_ex_font_transform\":\"\",\"mx16f_ex_font_spacing\":\"\",\"mx16f_ex_\":\"\",\"mx16f_btn_font_title\":\"Article read more button\",\"mx16f_btn_font_settings\":\"\",\"mx16f_btn_font_family\":\"\",\"mx16f_btn_font_size\":\"\",\"mx16f_btn_font_line_height\":\"\",\"mx16f_btn_font_style\":\"\",\"mx16f_btn_font_weight\":\"\",\"mx16f_btn_font_transform\":\"\",\"mx16f_btn_font_spacing\":\"\",\"mx16f_btn_\":\"\",\"m19f_title_font_header\":\"\",\"m19f_title_font_title\":\"Article title\",\"m19f_title_font_settings\":\"\",\"m19f_title_font_family\":\"\",\"m19f_title_font_size\":\"\",\"m19f_title_font_line_height\":\"\",\"m19f_title_font_style\":\"\",\"m19f_title_font_weight\":\"\",\"m19f_title_font_transform\":\"\",\"m19f_title_font_spacing\":\"\",\"m19f_title_\":\"\",\"m19f_cat_font_title\":\"Article category tag\",\"m19f_cat_font_settings\":\"\",\"m19f_cat_font_family\":\"\",\"m19f_cat_font_size\":\"\",\"m19f_cat_font_line_height\":\"\",\"m19f_cat_font_style\":\"\",\"m19f_cat_font_weight\":\"\",\"m19f_cat_font_transform\":\"\",\"m19f_cat_font_spacing\":\"\",\"m19f_cat_\":\"\",\"m19f_meta_font_title\":\"Article meta info\",\"m19f_meta_font_settings\":\"\",\"m19f_meta_font_family\":\"\",\"m19f_meta_font_size\":\"\",\"m19f_meta_font_line_height\":\"\",\"m19f_meta_font_style\":\"\",\"m19f_meta_font_weight\":\"\",\"m19f_meta_font_transform\":\"\",\"m19f_meta_font_spacing\":\"\",\"m19f_meta_\":\"\",\"m19f_ex_font_title\":\"Article excerpt\",\"m19f_ex_font_settings\":\"\",\"m19f_ex_font_family\":\"\",\"m19f_ex_font_size\":\"\",\"m19f_ex_font_line_height\":\"\",\"m19f_ex_font_style\":\"\",\"m19f_ex_font_weight\":\"\",\"m19f_ex_font_transform\":\"\",\"m19f_ex_font_spacing\":\"\",\"m19f_ex_\":\"\",\"m19f_btn_font_title\":\"Article read more button\",\"m19f_btn_font_settings\":\"\",\"m19f_btn_font_family\":\"\",\"m19f_btn_font_size\":\"\",\"m19f_btn_font_line_height\":\"\",\"m19f_btn_font_style\":\"\",\"m19f_btn_font_weight\":\"\",\"m19f_btn_font_transform\":\"\",\"m19f_btn_font_spacing\":\"\",\"m19f_btn_\":\"\",\"ajax_pagination\":\"\",\"ajax_pagination_next_prev_swipe\":\"\",\"ajax_pagination_infinite_stop\":\"\",\"css\":\"\",\"td_column_number\":3,\"header_color\":\"\",\"color_preset\":\"\",\"border_top\":\"\",\"class\":\"tdi_15\",\"tdc_css_class\":\"tdi_15\",\"tdc_css_class_style\":\"tdi_15_rand_style\"}';\nblock_tdi_15.td_column_number = \"3\";\nblock_tdi_15.block_type = \"td_block_24\";\nblock_tdi_15.post_count = \"1\";\nblock_tdi_15.found_posts = \"238\";\nblock_tdi_15.header_color = \"\";\nblock_tdi_15.ajax_pagination_infinite_stop = \"\";\nblock_tdi_15.max_num_pages = \"238\";\ntdBlocksArray.push(block_tdi_15);\n<\/script><div class=\"td-block-title-wrap\"><\/div><div id=tdi_15 class=\"td_block_inner td-column-3 td-opacity-author\">\r\n        <div class=\"td_module_19 td_module_wrap td-animation-stack td-meta-info-hide\">\r\n            <div class=\"meta-info-container\">\r\n                <div class=\"td-module-image\">\r\n                    <div class=\"td-module-thumb\"><a href=\"https:\/\/www.psc-psoe.es\/index.php\/2026\/04\/24\/casares-critica-que-el-plan-frente-a-la-guerra-sin-ambicion-sin-futuro-y-sin-medidas-concretas-reales-nuevas-del-gobierno-de-buruaga\/\"  rel=\"bookmark\" class=\"td-image-wrap \" title=\"Casares critica que el plan frente a la guerra \u201csin ambici\u00f3n, sin futuro y sin medidas concretas reales nuevas\u201d del Gobierno de Buruaga\" ><img loading=\"lazy\" decoding=\"async\" class=\"entry-thumb\" src=\"data:image\/png;base64,iVBORw0KGgoAAAANSUhEUgAAAhYAAAHOAQMAAAD+DNJPAAAAA1BMVEWurq51dlI4AAAAAXRSTlMmkutdmwAAADVJREFUeNrtwQENAAAAwiD7p7bHBwwAAAAAAAAAAAAAAAAAAAAAAAAAAAAAAAAAAAAAAICEA3q4AAGK1CNoAAAAAElFTkSuQmCC\" alt=\"\" title=\"Casares critica que el plan frente a la guerra \u201csin ambici\u00f3n, sin futuro y sin medidas concretas reales nuevas\u201d del Gobierno de Buruaga\" data-type=\"image_tag\" data-img-url=\"https:\/\/www.psc-psoe.es\/wp-content\/uploads\/2026\/04\/DSC07653-534x462.jpg\"  width=\"534\" height=\"462\" \/><\/a><\/div>                                    <\/div>\r\n\r\n                <div class=\"td-item-details\">\r\n                    <div class=\"td-module-meta-info\">\r\n                        <h3 class=\"entry-title td-module-title\"><a href=\"https:\/\/www.psc-psoe.es\/index.php\/2026\/04\/24\/casares-critica-que-el-plan-frente-a-la-guerra-sin-ambicion-sin-futuro-y-sin-medidas-concretas-reales-nuevas-del-gobierno-de-buruaga\/\"  rel=\"bookmark\" title=\"Casares critica que el plan frente a la guerra \u201csin ambici\u00f3n, sin futuro y sin medidas concretas reales nuevas\u201d del Gobierno de Buruaga\">Casares critica que el plan frente a la guerra \u201csin ambici\u00f3n, sin futuro y sin medidas concretas reales nuevas\u201d del Gobierno de Buruaga<\/a><\/h3>                                                                                            <\/div>\r\n\r\n                    <div class=\"td-excerpt\">\r\n                        El secretario general del PSOE de Cantabria, Pedro Casares, ha criticado que el Gobierno del PP de Mar\u00eda Jos\u00e9 S\u00e1enz de Buruaga plante\u00e9 para la comunidad aut\u00f3noma un plan frente a las consecuencias del conflicto en Oriente Medio \u201csin ambici\u00f3n, sin futuro y sin medidas concretas reales nuevas\u201d.\r\n\u201cDec\u00edan que...                    <\/div>\r\n\r\n                    <div class=\"td-read-more\">\r\n                        <a href=\"https:\/\/www.psc-psoe.es\/index.php\/2026\/04\/24\/casares-critica-que-el-plan-frente-a-la-guerra-sin-ambicion-sin-futuro-y-sin-medidas-concretas-reales-nuevas-del-gobierno-de-buruaga\/\">Lee la noticia<\/a>\r\n                    <\/div>\r\n                <\/div>\r\n            <\/div>\r\n\r\n        <\/div>\r\n\r\n        <\/div><\/div> <!-- .\/block --><\/div><\/div><\/div><\/div><div id=\"tdi_16\" class=\"tdc-row\"><div class=\"vc_row tdi_17  wpb_row td-pb-row\" >\n<style scoped>\n\/* custom css - generated by TagDiv Composer *\/\n\n\/* custom css - generated by TagDiv Composer *\/\n\/* custom css - generated by TagDiv Composer *\/\n.tdi_17,\r\n                .tdi_17 .tdc-columns{\r\n                    min-height: 0;\r\n                }.tdi_17,\r\n\t\t\t\t.tdi_17 .tdc-columns{\r\n\t\t\t\t    display: block;\r\n\t\t\t\t}.tdi_17 .tdc-columns{\r\n\t\t\t\t    width: 100%;\r\n\t\t\t\t}\n<\/style><div class=\"vc_column tdi_19  wpb_column vc_column_container tdc-column td-pb-span12\">\n<style scoped>\n\/* custom css - generated by TagDiv Composer *\/\n\n\/* custom css - generated by TagDiv Composer *\/\n\/* custom css - generated by TagDiv Composer *\/\n.tdi_19{\r\n                    vertical-align: baseline;\r\n                }.tdi_19 > .wpb_wrapper,\r\n\t\t\t\t.tdi_19 > .wpb_wrapper > .tdc-elements{\r\n\t\t\t\t    display: block;\r\n\t\t\t\t}.tdi_19 > .wpb_wrapper > .tdc-elements{\r\n\t\t\t\t    width: 100%;\r\n\t\t\t\t}.tdi_19 > .wpb_wrapper > .vc_row_inner{\r\n\t\t\t\t    width: auto;\r\n\t\t\t\t}.tdi_19 > .wpb_wrapper{\r\n\t\t\t\t    width: auto;\r\n\t\t\t\t    height: auto;\r\n\t\t\t\t}\n<\/style><div class=\"wpb_wrapper\" ><\/div><\/div><\/div><\/div><div id=\"tdi_20\" class=\"tdc-row\"><div class=\"vc_row tdi_21  wpb_row td-pb-row\" >\n<style scoped>\n\/* custom css - generated by TagDiv Composer *\/\n\n\/* custom css - generated by TagDiv Composer *\/\n\/* custom css - generated by TagDiv Composer *\/\n.tdi_21,\r\n                .tdi_21 .tdc-columns{\r\n                    min-height: 0;\r\n                }.tdi_21,\r\n\t\t\t\t.tdi_21 .tdc-columns{\r\n\t\t\t\t    display: block;\r\n\t\t\t\t}.tdi_21 .tdc-columns{\r\n\t\t\t\t    width: 100%;\r\n\t\t\t\t}\n\/* inline tdc_css att - generated by TagDiv Composer *\/\n\n.tdi_21{\nmargin-bottom:20px !important;\nborder-color:rgba(243,243,243,0) !important;\nborder-style:solid !important;\nborder-width: 10px 10px 10px 10px !important;\n}\n\n.tdi_21 .td_block_wrap{ text-align:left }\n\n<\/style><div class=\"vc_column tdi_23  wpb_column vc_column_container tdc-column td-pb-span12\">\n<style scoped>\n\/* custom css - generated by TagDiv Composer *\/\n\n\/* custom css - generated by TagDiv Composer *\/\n\/* custom css - generated by TagDiv Composer *\/\n.tdi_23{\r\n                    vertical-align: middle;\r\n                }.tdi_23 > .wpb_wrapper,\r\n\t\t\t\t.tdi_23 > .wpb_wrapper > .tdc-elements{\r\n\t\t\t\t    display: block;\r\n\t\t\t\t}.tdi_23 > .wpb_wrapper > .tdc-elements{\r\n\t\t\t\t    width: 100%;\r\n\t\t\t\t}.tdi_23 > .wpb_wrapper > .vc_row_inner{\r\n\t\t\t\t    width: auto;\r\n\t\t\t\t}.tdi_23 > .wpb_wrapper{\r\n\t\t\t\t    width: auto;\r\n\t\t\t\t    height: auto;\r\n\t\t\t\t}\n<\/style><div class=\"wpb_wrapper\" ><div class=\"wpb_wrapper td_block_empty_space td_block_wrap vc_empty_space tdi_25 \"  style=\"height: 32px\"><\/div><div class=\"td_block_wrap td_block_3 tdi_26 td-pb-border-top td_block_template_1 td-column-3 td_block_padding\"  data-td-block-uid=\"tdi_26\" >\n<style>\n\/* custom css - generated by TagDiv Composer *\/\n\/* custom css - generated by TagDiv Composer *\/\n\n<\/style><script>var block_tdi_26 = new tdBlock();\nblock_tdi_26.id = \"tdi_26\";\nblock_tdi_26.atts = '{\"limit\":\"3\",\"category_id\":\"24\",\"accent_text_color\":\"#f31912\",\"m1_tl\":\"40\",\"ajax_pagination\":\"\",\"block_template_id\":\"\",\"block_type\":\"td_block_3\",\"separator\":\"\",\"custom_title\":\"\",\"custom_url\":\"\",\"post_ids\":\"\",\"taxonomies\":\"\",\"category_ids\":\"\",\"in_all_terms\":\"\",\"tag_slug\":\"\",\"autors_id\":\"\",\"installed_post_types\":\"\",\"include_cf_posts\":\"\",\"exclude_cf_posts\":\"\",\"sort\":\"\",\"linked_posts\":\"\",\"favourite_only\":\"\",\"offset\":\"\",\"open_in_new_window\":\"\",\"show_modified_date\":\"\",\"time_ago\":\"\",\"time_ago_add_txt\":\"ago\",\"time_ago_txt_pos\":\"\",\"review_source\":\"\",\"el_class\":\"\",\"td_ajax_filter_type\":\"\",\"td_ajax_filter_ids\":\"\",\"td_filter_default_txt\":\"All\",\"td_ajax_preloading\":\"\",\"f_header_font_header\":\"\",\"f_header_font_title\":\"Block header\",\"f_header_font_settings\":\"\",\"f_header_font_family\":\"\",\"f_header_font_size\":\"\",\"f_header_font_line_height\":\"\",\"f_header_font_style\":\"\",\"f_header_font_weight\":\"\",\"f_header_font_transform\":\"\",\"f_header_font_spacing\":\"\",\"f_header_\":\"\",\"f_ajax_font_title\":\"Ajax categories\",\"f_ajax_font_settings\":\"\",\"f_ajax_font_family\":\"\",\"f_ajax_font_size\":\"\",\"f_ajax_font_line_height\":\"\",\"f_ajax_font_style\":\"\",\"f_ajax_font_weight\":\"\",\"f_ajax_font_transform\":\"\",\"f_ajax_font_spacing\":\"\",\"f_ajax_\":\"\",\"f_more_font_title\":\"Load more button\",\"f_more_font_settings\":\"\",\"f_more_font_family\":\"\",\"f_more_font_size\":\"\",\"f_more_font_line_height\":\"\",\"f_more_font_style\":\"\",\"f_more_font_weight\":\"\",\"f_more_font_transform\":\"\",\"f_more_font_spacing\":\"\",\"f_more_\":\"\",\"m1f_title_font_header\":\"\",\"m1f_title_font_title\":\"Article title\",\"m1f_title_font_settings\":\"\",\"m1f_title_font_family\":\"\",\"m1f_title_font_size\":\"\",\"m1f_title_font_line_height\":\"\",\"m1f_title_font_style\":\"\",\"m1f_title_font_weight\":\"\",\"m1f_title_font_transform\":\"\",\"m1f_title_font_spacing\":\"\",\"m1f_title_\":\"\",\"m1f_cat_font_title\":\"Article category tag\",\"m1f_cat_font_settings\":\"\",\"m1f_cat_font_family\":\"\",\"m1f_cat_font_size\":\"\",\"m1f_cat_font_line_height\":\"\",\"m1f_cat_font_style\":\"\",\"m1f_cat_font_weight\":\"\",\"m1f_cat_font_transform\":\"\",\"m1f_cat_font_spacing\":\"\",\"m1f_cat_\":\"\",\"m1f_meta_font_title\":\"Article meta info\",\"m1f_meta_font_settings\":\"\",\"m1f_meta_font_family\":\"\",\"m1f_meta_font_size\":\"\",\"m1f_meta_font_line_height\":\"\",\"m1f_meta_font_style\":\"\",\"m1f_meta_font_weight\":\"\",\"m1f_meta_font_transform\":\"\",\"m1f_meta_font_spacing\":\"\",\"m1f_meta_\":\"\",\"ajax_pagination_next_prev_swipe\":\"\",\"ajax_pagination_infinite_stop\":\"\",\"css\":\"\",\"tdc_css\":\"\",\"td_column_number\":3,\"header_color\":\"\",\"color_preset\":\"\",\"border_top\":\"\",\"class\":\"tdi_26\",\"tdc_css_class\":\"tdi_26\",\"tdc_css_class_style\":\"tdi_26_rand_style\"}';\nblock_tdi_26.td_column_number = \"3\";\nblock_tdi_26.block_type = \"td_block_3\";\nblock_tdi_26.post_count = \"3\";\nblock_tdi_26.found_posts = \"1151\";\nblock_tdi_26.header_color = \"\";\nblock_tdi_26.ajax_pagination_infinite_stop = \"\";\nblock_tdi_26.max_num_pages = \"384\";\ntdBlocksArray.push(block_tdi_26);\n<\/script><div class=\"td-block-title-wrap\"><\/div><div id=tdi_26 class=\"td_block_inner\">\n\n\t<div class=\"td-block-row\">\n\n\t<div class=\"td-block-span4\">\n\r\n        <div class=\"td_module_1 td_module_wrap td-animation-stack td-meta-info-hide\">\r\n            <div class=\"td-module-image\">\r\n                <div class=\"td-module-thumb\"><a href=\"https:\/\/www.psc-psoe.es\/index.php\/2026\/04\/24\/casares-critica-que-el-plan-frente-a-la-guerra-sin-ambicion-sin-futuro-y-sin-medidas-concretas-reales-nuevas-del-gobierno-de-buruaga\/\"  rel=\"bookmark\" class=\"td-image-wrap \" title=\"Casares critica que el plan frente a la guerra \u201csin ambici\u00f3n, sin futuro y sin medidas concretas reales nuevas\u201d del Gobierno de Buruaga\" ><img loading=\"lazy\" decoding=\"async\" class=\"entry-thumb\" src=\"data:image\/png;base64,iVBORw0KGgoAAAANSUhEUgAAAUQAAACgAQMAAABOhoelAAAAA1BMVEWurq51dlI4AAAAAXRSTlMmkutdmwAAAB1JREFUWMPtwTEBAAAAwiD7p\/ZdCGAAAAAAAAAQBxpAAAH8le3bAAAAAElFTkSuQmCC\" alt=\"\" title=\"Casares critica que el plan frente a la guerra \u201csin ambici\u00f3n, sin futuro y sin medidas concretas reales nuevas\u201d del Gobierno de Buruaga\" data-type=\"image_tag\" data-img-url=\"https:\/\/www.psc-psoe.es\/wp-content\/uploads\/2026\/04\/DSC07653-324x160.jpg\"  width=\"324\" height=\"160\" \/><\/a><\/div>                            <\/div>\r\n            <h3 class=\"entry-title td-module-title\"><a href=\"https:\/\/www.psc-psoe.es\/index.php\/2026\/04\/24\/casares-critica-que-el-plan-frente-a-la-guerra-sin-ambicion-sin-futuro-y-sin-medidas-concretas-reales-nuevas-del-gobierno-de-buruaga\/\"  rel=\"bookmark\" title=\"Casares critica que el plan frente a la guerra \u201csin ambici\u00f3n, sin futuro y sin medidas concretas reales nuevas\u201d del Gobierno de Buruaga\">Casares critica que el plan frente a la guerra \u201csin ambici\u00f3n, sin futuro y sin medidas concretas reales nuevas\u201d del Gobierno de Buruaga<\/a><\/h3>\r\n            <div class=\"td-module-meta-info\">\r\n                                                            <\/div>\r\n\r\n            \r\n        <\/div>\r\n\r\n        \n\t<\/div> <!-- .\/td-block-span4 -->\n\n\t<div class=\"td-block-span4\">\n\r\n        <div class=\"td_module_1 td_module_wrap td-animation-stack td-meta-info-hide\">\r\n            <div class=\"td-module-image\">\r\n                <div class=\"td-module-thumb\"><a href=\"https:\/\/www.psc-psoe.es\/index.php\/2026\/04\/23\/el-psoe-pide-al-gobierno-que-asuma-el-proyecto-de-ley-que-reduce-la-ratio-de-alumnos-por-aula-y-cumpla-con-una-reivindicacion-historica-de-los-docentes\/\"  rel=\"bookmark\" class=\"td-image-wrap \" title=\"El PSOE pide al Gobierno que asuma el proyecto de ley que reduce la ratio de alumnos por aula \u201cy cumpla con una reivindicaci\u00f3n hist\u00f3rica de los docentes\u201d\" ><img loading=\"lazy\" decoding=\"async\" class=\"entry-thumb\" src=\"data:image\/png;base64,iVBORw0KGgoAAAANSUhEUgAAAUQAAACgAQMAAABOhoelAAAAA1BMVEWurq51dlI4AAAAAXRSTlMmkutdmwAAAB1JREFUWMPtwTEBAAAAwiD7p\/ZdCGAAAAAAAAAQBxpAAAH8le3bAAAAAElFTkSuQmCC\" alt=\"\" title=\"El PSOE pide al Gobierno que asuma el proyecto de ley que reduce la ratio de alumnos por aula \u201cy cumpla con una reivindicaci\u00f3n hist\u00f3rica de los docentes\u201d\" data-type=\"image_tag\" data-img-url=\"https:\/\/www.psc-psoe.es\/wp-content\/uploads\/2026\/04\/DSC07146-324x160.jpg\"  width=\"324\" height=\"160\" \/><\/a><\/div>                            <\/div>\r\n            <h3 class=\"entry-title td-module-title\"><a href=\"https:\/\/www.psc-psoe.es\/index.php\/2026\/04\/23\/el-psoe-pide-al-gobierno-que-asuma-el-proyecto-de-ley-que-reduce-la-ratio-de-alumnos-por-aula-y-cumpla-con-una-reivindicacion-historica-de-los-docentes\/\"  rel=\"bookmark\" title=\"El PSOE pide al Gobierno que asuma el proyecto de ley que reduce la ratio de alumnos por aula \u201cy cumpla con una reivindicaci\u00f3n hist\u00f3rica de los docentes\u201d\">El PSOE pide al Gobierno que asuma el proyecto de ley que reduce la ratio de alumnos por aula \u201cy cumpla con una reivindicaci\u00f3n hist\u00f3rica de los docentes\u201d<\/a><\/h3>\r\n            <div class=\"td-module-meta-info\">\r\n                                                            <\/div>\r\n\r\n            \r\n        <\/div>\r\n\r\n        \n\t<\/div> <!-- .\/td-block-span4 -->\n\n\t<div class=\"td-block-span4\">\n\r\n        <div class=\"td_module_1 td_module_wrap td-animation-stack td-meta-info-hide\">\r\n            <div class=\"td-module-image\">\r\n                <div class=\"td-module-thumb\"><a href=\"https:\/\/www.psc-psoe.es\/index.php\/2026\/04\/22\/casares-la-presidenta-buruaga-es-la-reina-de-la-tormenta-perfecta-del-colapso-al-que-se-dirige-la-sanidad-publica-de-cantabria\/\"  rel=\"bookmark\" class=\"td-image-wrap \" title=\"Casares: \u201cLa presidenta Buruaga es la reina de la tormenta perfecta del colapso al que se dirige la sanidad p\u00fablica de Cantabria\u201d\" ><img loading=\"lazy\" decoding=\"async\" class=\"entry-thumb\" src=\"data:image\/png;base64,iVBORw0KGgoAAAANSUhEUgAAAUQAAACgAQMAAABOhoelAAAAA1BMVEWurq51dlI4AAAAAXRSTlMmkutdmwAAAB1JREFUWMPtwTEBAAAAwiD7p\/ZdCGAAAAAAAAAQBxpAAAH8le3bAAAAAElFTkSuQmCC\" alt=\"\" title=\"Casares: \u201cLa presidenta Buruaga es la reina de la tormenta perfecta del colapso al que se dirige la sanidad p\u00fablica de Cantabria\u201d\" data-type=\"image_tag\" data-img-url=\"https:\/\/www.psc-psoe.es\/wp-content\/uploads\/2026\/04\/Reunion-Plataforma-en-defensa-de-la-Sanidad-Publica-324x160.jpg\"  width=\"324\" height=\"160\" \/><\/a><\/div>                            <\/div>\r\n            <h3 class=\"entry-title td-module-title\"><a href=\"https:\/\/www.psc-psoe.es\/index.php\/2026\/04\/22\/casares-la-presidenta-buruaga-es-la-reina-de-la-tormenta-perfecta-del-colapso-al-que-se-dirige-la-sanidad-publica-de-cantabria\/\"  rel=\"bookmark\" title=\"Casares: \u201cLa presidenta Buruaga es la reina de la tormenta perfecta del colapso al que se dirige la sanidad p\u00fablica de Cantabria\u201d\">Casares: \u201cLa presidenta Buruaga es la reina de la tormenta perfecta del colapso al que se dirige la sanidad p\u00fablica de Cantabria\u201d<\/a><\/h3>\r\n            <div class=\"td-module-meta-info\">\r\n                                                            <\/div>\r\n\r\n            \r\n        <\/div>\r\n\r\n        \n\t<\/div> <!-- .\/td-block-span4 --><\/div><!--.\/row-fluid--><\/div><\/div> <!-- .\/block --><\/div><\/div><\/div><\/div><div id=\"tdi_27\" class=\"tdc-row\"><div class=\"vc_row tdi_28  wpb_row td-pb-row tdc-row-content-vert-bottom\" >\n<style scoped>\n\/* custom css - generated by TagDiv Composer *\/\n\n\/* custom css - generated by TagDiv Composer *\/\n\/* custom css - generated by TagDiv Composer *\/\n.tdi_28,\r\n                .tdi_28 .tdc-columns{\r\n                    min-height: 0,5;\r\n                }.tdi_28,\r\n\t\t\t\t.tdi_28 .tdc-columns{\r\n\t\t\t\t    display: block;\r\n\t\t\t\t}.tdi_28 .tdc-columns{\r\n\t\t\t\t    width: 100%;\r\n\t\t\t\t}@media (min-width: 767px) {\r\n                    .tdi_28.tdc-row-content-vert-center,\r\n                    .tdi_28.tdc-row-content-vert-center .tdc-columns {\r\n                        display: flex;\r\n                        align-items: center;\r\n                        flex: 1;\r\n                    }\r\n                    .tdi_28.tdc-row-content-vert-bottom,\r\n                    .tdi_28.tdc-row-content-vert-bottom .tdc-columns {\r\n                        display: flex;\r\n                        align-items: flex-end;\r\n                        flex: 1;\r\n                    }\r\n                    .tdi_28.tdc-row-content-vert-center .td_block_wrap {\r\n                        vertical-align: middle;\r\n                    }\r\n                    .tdi_28.tdc-row-content-vert-bottom .td_block_wrap {\r\n                        vertical-align: bottom;\r\n                    }\r\n                }\n<\/style><div class=\"vc_column tdi_30  wpb_column vc_column_container tdc-column td-pb-span12\">\n<style scoped>\n\/* custom css - generated by TagDiv Composer *\/\n\n\/* custom css - generated by TagDiv Composer *\/\n\/* custom css - generated by TagDiv Composer *\/\n.tdi_30{\r\n                    vertical-align: baseline;\r\n                }.tdi_30 > .wpb_wrapper,\r\n\t\t\t\t.tdi_30 > .wpb_wrapper > .tdc-elements{\r\n\t\t\t\t    display: block;\r\n\t\t\t\t}.tdi_30 > .wpb_wrapper > .tdc-elements{\r\n\t\t\t\t    width: 100%;\r\n\t\t\t\t}.tdi_30 > .wpb_wrapper > .vc_row_inner{\r\n\t\t\t\t    width: auto;\r\n\t\t\t\t}.tdi_30 > .wpb_wrapper{\r\n\t\t\t\t    width: auto;\r\n\t\t\t\t    height: auto;\r\n\t\t\t\t}\n<\/style><div class=\"wpb_wrapper\" ><\/div><\/div><\/div><\/div><div id=\"tdi_31\" class=\"tdc-row\"><div class=\"vc_row tdi_32  wpb_row td-pb-row\" >\n<style scoped>\n\/* custom css - generated by TagDiv Composer *\/\n\n\/* custom css - generated by TagDiv Composer *\/\n\/* custom css - generated by TagDiv Composer *\/\n.tdi_32,\r\n                .tdi_32 .tdc-columns{\r\n                    min-height: 0;\r\n                }.tdi_32,\r\n\t\t\t\t.tdi_32 .tdc-columns{\r\n\t\t\t\t    display: block;\r\n\t\t\t\t}.tdi_32 .tdc-columns{\r\n\t\t\t\t    width: 100%;\r\n\t\t\t\t}\n<\/style><div class=\"vc_column tdi_34  wpb_column vc_column_container tdc-column td-pb-span6\">\n<style scoped>\n\/* custom css - generated by TagDiv Composer *\/\n\n\/* custom css - generated by TagDiv Composer *\/\n\/* custom css - generated by TagDiv Composer *\/\n.tdi_34{\r\n                    vertical-align: baseline;\r\n                }.tdi_34 > .wpb_wrapper,\r\n\t\t\t\t.tdi_34 > .wpb_wrapper > .tdc-elements{\r\n\t\t\t\t    display: block;\r\n\t\t\t\t}.tdi_34 > .wpb_wrapper > .tdc-elements{\r\n\t\t\t\t    width: 100%;\r\n\t\t\t\t}.tdi_34 > .wpb_wrapper > .vc_row_inner{\r\n\t\t\t\t    width: auto;\r\n\t\t\t\t}.tdi_34 > .wpb_wrapper{\r\n\t\t\t\t    width: auto;\r\n\t\t\t\t    height: auto;\r\n\t\t\t\t}\n<\/style><div class=\"wpb_wrapper\" ><\/div><\/div><div class=\"vc_column tdi_36  wpb_column vc_column_container tdc-column td-pb-span6\">\n<style scoped>\n\/* custom css - generated by TagDiv Composer *\/\n\n\/* custom css - generated by TagDiv Composer *\/\n\/* custom css - generated by TagDiv Composer *\/\n.tdi_36{\r\n                    vertical-align: baseline;\r\n                }.tdi_36 > .wpb_wrapper,\r\n\t\t\t\t.tdi_36 > .wpb_wrapper > .tdc-elements{\r\n\t\t\t\t    display: block;\r\n\t\t\t\t}.tdi_36 > .wpb_wrapper > .tdc-elements{\r\n\t\t\t\t    width: 100%;\r\n\t\t\t\t}.tdi_36 > .wpb_wrapper > .vc_row_inner{\r\n\t\t\t\t    width: auto;\r\n\t\t\t\t}.tdi_36 > .wpb_wrapper{\r\n\t\t\t\t    width: auto;\r\n\t\t\t\t    height: auto;\r\n\t\t\t\t}\n<\/style><div class=\"wpb_wrapper\" ><\/div><\/div><\/div><\/div><div id=\"tdi_37\" class=\"tdc-row\"><div class=\"vc_row tdi_38  wpb_row td-pb-row\" >\n<style scoped>\n\/* custom css - generated by TagDiv Composer *\/\n\n\/* custom css - generated by TagDiv Composer *\/\n\/* custom css - generated by TagDiv Composer *\/\n.tdi_38,\r\n                .tdi_38 .tdc-columns{\r\n                    min-height: 0;\r\n                }.tdi_38,\r\n\t\t\t\t.tdi_38 .tdc-columns{\r\n\t\t\t\t    display: block;\r\n\t\t\t\t}.tdi_38 .tdc-columns{\r\n\t\t\t\t    width: 100%;\r\n\t\t\t\t}\n<\/style><div class=\"vc_column tdi_40  wpb_column vc_column_container tdc-column td-pb-span4\">\n<style scoped>\n\/* custom css - generated by TagDiv Composer *\/\n\n\/* custom css - generated by TagDiv Composer *\/\n\/* custom css - generated by TagDiv Composer *\/\n.tdi_40{\r\n                    vertical-align: baseline;\r\n                }.tdi_40 > .wpb_wrapper,\r\n\t\t\t\t.tdi_40 > .wpb_wrapper > .tdc-elements{\r\n\t\t\t\t    display: block;\r\n\t\t\t\t}.tdi_40 > .wpb_wrapper > .tdc-elements{\r\n\t\t\t\t    width: 100%;\r\n\t\t\t\t}.tdi_40 > .wpb_wrapper > .vc_row_inner{\r\n\t\t\t\t    width: auto;\r\n\t\t\t\t}.tdi_40 > .wpb_wrapper{\r\n\t\t\t\t    width: auto;\r\n\t\t\t\t    height: auto;\r\n\t\t\t\t}\n<\/style><div class=\"wpb_wrapper\" ><\/div><\/div><div class=\"vc_column tdi_42  wpb_column vc_column_container tdc-column td-pb-span4\">\n<style scoped>\n\/* custom css - generated by TagDiv Composer *\/\n\n\/* custom css - generated by TagDiv Composer *\/\n\/* custom css - generated by TagDiv Composer *\/\n.tdi_42{\r\n                    vertical-align: baseline;\r\n                }.tdi_42 > .wpb_wrapper,\r\n\t\t\t\t.tdi_42 > .wpb_wrapper > .tdc-elements{\r\n\t\t\t\t    display: block;\r\n\t\t\t\t}.tdi_42 > .wpb_wrapper > .tdc-elements{\r\n\t\t\t\t    width: 100%;\r\n\t\t\t\t}.tdi_42 > .wpb_wrapper > .vc_row_inner{\r\n\t\t\t\t    width: auto;\r\n\t\t\t\t}.tdi_42 > .wpb_wrapper{\r\n\t\t\t\t    width: auto;\r\n\t\t\t\t    height: auto;\r\n\t\t\t\t}\n<\/style><div class=\"wpb_wrapper\" ><\/div><\/div><div class=\"vc_column tdi_44  wpb_column vc_column_container tdc-column td-pb-span4\">\n<style scoped>\n\/* custom css - generated by TagDiv Composer *\/\n\n\/* custom css - generated by TagDiv Composer *\/\n\/* custom css - generated by TagDiv Composer *\/\n.tdi_44{\r\n                    vertical-align: baseline;\r\n                }.tdi_44 > .wpb_wrapper,\r\n\t\t\t\t.tdi_44 > .wpb_wrapper > .tdc-elements{\r\n\t\t\t\t    display: block;\r\n\t\t\t\t}.tdi_44 > .wpb_wrapper > .tdc-elements{\r\n\t\t\t\t    width: 100%;\r\n\t\t\t\t}.tdi_44 > .wpb_wrapper > .vc_row_inner{\r\n\t\t\t\t    width: auto;\r\n\t\t\t\t}.tdi_44 > .wpb_wrapper{\r\n\t\t\t\t    width: auto;\r\n\t\t\t\t    height: auto;\r\n\t\t\t\t}\n<\/style><div class=\"wpb_wrapper\" ><\/div><\/div><\/div><\/div><div id=\"tdi_45\" class=\"tdc-row\"><div class=\"vc_row tdi_46  wpb_row td-pb-row\" >\n<style scoped>\n\/* custom css - generated by TagDiv Composer *\/\n\n\/* custom css - generated by TagDiv Composer *\/\n\/* custom css - generated by TagDiv Composer *\/\n.tdi_46,\r\n                .tdi_46 .tdc-columns{\r\n                    min-height: 0;\r\n                }.tdi_46,\r\n\t\t\t\t.tdi_46 .tdc-columns{\r\n\t\t\t\t    display: block;\r\n\t\t\t\t}.tdi_46 .tdc-columns{\r\n\t\t\t\t    width: 100%;\r\n\t\t\t\t}\n<\/style><div class=\"vc_column tdi_48  wpb_column vc_column_container tdc-column td-pb-span12\">\n<style scoped>\n\/* custom css - generated by TagDiv Composer *\/\n\n\/* custom css - generated by TagDiv Composer *\/\n\/* custom css - generated by TagDiv Composer *\/\n.tdi_48{\r\n                    vertical-align: baseline;\r\n                }.tdi_48 > .wpb_wrapper,\r\n\t\t\t\t.tdi_48 > .wpb_wrapper > .tdc-elements{\r\n\t\t\t\t    display: block;\r\n\t\t\t\t}.tdi_48 > .wpb_wrapper > .tdc-elements{\r\n\t\t\t\t    width: 100%;\r\n\t\t\t\t}.tdi_48 > .wpb_wrapper > .vc_row_inner{\r\n\t\t\t\t    width: auto;\r\n\t\t\t\t}.tdi_48 > .wpb_wrapper{\r\n\t\t\t\t    width: auto;\r\n\t\t\t\t    height: auto;\r\n\t\t\t\t}\n<\/style><div class=\"wpb_wrapper\" ><\/div><\/div><\/div><\/div><div id=\"tdi_49\" class=\"tdc-row\"><div class=\"vc_row tdi_50  wpb_row td-pb-row\" >\n<style scoped>\n\/* custom css - generated by TagDiv Composer *\/\n\n\/* custom css - generated by TagDiv Composer *\/\n\/* custom css - generated by TagDiv Composer *\/\n.tdi_50,\r\n                .tdi_50 .tdc-columns{\r\n                    min-height: 0;\r\n                }.tdi_50,\r\n\t\t\t\t.tdi_50 .tdc-columns{\r\n\t\t\t\t    display: block;\r\n\t\t\t\t}.tdi_50 .tdc-columns{\r\n\t\t\t\t    width: 100%;\r\n\t\t\t\t}\n<\/style><div class=\"vc_column tdi_52  wpb_column vc_column_container tdc-column td-pb-span6\">\n<style scoped>\n\/* custom css - generated by TagDiv Composer *\/\n\n\/* custom css - generated by TagDiv Composer *\/\n\/* custom css - generated by TagDiv Composer *\/\n.tdi_52{\r\n                    vertical-align: baseline;\r\n                }.tdi_52 > .wpb_wrapper,\r\n\t\t\t\t.tdi_52 > .wpb_wrapper > .tdc-elements{\r\n\t\t\t\t    display: block;\r\n\t\t\t\t}.tdi_52 > .wpb_wrapper > .tdc-elements{\r\n\t\t\t\t    width: 100%;\r\n\t\t\t\t}.tdi_52 > .wpb_wrapper > .vc_row_inner{\r\n\t\t\t\t    width: auto;\r\n\t\t\t\t}.tdi_52 > .wpb_wrapper{\r\n\t\t\t\t    width: auto;\r\n\t\t\t\t    height: auto;\r\n\t\t\t\t}\n<\/style><div class=\"wpb_wrapper\" ><\/div><\/div><div class=\"vc_column tdi_54  wpb_column vc_column_container tdc-column td-pb-span6\">\n<style scoped>\n\/* custom css - generated by TagDiv Composer *\/\n\n\/* custom css - generated by TagDiv Composer *\/\n\/* custom css - generated by TagDiv Composer *\/\n.tdi_54{\r\n                    vertical-align: baseline;\r\n                }.tdi_54 > .wpb_wrapper,\r\n\t\t\t\t.tdi_54 > .wpb_wrapper > .tdc-elements{\r\n\t\t\t\t    display: block;\r\n\t\t\t\t}.tdi_54 > .wpb_wrapper > .tdc-elements{\r\n\t\t\t\t    width: 100%;\r\n\t\t\t\t}.tdi_54 > .wpb_wrapper > .vc_row_inner{\r\n\t\t\t\t    width: auto;\r\n\t\t\t\t}.tdi_54 > .wpb_wrapper{\r\n\t\t\t\t    width: auto;\r\n\t\t\t\t    height: auto;\r\n\t\t\t\t}\n<\/style><div class=\"wpb_wrapper\" ><\/div><\/div><\/div><\/div><div id=\"tdi_55\" class=\"tdc-row\"><div class=\"vc_row tdi_56  wpb_row td-pb-row\" >\n<style scoped>\n\/* custom css - generated by TagDiv Composer *\/\n\n\/* custom css - generated by TagDiv Composer *\/\n\/* custom css - generated by TagDiv Composer *\/\n.tdi_56,\r\n                .tdi_56 .tdc-columns{\r\n                    min-height: 0;\r\n                }.tdi_56,\r\n\t\t\t\t.tdi_56 .tdc-columns{\r\n\t\t\t\t    display: block;\r\n\t\t\t\t}.tdi_56 .tdc-columns{\r\n\t\t\t\t    width: 100%;\r\n\t\t\t\t}\n\/* inline tdc_css att - generated by TagDiv Composer *\/\n\n\/* phone *\/\n@media (max-width: 767px)\n{\n.tdi_56{\nborder-style:none !important;\nborder-color:#888888 !important;\n}\n}\n\n<\/style><div class=\"vc_column tdi_58  wpb_column vc_column_container tdc-column td-pb-span12\">\n<style scoped>\n\/* custom css - generated by TagDiv Composer *\/\n\n\/* custom css - generated by TagDiv Composer *\/\n\/* custom css - generated by TagDiv Composer *\/\n.tdi_58{\r\n                    vertical-align: baseline;\r\n                }.tdi_58 > .wpb_wrapper,\r\n\t\t\t\t.tdi_58 > .wpb_wrapper > .tdc-elements{\r\n\t\t\t\t    display: block;\r\n\t\t\t\t}.tdi_58 > .wpb_wrapper > .tdc-elements{\r\n\t\t\t\t    width: 100%;\r\n\t\t\t\t}.tdi_58 > .wpb_wrapper > .vc_row_inner{\r\n\t\t\t\t    width: auto;\r\n\t\t\t\t}.tdi_58 > .wpb_wrapper{\r\n\t\t\t\t    width: auto;\r\n\t\t\t\t    height: auto;\r\n\t\t\t\t}\n\/* inline tdc_css att - generated by TagDiv Composer *\/\n\n\/* phone *\/\n@media (max-width: 767px)\n{\n.tdi_58{\nborder-style:none !important;\nborder-color:#888888 !important;\n}\n}\n\n<\/style><div class=\"wpb_wrapper\" ><div class=\"td_block_wrap td_block_3 tdi_59 td-pb-border-top td_block_template_1 td-column-3 td_block_padding\"  data-td-block-uid=\"tdi_59\" >\n<style>\n\/* custom css - generated by TagDiv Composer *\/\n\n\/* inline tdc_css att - generated by TagDiv Composer *\/\n\n\/* desktop *\/ @media(min-width: 1141px) { .tdi_59 { \ndisplay:none !important;\n} }\n\n\/* portrait *\/\n@media (min-width: 768px) and (max-width: 1018px)\n{\n.tdi_59{\ndisplay:none !important;\n}\n}\n\n\/* landscape *\/\n@media (min-width: 1019px) and (max-width: 1140px)\n{\n.tdi_59{\ndisplay:none !important;\n}\n}\n\n\/* phone *\/\n@media (max-width: 767px)\n{\n.tdi_59{\npadding-top:5px !important;\npadding-right:5px !important;\npadding-bottom:5px !important;\npadding-left:5px !important;\nborder-style:none !important;\nbox-shadow:5px 5px 0px rgba(0,0,0,0) !important;\nborder-color:#888888 !important;\nposition:relative;\n}\n}\n\n<\/style>\n<style>\n\/* custom css - generated by TagDiv Composer *\/\n\/* custom css - generated by TagDiv Composer *\/\n\n\n\/* phone *\/\n@media (max-width: 767px){\n\/* custom css - generated by TagDiv Composer *\/\n.tdi_59 .td_module_1 .entry-title{\r\n\t\t\t\t\tfont-size:24px !important;\r\n\t\t\t\t}\n}\n<\/style>\n<div class=\"tdi_59_rand_style td-element-style\"><style>\n\/* phone *\/\n@media (max-width: 767px)\n{\n.tdi_59_rand_style{\nbackground-color:#f31912 !important;\n}\n}\n \n\/* phone *\/\n@media (max-width: 767px)\n{\n\n.tdi_59_rand_style::after{\ncontent:'' !important;\nwidth:100% !important;\nheight:100% !important;\nposition:absolute !important;\ntop:0 !important;\nleft:0 !important;\nz-index:0 !important;\ndisplay:block !important;\nbackground: linear-gradient(#f31912, #f3f3f3) !important;\n}\n}\n<\/style><\/div><script>var block_tdi_59 = new tdBlock();\nblock_tdi_59.id = \"tdi_59\";\nblock_tdi_59.atts = '{\"limit\":\"1\",\"category_id\":\"23\",\"tdc_css\":\"eyJhbGwiOnsiZGlzcGxheSI6Im5vbmUifSwicG9ydHJhaXQiOnsiZGlzcGxheSI6Im5vbmUifSwicG9ydHJhaXRfbWF4X3dpZHRoIjoxMDE4LCJwb3J0cmFpdF9taW5fd2lkdGgiOjc2OCwibGFuZHNjYXBlIjp7ImRpc3BsYXkiOiJub25lIn0sImxhbmRzY2FwZV9tYXhfd2lkdGgiOjExNDAsImxhbmRzY2FwZV9taW5fd2lkdGgiOjEwMTksInBob25lIjp7InBhZGRpbmctdG9wIjoiNSIsInBhZGRpbmctcmlnaHQiOiI1IiwicGFkZGluZy1ib3R0b20iOiI1IiwicGFkZGluZy1sZWZ0IjoiNSIsImJvcmRlci1zdHlsZSI6Im5vbmUiLCJzaGFkb3ctc2l6ZSI6IjAiLCJzaGFkb3ctY29sb3IiOiJyZ2JhKDAsMCwwLDApIiwic2hhZG93LW9mZnNldC1oIjoiNSIsInNoYWRvdy1vZmZzZXQtdiI6IjUiLCJiYWNrZ3JvdW5kLWNvbG9yIjoiI2YzMTkxMiIsImNvbG9yLTEtb3ZlcmxheSI6IiNmMzE5MTIiLCJjb2xvci0yLW92ZXJsYXkiOiIjZjNmM2YzIiwiZGlzcGxheSI6IiJ9LCJwaG9uZV9tYXhfd2lkdGgiOjc2N30=\",\"m1f_title_font_size\":\"eyJwaG9uZSI6IjI0In0=\",\"m1_tl\":\"40\",\"m1f_title_font_weight\":\"eyJwaG9uZSI6IiJ9\",\"custom_title\":\"ACTUALIDAD\",\"block_type\":\"td_block_3\",\"separator\":\"\",\"custom_url\":\"\",\"block_template_id\":\"\",\"post_ids\":\"\",\"taxonomies\":\"\",\"category_ids\":\"\",\"in_all_terms\":\"\",\"tag_slug\":\"\",\"autors_id\":\"\",\"installed_post_types\":\"\",\"include_cf_posts\":\"\",\"exclude_cf_posts\":\"\",\"sort\":\"\",\"linked_posts\":\"\",\"favourite_only\":\"\",\"offset\":\"\",\"open_in_new_window\":\"\",\"show_modified_date\":\"\",\"time_ago\":\"\",\"time_ago_add_txt\":\"ago\",\"time_ago_txt_pos\":\"\",\"review_source\":\"\",\"el_class\":\"\",\"td_ajax_filter_type\":\"\",\"td_ajax_filter_ids\":\"\",\"td_filter_default_txt\":\"All\",\"td_ajax_preloading\":\"\",\"f_header_font_header\":\"\",\"f_header_font_title\":\"Block header\",\"f_header_font_settings\":\"\",\"f_header_font_family\":\"\",\"f_header_font_size\":\"\",\"f_header_font_line_height\":\"\",\"f_header_font_style\":\"\",\"f_header_font_weight\":\"\",\"f_header_font_transform\":\"\",\"f_header_font_spacing\":\"\",\"f_header_\":\"\",\"f_ajax_font_title\":\"Ajax categories\",\"f_ajax_font_settings\":\"\",\"f_ajax_font_family\":\"\",\"f_ajax_font_size\":\"\",\"f_ajax_font_line_height\":\"\",\"f_ajax_font_style\":\"\",\"f_ajax_font_weight\":\"\",\"f_ajax_font_transform\":\"\",\"f_ajax_font_spacing\":\"\",\"f_ajax_\":\"\",\"f_more_font_title\":\"Load more button\",\"f_more_font_settings\":\"\",\"f_more_font_family\":\"\",\"f_more_font_size\":\"\",\"f_more_font_line_height\":\"\",\"f_more_font_style\":\"\",\"f_more_font_weight\":\"\",\"f_more_font_transform\":\"\",\"f_more_font_spacing\":\"\",\"f_more_\":\"\",\"m1f_title_font_header\":\"\",\"m1f_title_font_title\":\"Article title\",\"m1f_title_font_settings\":\"\",\"m1f_title_font_family\":\"\",\"m1f_title_font_line_height\":\"\",\"m1f_title_font_style\":\"\",\"m1f_title_font_transform\":\"\",\"m1f_title_font_spacing\":\"\",\"m1f_title_\":\"\",\"m1f_cat_font_title\":\"Article category tag\",\"m1f_cat_font_settings\":\"\",\"m1f_cat_font_family\":\"\",\"m1f_cat_font_size\":\"\",\"m1f_cat_font_line_height\":\"\",\"m1f_cat_font_style\":\"\",\"m1f_cat_font_weight\":\"\",\"m1f_cat_font_transform\":\"\",\"m1f_cat_font_spacing\":\"\",\"m1f_cat_\":\"\",\"m1f_meta_font_title\":\"Article meta info\",\"m1f_meta_font_settings\":\"\",\"m1f_meta_font_family\":\"\",\"m1f_meta_font_size\":\"\",\"m1f_meta_font_line_height\":\"\",\"m1f_meta_font_style\":\"\",\"m1f_meta_font_weight\":\"\",\"m1f_meta_font_transform\":\"\",\"m1f_meta_font_spacing\":\"\",\"m1f_meta_\":\"\",\"ajax_pagination\":\"\",\"ajax_pagination_next_prev_swipe\":\"\",\"ajax_pagination_infinite_stop\":\"\",\"css\":\"\",\"td_column_number\":3,\"header_color\":\"\",\"color_preset\":\"\",\"border_top\":\"\",\"class\":\"tdi_59\",\"tdc_css_class\":\"tdi_59\",\"tdc_css_class_style\":\"tdi_59_rand_style\"}';\nblock_tdi_59.td_column_number = \"3\";\nblock_tdi_59.block_type = \"td_block_3\";\nblock_tdi_59.post_count = \"1\";\nblock_tdi_59.found_posts = \"2621\";\nblock_tdi_59.header_color = \"\";\nblock_tdi_59.ajax_pagination_infinite_stop = \"\";\nblock_tdi_59.max_num_pages = \"2621\";\ntdBlocksArray.push(block_tdi_59);\n<\/script><div class=\"td-block-title-wrap\"><h4 class=\"block-title td-block-title\"><span class=\"td-pulldown-size\">ACTUALIDAD<\/span><\/h4><\/div><div id=tdi_59 class=\"td_block_inner\">\n\n\t<div class=\"td-block-row\">\n\n\t<div class=\"td-block-span4\">\n\r\n        <div class=\"td_module_1 td_module_wrap td-animation-stack td-meta-info-hide\">\r\n            <div class=\"td-module-image\">\r\n                <div class=\"td-module-thumb\"><a href=\"https:\/\/www.psc-psoe.es\/index.php\/2026\/04\/28\/daniel-fernandez-exige-transparencia-a-gema-igual-santander-no-puede-estar-vallada-y-precintada-sin-motivos\/\"  rel=\"bookmark\" class=\"td-image-wrap \" title=\"Daniel Fern\u00e1ndez exige transparencia a Gema Igual: \u201cSantander no puede estar vallada y precintada sin motivos\u201d\" ><img loading=\"lazy\" decoding=\"async\" class=\"entry-thumb\" src=\"data:image\/png;base64,iVBORw0KGgoAAAANSUhEUgAAAUQAAACgAQMAAABOhoelAAAAA1BMVEWurq51dlI4AAAAAXRSTlMmkutdmwAAAB1JREFUWMPtwTEBAAAAwiD7p\/ZdCGAAAAAAAAAQBxpAAAH8le3bAAAAAElFTkSuQmCC\" alt=\"\" title=\"Daniel Fern\u00e1ndez exige transparencia a Gema Igual: \u201cSantander no puede estar vallada y precintada sin motivos\u201d\" data-type=\"image_tag\" data-img-url=\"https:\/\/www.psc-psoe.es\/wp-content\/uploads\/2026\/04\/Daniel-Fernandez-Rueda-de-prensa-324x160.jpg\"  width=\"324\" height=\"160\" \/><\/a><\/div>                            <\/div>\r\n            <h3 class=\"entry-title td-module-title\"><a href=\"https:\/\/www.psc-psoe.es\/index.php\/2026\/04\/28\/daniel-fernandez-exige-transparencia-a-gema-igual-santander-no-puede-estar-vallada-y-precintada-sin-motivos\/\"  rel=\"bookmark\" title=\"Daniel Fern\u00e1ndez exige transparencia a Gema Igual: \u201cSantander no puede estar vallada y precintada sin motivos\u201d\">Daniel Fern\u00e1ndez exige transparencia a Gema Igual: \u201cSantander no puede estar vallada y precintada sin motivos\u201d<\/a><\/h3>\r\n            <div class=\"td-module-meta-info\">\r\n                                                            <\/div>\r\n\r\n            \r\n        <\/div>\r\n\r\n        \n\t<\/div> <!-- .\/td-block-span4 --><\/div><!--.\/row-fluid--><\/div><\/div> <!-- .\/block --><\/div><\/div><\/div><\/div><div id=\"tdi_60\" class=\"tdc-row\"><div class=\"vc_row tdi_61  wpb_row td-pb-row\" >\n<style scoped>\n\/* custom css - generated by TagDiv Composer *\/\n\n\/* custom css - generated by TagDiv Composer *\/\n\/* custom css - generated by TagDiv Composer *\/\n.tdi_61,\r\n                .tdi_61 .tdc-columns{\r\n                    min-height: 0;\r\n                }.tdi_61,\r\n\t\t\t\t.tdi_61 .tdc-columns{\r\n\t\t\t\t    display: block;\r\n\t\t\t\t}.tdi_61 .tdc-columns{\r\n\t\t\t\t    width: 100%;\r\n\t\t\t\t}\n<\/style><div class=\"vc_column tdi_63  wpb_column vc_column_container tdc-column td-pb-span8\">\n<style scoped>\n\/* custom css - generated by TagDiv Composer *\/\n\n\/* custom css - generated by TagDiv Composer *\/\n\/* custom css - generated by TagDiv Composer *\/\n.tdi_63{\r\n                    vertical-align: baseline;\r\n                }.tdi_63 > .wpb_wrapper,\r\n\t\t\t\t.tdi_63 > .wpb_wrapper > .tdc-elements{\r\n\t\t\t\t    display: block;\r\n\t\t\t\t}.tdi_63 > .wpb_wrapper > .tdc-elements{\r\n\t\t\t\t    width: 100%;\r\n\t\t\t\t}.tdi_63 > .wpb_wrapper > .vc_row_inner{\r\n\t\t\t\t    width: auto;\r\n\t\t\t\t}.tdi_63 > .wpb_wrapper{\r\n\t\t\t\t    width: auto;\r\n\t\t\t\t    height: auto;\r\n\t\t\t\t}\n<\/style><div class=\"wpb_wrapper\" ><div class=\"td_block_wrap td_block_16 tdi_64 td_with_ajax_pagination td-pb-border-top td_block_template_1 td_ajax_preloading_preload td-column-2 td_block_padding\"  data-td-block-uid=\"tdi_64\" >\n<style>\n\/* custom css - generated by TagDiv Composer *\/\n.td-block-title-wrap .td-wrapper-pulldown-filter {\r\n                    font-family: 'Roboto', sans-serif;\r\n                    position: absolute;\r\n                    bottom: 0;\r\n                    right: 0;\r\n                    top: 0;\r\n                    margin: auto 0;\r\n                    z-index: 2;\r\n                    background-color: #fff;\r\n                    font-size: 13px;\r\n                    line-height: 1;\r\n                    color: #777;\r\n                    text-align: right;\r\n                }\r\n                .td-block-title-wrap .td-wrapper-pulldown-filter .td-pulldown-filter-display-option {\r\n                    cursor: pointer;\r\n                    white-space: nowrap;\r\n                    position: relative;\r\n                    line-height: 29px;\r\n                }\r\n                .td-block-title-wrap .td-wrapper-pulldown-filter .td-pulldown-filter-display-option i {\r\n                    font-size: 9px;\r\n                    color: #777;\r\n                    margin-left: 20px;\r\n                    margin-right: 10px;\r\n                }\r\n                .td-block-title-wrap .td-wrapper-pulldown-filter .td-pulldown-filter-display-option i:before {\r\n                    content: '\\e83d';\r\n                }\r\n                .td-block-title-wrap .td-wrapper-pulldown-filter .td-pulldown-filter-display-option span {\r\n                    padding-left: 20px;\r\n                    margin-right: -14px;\r\n                }\r\n                @media (max-width: 360px) {\r\n                    .td-block-title-wrap .td-wrapper-pulldown-filter .td-pulldown-filter-display-option span {\r\n                        display: none;\r\n                    }\r\n                }\r\n                .td-block-title-wrap .td-pulldown-filter-display-option:hover,\r\n                .td-block-title-wrap .td-pulldown-filter-display-option:hover i {\r\n                    color: #4db2ec;\r\n                }\r\n                .td-block-title-wrap .td-wrapper-pulldown-filter .td-pulldown-filter-display-option:hover ul {\r\n                    display: block;\r\n                }\r\n                .td-block-title-wrap .td-wrapper-pulldown-filter .td-pulldown-filter-list {\r\n                    list-style: none;\r\n                    position: absolute;\r\n                    right: 0;\r\n                    top: 100%;\r\n                    padding: 18px 0;\r\n                    background-color: rgb(255, 255, 255);\r\n                    background-color: rgba(255, 255, 255, 0.95);\r\n                    z-index: 999;\r\n                    border-width: 1px;\r\n                    border-color: #ededed;\r\n                    border-style: solid;\r\n                    display: none;\r\n                    margin: 0;\r\n                }\r\n                .td-block-title-wrap .td-wrapper-pulldown-filter .td-pulldown-filter-item {\r\n                    list-style: none;\r\n                    margin: 0;\r\n                }\r\n                .td-block-title-wrap .td-pulldown-filter-item .td-cur-simple-item {\r\n                    color: #4db2ec;\r\n                }\r\n                .td-block-title-wrap .td-wrapper-pulldown-filter .td-pulldown-more {\r\n                    padding-bottom: 10px;\r\n                }\r\n                .td-block-title-wrap .td-wrapper-pulldown-filter .td-pulldown-more:before {\r\n                    content: '';\r\n                    width: 70px;\r\n                    height: 100%;\r\n                    position: absolute;\r\n                    margin-top: 2px;\r\n                    top: 0;\r\n                    right: 0;\r\n                    z-index: 1;\r\n                    opacity: 0;\r\n                }\r\n                .td-block-title-wrap .td-wrapper-pulldown-filter .td-pulldown-filter-link {\r\n                    color: #777;\r\n                    white-space: nowrap;\r\n                    display: block;\r\n                    line-height: 26px;\r\n                    padding-left: 36px;\r\n                    padding-right: 27px;\r\n                }\r\n                .td-block-title-wrap .td-pulldown-filter-link:hover {\r\n                    color: #4db2ec;\r\n                }\r\n                @media (min-width: 768px) and (max-width: 1018px) {\r\n                    .td-pb-span4 .td-block-title-wrap .td-wrapper-pulldown-filter .td-pulldown-filter-display-option span {\r\n                        display: none;\r\n                    }\r\n                    .td-pb-span4 .td-block-title-wrap .td-wrapper-pulldown-filter .td-pulldown-filter-link {\r\n                        padding-left: 24px;\r\n                        padding-right: 20px !important;\r\n                    }\r\n                }\r\n                \r\n                \r\n            .td-theme-wrap .tdi_64 .block-title > * {\r\n                color: #ffffff;\r\n            }\n<\/style>\n<style>\n\/* custom css - generated by TagDiv Composer *\/\n\/* custom css - generated by TagDiv Composer *\/\n\n<\/style><script>var block_tdi_64 = new tdBlock();\nblock_tdi_64.id = \"tdi_64\";\nblock_tdi_64.atts = '{\"block_template_id\":\"\",\"category_id\":\"6\",\"td_ajax_filter_type\":\"td_category_ids_filter\",\"limit\":\"9\",\"header_text_color\":\"#ffffff\",\"td_filter_default_txt\":\"\",\"mx4_tl\":\"20\",\"mx4f_title_font_size\":\"16\",\"mx4f_title_font_family\":\"521\",\"td_ajax_filter_ids\":\"55, 39, 40, 33, 37, 34, 41, 36, 22, 38, 35, 39\",\"custom_title\":\"AGRUPACIONES\",\"td_ajax_preloading\":\"preload\",\"sort\":\"\",\"ajax_pagination\":\"load_more\",\"tdc_css\":\"eyJhbGwiOnsiZGlzcGxheSI6IiJ9fQ==\",\"block_type\":\"td_block_16\",\"separator\":\"\",\"custom_url\":\"\",\"mx7_tl\":\"\",\"mx7_el\":\"\",\"m6_tl\":\"\",\"post_ids\":\"\",\"taxonomies\":\"\",\"category_ids\":\"\",\"in_all_terms\":\"\",\"tag_slug\":\"\",\"autors_id\":\"\",\"installed_post_types\":\"\",\"include_cf_posts\":\"\",\"exclude_cf_posts\":\"\",\"linked_posts\":\"\",\"favourite_only\":\"\",\"offset\":\"\",\"open_in_new_window\":\"\",\"show_modified_date\":\"\",\"time_ago\":\"\",\"time_ago_add_txt\":\"ago\",\"time_ago_txt_pos\":\"\",\"review_source\":\"\",\"el_class\":\"\",\"f_header_font_header\":\"\",\"f_header_font_title\":\"Block header\",\"f_header_font_settings\":\"\",\"f_header_font_family\":\"\",\"f_header_font_size\":\"\",\"f_header_font_line_height\":\"\",\"f_header_font_style\":\"\",\"f_header_font_weight\":\"\",\"f_header_font_transform\":\"\",\"f_header_font_spacing\":\"\",\"f_header_\":\"\",\"f_ajax_font_title\":\"Ajax categories\",\"f_ajax_font_settings\":\"\",\"f_ajax_font_family\":\"\",\"f_ajax_font_size\":\"\",\"f_ajax_font_line_height\":\"\",\"f_ajax_font_style\":\"\",\"f_ajax_font_weight\":\"\",\"f_ajax_font_transform\":\"\",\"f_ajax_font_spacing\":\"\",\"f_ajax_\":\"\",\"f_more_font_title\":\"Load more button\",\"f_more_font_settings\":\"\",\"f_more_font_family\":\"\",\"f_more_font_size\":\"\",\"f_more_font_line_height\":\"\",\"f_more_font_style\":\"\",\"f_more_font_weight\":\"\",\"f_more_font_transform\":\"\",\"f_more_font_spacing\":\"\",\"f_more_\":\"\",\"mx7f_title_font_header\":\"\",\"mx7f_title_font_title\":\"Article title\",\"mx7f_title_font_settings\":\"\",\"mx7f_title_font_family\":\"\",\"mx7f_title_font_size\":\"\",\"mx7f_title_font_line_height\":\"\",\"mx7f_title_font_style\":\"\",\"mx7f_title_font_weight\":\"\",\"mx7f_title_font_transform\":\"\",\"mx7f_title_font_spacing\":\"\",\"mx7f_title_\":\"\",\"mx7f_cat_font_title\":\"Article category tag\",\"mx7f_cat_font_settings\":\"\",\"mx7f_cat_font_family\":\"\",\"mx7f_cat_font_size\":\"\",\"mx7f_cat_font_line_height\":\"\",\"mx7f_cat_font_style\":\"\",\"mx7f_cat_font_weight\":\"\",\"mx7f_cat_font_transform\":\"\",\"mx7f_cat_font_spacing\":\"\",\"mx7f_cat_\":\"\",\"mx7f_meta_font_title\":\"Article meta info\",\"mx7f_meta_font_settings\":\"\",\"mx7f_meta_font_family\":\"\",\"mx7f_meta_font_size\":\"\",\"mx7f_meta_font_line_height\":\"\",\"mx7f_meta_font_style\":\"\",\"mx7f_meta_font_weight\":\"\",\"mx7f_meta_font_transform\":\"\",\"mx7f_meta_font_spacing\":\"\",\"mx7f_meta_\":\"\",\"mx7f_ex_font_title\":\"Article excerpt\",\"mx7f_ex_font_settings\":\"\",\"mx7f_ex_font_family\":\"\",\"mx7f_ex_font_size\":\"\",\"mx7f_ex_font_line_height\":\"\",\"mx7f_ex_font_style\":\"\",\"mx7f_ex_font_weight\":\"\",\"mx7f_ex_font_transform\":\"\",\"mx7f_ex_font_spacing\":\"\",\"mx7f_ex_\":\"\",\"m6f_title_font_header\":\"\",\"m6f_title_font_title\":\"Article title\",\"m6f_title_font_settings\":\"\",\"m6f_title_font_family\":\"\",\"m6f_title_font_size\":\"\",\"m6f_title_font_line_height\":\"\",\"m6f_title_font_style\":\"\",\"m6f_title_font_weight\":\"\",\"m6f_title_font_transform\":\"\",\"m6f_title_font_spacing\":\"\",\"m6f_title_\":\"\",\"m6f_cat_font_title\":\"Article category tag\",\"m6f_cat_font_settings\":\"\",\"m6f_cat_font_family\":\"\",\"m6f_cat_font_size\":\"\",\"m6f_cat_font_line_height\":\"\",\"m6f_cat_font_style\":\"\",\"m6f_cat_font_weight\":\"\",\"m6f_cat_font_transform\":\"\",\"m6f_cat_font_spacing\":\"\",\"m6f_cat_\":\"\",\"m6f_meta_font_title\":\"Article meta info\",\"m6f_meta_font_settings\":\"\",\"m6f_meta_font_family\":\"\",\"m6f_meta_font_size\":\"\",\"m6f_meta_font_line_height\":\"\",\"m6f_meta_font_style\":\"\",\"m6f_meta_font_weight\":\"\",\"m6f_meta_font_transform\":\"\",\"m6f_meta_font_spacing\":\"\",\"m6f_meta_\":\"\",\"ajax_pagination_next_prev_swipe\":\"\",\"ajax_pagination_infinite_stop\":\"\",\"css\":\"\",\"td_column_number\":2,\"header_color\":\"\",\"color_preset\":\"\",\"border_top\":\"\",\"class\":\"tdi_64\",\"tdc_css_class\":\"tdi_64\",\"tdc_css_class_style\":\"tdi_64_rand_style\"}';\nblock_tdi_64.td_column_number = \"2\";\nblock_tdi_64.block_type = \"td_block_16\";\nblock_tdi_64.post_count = \"9\";\nblock_tdi_64.found_posts = \"895\";\nblock_tdi_64.header_color = \"\";\nblock_tdi_64.ajax_pagination_infinite_stop = \"\";\nblock_tdi_64.max_num_pages = \"100\";\ntdBlocksArray.push(block_tdi_64);\n<\/script>            <script>\r\n                var tmpObj = JSON.parse(JSON.stringify(block_tdi_64));\r\n                tmpObj.is_ajax_running = true;\r\n                var currentBlockObjSignature = JSON.stringify(tmpObj);\r\n                tdLocalCache.set(currentBlockObjSignature, JSON.stringify({\"td_data\":\"\\n\\n\\t<div class=\\\"td-block-row\\\">\\n\\n\\t<div class=\\\"td-block-span4\\\">\\n\\r\\n        <div class=\\\"td_module_mx7 td_module_wrap td-animation-stack td-meta-info-hide\\\">\\r\\n            <div class=\\\"td-module-image\\\">\\r\\n                <div class=\\\"td-module-thumb\\\"><a href=\\\"https:\\\/\\\/www.psc-psoe.es\\\/index.php\\\/2026\\\/04\\\/28\\\/daniel-fernandez-exige-transparencia-a-gema-igual-santander-no-puede-estar-vallada-y-precintada-sin-motivos\\\/\\\"  rel=\\\"bookmark\\\" class=\\\"td-image-wrap \\\" title=\\\"Daniel Fern\\u00e1ndez exige transparencia a Gema Igual: \\u201cSantander no puede estar vallada y precintada sin motivos\\u201d\\\" ><img width=\\\"218\\\" height=\\\"150\\\" class=\\\"entry-thumb\\\" src=\\\"https:\\\/\\\/www.psc-psoe.es\\\/wp-content\\\/uploads\\\/2026\\\/04\\\/Daniel-Fernandez-Rueda-de-prensa-218x150.jpg\\\"  srcset=\\\"https:\\\/\\\/www.psc-psoe.es\\\/wp-content\\\/uploads\\\/2026\\\/04\\\/Daniel-Fernandez-Rueda-de-prensa-218x150.jpg 218w, https:\\\/\\\/www.psc-psoe.es\\\/wp-content\\\/uploads\\\/2026\\\/04\\\/Daniel-Fernandez-Rueda-de-prensa-100x70.jpg 100w\\\" sizes=\\\"(max-width: 218px) 100vw, 218px\\\"  alt=\\\"\\\" title=\\\"Daniel Fern\\u00e1ndez exige transparencia a Gema Igual: \\u201cSantander no puede estar vallada y precintada sin motivos\\u201d\\\" \\\/><\\\/a><\\\/div>                            <\\\/div>\\r\\n\\r\\n            <div class=\\\"item-details\\\">\\r\\n                <h3 class=\\\"entry-title td-module-title\\\"><a href=\\\"https:\\\/\\\/www.psc-psoe.es\\\/index.php\\\/2026\\\/04\\\/28\\\/daniel-fernandez-exige-transparencia-a-gema-igual-santander-no-puede-estar-vallada-y-precintada-sin-motivos\\\/\\\"  rel=\\\"bookmark\\\" title=\\\"Daniel Fern\\u00e1ndez exige transparencia a Gema Igual: \\u201cSantander no puede estar vallada y precintada sin motivos\\u201d\\\">Daniel Fern\\u00e1ndez exige transparencia a Gema Igual: \\u201cSantander no puede estar vallada y precintada sin motivos\\u201d<\\\/a><\\\/h3>\\r\\n                <div class=\\\"td-module-meta-info\\\">\\r\\n                                                                            <\\\/div>\\r\\n\\r\\n                <div class=\\\"td-excerpt\\\">\\r\\n                    El PSOE Santander, a trav\\u00e9s de su secretario general y portavoz municipal, Daniel Fern\\u00e1ndez, ha...                <\\\/div>\\r\\n            <\\\/div>\\r\\n\\r\\n        <\\\/div>\\r\\n\\r\\n        \\n\\t<\\\/div> <!-- .\\\/td-block-span4 -->\\n\\n\\t<div class=\\\"td-block-span4\\\">\\n\\r\\n        <div class=\\\"td_module_mx7 td_module_wrap td-animation-stack td-meta-info-hide\\\">\\r\\n            <div class=\\\"td-module-image\\\">\\r\\n                <div class=\\\"td-module-thumb\\\"><a href=\\\"https:\\\/\\\/www.psc-psoe.es\\\/index.php\\\/2026\\\/04\\\/23\\\/el-psoe-denuncia-el-abandono-de-las-bibliotecas-municipales-santander-invierte-seis-veces-menos-en-libros-que-ciudades-similares\\\/\\\"  rel=\\\"bookmark\\\" class=\\\"td-image-wrap \\\" title=\\\"El PSOE denuncia el abandono de las bibliotecas municipales: Santander invierte seis veces menos en libros que ciudades similares\\\" ><img width=\\\"218\\\" height=\\\"150\\\" class=\\\"entry-thumb\\\" src=\\\"https:\\\/\\\/www.psc-psoe.es\\\/wp-content\\\/uploads\\\/2026\\\/04\\\/Daniel-Fernandez-PSOE-218x150.jpg\\\"  srcset=\\\"https:\\\/\\\/www.psc-psoe.es\\\/wp-content\\\/uploads\\\/2026\\\/04\\\/Daniel-Fernandez-PSOE-218x150.jpg 218w, https:\\\/\\\/www.psc-psoe.es\\\/wp-content\\\/uploads\\\/2026\\\/04\\\/Daniel-Fernandez-PSOE-100x70.jpg 100w\\\" sizes=\\\"(max-width: 218px) 100vw, 218px\\\"  alt=\\\"\\\" title=\\\"El PSOE denuncia el abandono de las bibliotecas municipales: Santander invierte seis veces menos en libros que ciudades similares\\\" \\\/><\\\/a><\\\/div>                            <\\\/div>\\r\\n\\r\\n            <div class=\\\"item-details\\\">\\r\\n                <h3 class=\\\"entry-title td-module-title\\\"><a href=\\\"https:\\\/\\\/www.psc-psoe.es\\\/index.php\\\/2026\\\/04\\\/23\\\/el-psoe-denuncia-el-abandono-de-las-bibliotecas-municipales-santander-invierte-seis-veces-menos-en-libros-que-ciudades-similares\\\/\\\"  rel=\\\"bookmark\\\" title=\\\"El PSOE denuncia el abandono de las bibliotecas municipales: Santander invierte seis veces menos en libros que ciudades similares\\\">El PSOE denuncia el abandono de las bibliotecas municipales: Santander invierte seis veces menos en libros que ciudades similares<\\\/a><\\\/h3>\\r\\n                <div class=\\\"td-module-meta-info\\\">\\r\\n                                                                            <\\\/div>\\r\\n\\r\\n                <div class=\\\"td-excerpt\\\">\\r\\n                    El secretario general y portavoz del PSOE en Santander, Daniel Fern\\u00e1ndez, ha denunciado este 23...                <\\\/div>\\r\\n            <\\\/div>\\r\\n\\r\\n        <\\\/div>\\r\\n\\r\\n        \\n\\t<\\\/div> <!-- .\\\/td-block-span4 -->\\n\\n\\t<div class=\\\"td-block-span4\\\">\\n\\r\\n        <div class=\\\"td_module_mx7 td_module_wrap td-animation-stack td-meta-info-hide\\\">\\r\\n            <div class=\\\"td-module-image\\\">\\r\\n                <div class=\\\"td-module-thumb\\\"><a href=\\\"https:\\\/\\\/www.psc-psoe.es\\\/index.php\\\/2026\\\/04\\\/22\\\/el-psoe-santander-exige-explicaciones-al-ayuntamiento-sobre-la-prevision-y-los-recursos-municipales-ante-el-proceso-de-regularizacion\\\/\\\"  rel=\\\"bookmark\\\" class=\\\"td-image-wrap \\\" title=\\\"El PSOE Santander exige explicaciones al Ayuntamiento sobre la previsi\\u00f3n y los recursos municipales ante el proceso de regularizaci\\u00f3n\\\" ><img width=\\\"218\\\" height=\\\"150\\\" class=\\\"entry-thumb\\\" src=\\\"https:\\\/\\\/www.psc-psoe.es\\\/wp-content\\\/uploads\\\/2026\\\/04\\\/Daniel-Fernandez-218x150.jpg\\\"  srcset=\\\"https:\\\/\\\/www.psc-psoe.es\\\/wp-content\\\/uploads\\\/2026\\\/04\\\/Daniel-Fernandez-218x150.jpg 218w, https:\\\/\\\/www.psc-psoe.es\\\/wp-content\\\/uploads\\\/2026\\\/04\\\/Daniel-Fernandez-100x70.jpg 100w\\\" sizes=\\\"(max-width: 218px) 100vw, 218px\\\"  alt=\\\"\\\" title=\\\"El PSOE Santander exige explicaciones al Ayuntamiento sobre la previsi\\u00f3n y los recursos municipales ante el proceso de regularizaci\\u00f3n\\\" \\\/><\\\/a><\\\/div>                            <\\\/div>\\r\\n\\r\\n            <div class=\\\"item-details\\\">\\r\\n                <h3 class=\\\"entry-title td-module-title\\\"><a href=\\\"https:\\\/\\\/www.psc-psoe.es\\\/index.php\\\/2026\\\/04\\\/22\\\/el-psoe-santander-exige-explicaciones-al-ayuntamiento-sobre-la-prevision-y-los-recursos-municipales-ante-el-proceso-de-regularizacion\\\/\\\"  rel=\\\"bookmark\\\" title=\\\"El PSOE Santander exige explicaciones al Ayuntamiento sobre la previsi\\u00f3n y los recursos municipales ante el proceso de regularizaci\\u00f3n\\\">El PSOE Santander exige explicaciones al Ayuntamiento sobre la previsi\\u00f3n y los recursos municipales ante el proceso de regularizaci\\u00f3n<\\\/a><\\\/h3>\\r\\n                <div class=\\\"td-module-meta-info\\\">\\r\\n                                                                            <\\\/div>\\r\\n\\r\\n                <div class=\\\"td-excerpt\\\">\\r\\n                    El PSOE Santander ha registrado una bater\\u00eda de preguntas en el Ayuntamiento para conocer la...                <\\\/div>\\r\\n            <\\\/div>\\r\\n\\r\\n        <\\\/div>\\r\\n\\r\\n        \\n\\t<\\\/div> <!-- .\\\/td-block-span4 --><\\\/div><!--.\\\/row-fluid-->\\n\\n\\t<div class=\\\"td-block-row\\\">\\n\\n\\t<div class=\\\"td-block-span4\\\">\\n\\r\\n        <div class=\\\"td_module_mx7 td_module_wrap td-animation-stack td-meta-info-hide\\\">\\r\\n            <div class=\\\"td-module-image\\\">\\r\\n                <div class=\\\"td-module-thumb\\\"><a href=\\\"https:\\\/\\\/www.psc-psoe.es\\\/index.php\\\/2026\\\/04\\\/21\\\/el-psoe-de-santona-pide-al-ayuntamiento-que-inste-al-gobierno-de-cantabria-a-proceder-de-manera-urgente-e-inmediata-a-llevar-a-cabo-el-dragado-del-puerto\\\/\\\"  rel=\\\"bookmark\\\" class=\\\"td-image-wrap \\\" title=\\\"El PSOE de Santo\\u00f1a pide al Ayuntamiento que inste al Gobierno de Cantabria a proceder de manera urgente e inmediata a llevar a cabo el dragado del Puerto\\\" ><img width=\\\"218\\\" height=\\\"150\\\" class=\\\"entry-thumb\\\" src=\\\"https:\\\/\\\/www.psc-psoe.es\\\/wp-content\\\/uploads\\\/2025\\\/08\\\/Carmen-Gonzalez-Caballero-2-218x150.jpg\\\"  srcset=\\\"https:\\\/\\\/www.psc-psoe.es\\\/wp-content\\\/uploads\\\/2025\\\/08\\\/Carmen-Gonzalez-Caballero-2-218x150.jpg 218w, https:\\\/\\\/www.psc-psoe.es\\\/wp-content\\\/uploads\\\/2025\\\/08\\\/Carmen-Gonzalez-Caballero-2-100x70.jpg 100w\\\" sizes=\\\"(max-width: 218px) 100vw, 218px\\\"  alt=\\\"\\\" title=\\\"El PSOE de Santo\\u00f1a pide al Ayuntamiento que inste al Gobierno de Cantabria a proceder de manera urgente e inmediata a llevar a cabo el dragado del Puerto\\\" \\\/><\\\/a><\\\/div>                            <\\\/div>\\r\\n\\r\\n            <div class=\\\"item-details\\\">\\r\\n                <h3 class=\\\"entry-title td-module-title\\\"><a href=\\\"https:\\\/\\\/www.psc-psoe.es\\\/index.php\\\/2026\\\/04\\\/21\\\/el-psoe-de-santona-pide-al-ayuntamiento-que-inste-al-gobierno-de-cantabria-a-proceder-de-manera-urgente-e-inmediata-a-llevar-a-cabo-el-dragado-del-puerto\\\/\\\"  rel=\\\"bookmark\\\" title=\\\"El PSOE de Santo\\u00f1a pide al Ayuntamiento que inste al Gobierno de Cantabria a proceder de manera urgente e inmediata a llevar a cabo el dragado del Puerto\\\">El PSOE de Santo\\u00f1a pide al Ayuntamiento que inste al Gobierno de Cantabria a proceder de manera urgente e inmediata a llevar a cabo...<\\\/a><\\\/h3>\\r\\n                <div class=\\\"td-module-meta-info\\\">\\r\\n                                                                            <\\\/div>\\r\\n\\r\\n                <div class=\\\"td-excerpt\\\">\\r\\n                    El PSOE de Santo\\u00f1a ha pedido al Ayuntamiento que inste al Gobierno de Cantabria a...                <\\\/div>\\r\\n            <\\\/div>\\r\\n\\r\\n        <\\\/div>\\r\\n\\r\\n        \\n\\t<\\\/div> <!-- .\\\/td-block-span4 -->\\n\\n\\t<div class=\\\"td-block-span4\\\">\\n\\r\\n        <div class=\\\"td_module_mx7 td_module_wrap td-animation-stack td-meta-info-hide\\\">\\r\\n            <div class=\\\"td-module-image\\\">\\r\\n                <div class=\\\"td-module-thumb\\\"><a href=\\\"https:\\\/\\\/www.psc-psoe.es\\\/index.php\\\/2026\\\/04\\\/20\\\/daniel-fernandez-reclama-medidas-santander-no-puede-seguir-siendo-una-ciudad-sin-ley-en-la-recogida-de-heces-caninas\\\/\\\"  rel=\\\"bookmark\\\" class=\\\"td-image-wrap \\\" title=\\\"Daniel Fern\\u00e1ndez reclama medidas: \\u2018Santander no puede seguir siendo una ciudad sin ley en la recogida de heces caninas\\u2019\\\" ><img width=\\\"218\\\" height=\\\"150\\\" class=\\\"entry-thumb\\\" src=\\\"https:\\\/\\\/www.psc-psoe.es\\\/wp-content\\\/uploads\\\/2026\\\/03\\\/PHOTO-2026-03-14-13-27-26-218x150.jpg\\\"  srcset=\\\"https:\\\/\\\/www.psc-psoe.es\\\/wp-content\\\/uploads\\\/2026\\\/03\\\/PHOTO-2026-03-14-13-27-26-218x150.jpg 218w, https:\\\/\\\/www.psc-psoe.es\\\/wp-content\\\/uploads\\\/2026\\\/03\\\/PHOTO-2026-03-14-13-27-26-100x70.jpg 100w\\\" sizes=\\\"(max-width: 218px) 100vw, 218px\\\"  alt=\\\"\\\" title=\\\"Daniel Fern\\u00e1ndez reclama medidas: \\u2018Santander no puede seguir siendo una ciudad sin ley en la recogida de heces caninas\\u2019\\\" \\\/><\\\/a><\\\/div>                            <\\\/div>\\r\\n\\r\\n            <div class=\\\"item-details\\\">\\r\\n                <h3 class=\\\"entry-title td-module-title\\\"><a href=\\\"https:\\\/\\\/www.psc-psoe.es\\\/index.php\\\/2026\\\/04\\\/20\\\/daniel-fernandez-reclama-medidas-santander-no-puede-seguir-siendo-una-ciudad-sin-ley-en-la-recogida-de-heces-caninas\\\/\\\"  rel=\\\"bookmark\\\" title=\\\"Daniel Fern\\u00e1ndez reclama medidas: \\u2018Santander no puede seguir siendo una ciudad sin ley en la recogida de heces caninas\\u2019\\\">Daniel Fern\\u00e1ndez reclama medidas: \\u2018Santander no puede seguir siendo una ciudad sin ley en la recogida de heces caninas\\u2019<\\\/a><\\\/h3>\\r\\n                <div class=\\\"td-module-meta-info\\\">\\r\\n                                                                            <\\\/div>\\r\\n\\r\\n                <div class=\\\"td-excerpt\\\">\\r\\n                    El PSOE de Santander, a trav\\u00e9s de su secretario general y portavoz municipal, Daniel Fern\\u00e1ndez,...                <\\\/div>\\r\\n            <\\\/div>\\r\\n\\r\\n        <\\\/div>\\r\\n\\r\\n        \\n\\t<\\\/div> <!-- .\\\/td-block-span4 -->\\n\\n\\t<div class=\\\"td-block-span4\\\">\\n\\r\\n        <div class=\\\"td_module_mx7 td_module_wrap td-animation-stack td-meta-info-hide\\\">\\r\\n            <div class=\\\"td-module-image\\\">\\r\\n                <div class=\\\"td-module-thumb\\\"><a href=\\\"https:\\\/\\\/www.psc-psoe.es\\\/index.php\\\/2026\\\/04\\\/18\\\/el-psoe-de-polanco-lleva-al-parlamento-de-cantabria-una-quincena-de-enmiendas-para-mejorar-el-dia-a-dia-de-los-vecinos\\\/\\\"  rel=\\\"bookmark\\\" class=\\\"td-image-wrap \\\" title=\\\"El PSOE de Polanco lleva al Parlamento de Cantabria una quincena de enmiendas \\u201cpara mejorar el d\\u00eda a d\\u00eda de los vecinos\\u201d\\\" ><img width=\\\"218\\\" height=\\\"150\\\" class=\\\"entry-thumb\\\" src=\\\"https:\\\/\\\/www.psc-psoe.es\\\/wp-content\\\/uploads\\\/2026\\\/04\\\/Ruben-Garcia-218x150.jpg\\\"  srcset=\\\"https:\\\/\\\/www.psc-psoe.es\\\/wp-content\\\/uploads\\\/2026\\\/04\\\/Ruben-Garcia-218x150.jpg 218w, https:\\\/\\\/www.psc-psoe.es\\\/wp-content\\\/uploads\\\/2026\\\/04\\\/Ruben-Garcia-100x70.jpg 100w\\\" sizes=\\\"(max-width: 218px) 100vw, 218px\\\"  alt=\\\"\\\" title=\\\"El PSOE de Polanco lleva al Parlamento de Cantabria una quincena de enmiendas \\u201cpara mejorar el d\\u00eda a d\\u00eda de los vecinos\\u201d\\\" \\\/><\\\/a><\\\/div>                            <\\\/div>\\r\\n\\r\\n            <div class=\\\"item-details\\\">\\r\\n                <h3 class=\\\"entry-title td-module-title\\\"><a href=\\\"https:\\\/\\\/www.psc-psoe.es\\\/index.php\\\/2026\\\/04\\\/18\\\/el-psoe-de-polanco-lleva-al-parlamento-de-cantabria-una-quincena-de-enmiendas-para-mejorar-el-dia-a-dia-de-los-vecinos\\\/\\\"  rel=\\\"bookmark\\\" title=\\\"El PSOE de Polanco lleva al Parlamento de Cantabria una quincena de enmiendas \\u201cpara mejorar el d\\u00eda a d\\u00eda de los vecinos\\u201d\\\">El PSOE de Polanco lleva al Parlamento de Cantabria una quincena de enmiendas \\u201cpara mejorar el d\\u00eda a d\\u00eda de los vecinos\\u201d<\\\/a><\\\/h3>\\r\\n                <div class=\\\"td-module-meta-info\\\">\\r\\n                                                                            <\\\/div>\\r\\n\\r\\n                <div class=\\\"td-excerpt\\\">\\r\\n                    El PSOE de Polanco ha trasladado al Grupo Parlamentario Socialista del Parlamento de Cantabria un...                <\\\/div>\\r\\n            <\\\/div>\\r\\n\\r\\n        <\\\/div>\\r\\n\\r\\n        \\n\\t<\\\/div> <!-- .\\\/td-block-span4 --><\\\/div><!--.\\\/row-fluid-->\\n\\n\\t<div class=\\\"td-block-row\\\">\\n\\n\\t<div class=\\\"td-block-span4\\\">\\n\\r\\n        <div class=\\\"td_module_mx7 td_module_wrap td-animation-stack td-meta-info-hide\\\">\\r\\n            <div class=\\\"td-module-image\\\">\\r\\n                <div class=\\\"td-module-thumb\\\"><a href=\\\"https:\\\/\\\/www.psc-psoe.es\\\/index.php\\\/2026\\\/04\\\/16\\\/el-psoe-de-potes-rechaza-que-el-ayuntamiento-participe-en-la-compra-de-una-parcela-en-cillorigo-para-instalaciones-deportivas-que-ya-tiene-el-municipio\\\/\\\"  rel=\\\"bookmark\\\" class=\\\"td-image-wrap \\\" title=\\\"El PSOE de Potes rechaza que el Ayuntamiento participe en la compra de una parcela en Cillorigo para instalaciones deportivas \\u201cque ya tiene el municipio\\\" ><img width=\\\"218\\\" height=\\\"150\\\" class=\\\"entry-thumb\\\" src=\\\"https:\\\/\\\/www.psc-psoe.es\\\/wp-content\\\/uploads\\\/2026\\\/04\\\/54959142804_7232230049_c-218x150.jpg\\\"  srcset=\\\"https:\\\/\\\/www.psc-psoe.es\\\/wp-content\\\/uploads\\\/2026\\\/04\\\/54959142804_7232230049_c-218x150.jpg 218w, https:\\\/\\\/www.psc-psoe.es\\\/wp-content\\\/uploads\\\/2026\\\/04\\\/54959142804_7232230049_c-100x70.jpg 100w\\\" sizes=\\\"(max-width: 218px) 100vw, 218px\\\"  alt=\\\"\\\" title=\\\"El PSOE de Potes rechaza que el Ayuntamiento participe en la compra de una parcela en Cillorigo para instalaciones deportivas \\u201cque ya tiene el municipio\\\" \\\/><\\\/a><\\\/div>                            <\\\/div>\\r\\n\\r\\n            <div class=\\\"item-details\\\">\\r\\n                <h3 class=\\\"entry-title td-module-title\\\"><a href=\\\"https:\\\/\\\/www.psc-psoe.es\\\/index.php\\\/2026\\\/04\\\/16\\\/el-psoe-de-potes-rechaza-que-el-ayuntamiento-participe-en-la-compra-de-una-parcela-en-cillorigo-para-instalaciones-deportivas-que-ya-tiene-el-municipio\\\/\\\"  rel=\\\"bookmark\\\" title=\\\"El PSOE de Potes rechaza que el Ayuntamiento participe en la compra de una parcela en Cillorigo para instalaciones deportivas \\u201cque ya tiene el municipio\\\">El PSOE de Potes rechaza que el Ayuntamiento participe en la compra de una parcela en Cillorigo para instalaciones deportivas \\u201cque ya tiene el...<\\\/a><\\\/h3>\\r\\n                <div class=\\\"td-module-meta-info\\\">\\r\\n                                                                            <\\\/div>\\r\\n\\r\\n                <div class=\\\"td-excerpt\\\">\\r\\n                    El PSOE de Potes ha rechazado que el Ayuntamiento participe en la compra de una...                <\\\/div>\\r\\n            <\\\/div>\\r\\n\\r\\n        <\\\/div>\\r\\n\\r\\n        \\n\\t<\\\/div> <!-- .\\\/td-block-span4 -->\\n\\n\\t<div class=\\\"td-block-span4\\\">\\n\\r\\n        <div class=\\\"td_module_mx7 td_module_wrap td-animation-stack td-meta-info-hide\\\">\\r\\n            <div class=\\\"td-module-image\\\">\\r\\n                <div class=\\\"td-module-thumb\\\"><a href=\\\"https:\\\/\\\/www.psc-psoe.es\\\/index.php\\\/2026\\\/04\\\/10\\\/el-psoe-santander-reclama-una-respuesta-urgente-y-apoyo-institucional-para-recuperar-el-consultorio-de-cueto\\\/\\\"  rel=\\\"bookmark\\\" class=\\\"td-image-wrap \\\" title=\\\"El PSOE Santander reclama una respuesta urgente y apoyo institucional para recuperar el consultorio de Cueto\\\" ><img width=\\\"218\\\" height=\\\"150\\\" class=\\\"entry-thumb\\\" src=\\\"https:\\\/\\\/www.psc-psoe.es\\\/wp-content\\\/uploads\\\/2026\\\/03\\\/PHOTO-2026-03-14-13-27-26-218x150.jpg\\\"  srcset=\\\"https:\\\/\\\/www.psc-psoe.es\\\/wp-content\\\/uploads\\\/2026\\\/03\\\/PHOTO-2026-03-14-13-27-26-218x150.jpg 218w, https:\\\/\\\/www.psc-psoe.es\\\/wp-content\\\/uploads\\\/2026\\\/03\\\/PHOTO-2026-03-14-13-27-26-100x70.jpg 100w\\\" sizes=\\\"(max-width: 218px) 100vw, 218px\\\"  alt=\\\"\\\" title=\\\"El PSOE Santander reclama una respuesta urgente y apoyo institucional para recuperar el consultorio de Cueto\\\" \\\/><\\\/a><\\\/div>                            <\\\/div>\\r\\n\\r\\n            <div class=\\\"item-details\\\">\\r\\n                <h3 class=\\\"entry-title td-module-title\\\"><a href=\\\"https:\\\/\\\/www.psc-psoe.es\\\/index.php\\\/2026\\\/04\\\/10\\\/el-psoe-santander-reclama-una-respuesta-urgente-y-apoyo-institucional-para-recuperar-el-consultorio-de-cueto\\\/\\\"  rel=\\\"bookmark\\\" title=\\\"El PSOE Santander reclama una respuesta urgente y apoyo institucional para recuperar el consultorio de Cueto\\\">El PSOE Santander reclama una respuesta urgente y apoyo institucional para recuperar el consultorio de Cueto<\\\/a><\\\/h3>\\r\\n                <div class=\\\"td-module-meta-info\\\">\\r\\n                                                                            <\\\/div>\\r\\n\\r\\n                <div class=\\\"td-excerpt\\\">\\r\\n                    El PSOE Santander ha registrado una moci\\u00f3n en el Ayuntamiento para reclamar una respuesta urgente...                <\\\/div>\\r\\n            <\\\/div>\\r\\n\\r\\n        <\\\/div>\\r\\n\\r\\n        \\n\\t<\\\/div> <!-- .\\\/td-block-span4 -->\\n\\n\\t<div class=\\\"td-block-span4\\\">\\n\\r\\n        <div class=\\\"td_module_mx7 td_module_wrap td-animation-stack td-meta-info-hide\\\">\\r\\n            <div class=\\\"td-module-image\\\">\\r\\n                <div class=\\\"td-module-thumb\\\"><a href=\\\"https:\\\/\\\/www.psc-psoe.es\\\/index.php\\\/2026\\\/04\\\/06\\\/el-psoe-exige-explicaciones-por-el-precintado-de-terrazas-mientras-la-ordenanza-sigue-sin-aprobarse\\\/\\\"  rel=\\\"bookmark\\\" class=\\\"td-image-wrap \\\" title=\\\"El PSOE exige explicaciones por el precintado de terrazas mientras la ordenanza sigue sin aprobarse\\\" ><img width=\\\"218\\\" height=\\\"150\\\" class=\\\"entry-thumb\\\" src=\\\"https:\\\/\\\/www.psc-psoe.es\\\/wp-content\\\/uploads\\\/2026\\\/03\\\/PHOTO-2026-03-14-13-27-26-218x150.jpg\\\"  srcset=\\\"https:\\\/\\\/www.psc-psoe.es\\\/wp-content\\\/uploads\\\/2026\\\/03\\\/PHOTO-2026-03-14-13-27-26-218x150.jpg 218w, https:\\\/\\\/www.psc-psoe.es\\\/wp-content\\\/uploads\\\/2026\\\/03\\\/PHOTO-2026-03-14-13-27-26-100x70.jpg 100w\\\" sizes=\\\"(max-width: 218px) 100vw, 218px\\\"  alt=\\\"\\\" title=\\\"El PSOE exige explicaciones por el precintado de terrazas mientras la ordenanza sigue sin aprobarse\\\" \\\/><\\\/a><\\\/div>                            <\\\/div>\\r\\n\\r\\n            <div class=\\\"item-details\\\">\\r\\n                <h3 class=\\\"entry-title td-module-title\\\"><a href=\\\"https:\\\/\\\/www.psc-psoe.es\\\/index.php\\\/2026\\\/04\\\/06\\\/el-psoe-exige-explicaciones-por-el-precintado-de-terrazas-mientras-la-ordenanza-sigue-sin-aprobarse\\\/\\\"  rel=\\\"bookmark\\\" title=\\\"El PSOE exige explicaciones por el precintado de terrazas mientras la ordenanza sigue sin aprobarse\\\">El PSOE exige explicaciones por el precintado de terrazas mientras la ordenanza sigue sin aprobarse<\\\/a><\\\/h3>\\r\\n                <div class=\\\"td-module-meta-info\\\">\\r\\n                                                                            <\\\/div>\\r\\n\\r\\n                <div class=\\\"td-excerpt\\\">\\r\\n                    El portavoz y secretario general del PSOE de Santander,\\u00a0Daniel Fern\\u00e1ndez, ha denunciado el \\u201ccaos y...                <\\\/div>\\r\\n            <\\\/div>\\r\\n\\r\\n        <\\\/div>\\r\\n\\r\\n        \\n\\t<\\\/div> <!-- .\\\/td-block-span4 --><\\\/div><!--.\\\/row-fluid-->\",\"td_block_id\":\"tdi_64\",\"td_hide_prev\":true,\"td_hide_next\":false}));\r\n                                            tmpObj = JSON.parse(JSON.stringify(block_tdi_64));\r\n                            tmpObj.is_ajax_running = true;\r\n                            tmpObj.td_current_page = 1;\r\n                            tmpObj.td_filter_value = 55;\r\n                            var currentBlockObjSignature = JSON.stringify(tmpObj);\r\n                            tdLocalCache.set(currentBlockObjSignature, JSON.stringify({\"td_data\":\"\\n\\n\\t<div class=\\\"td-block-row\\\">\\n\\n\\t<div class=\\\"td-block-span4\\\">\\n\\r\\n        <div class=\\\"td_module_mx7 td_module_wrap td-animation-stack td-meta-info-hide\\\">\\r\\n            <div class=\\\"td-module-image\\\">\\r\\n                <div class=\\\"td-module-thumb\\\"><a href=\\\"https:\\\/\\\/www.psc-psoe.es\\\/index.php\\\/2026\\\/04\\\/28\\\/daniel-fernandez-exige-transparencia-a-gema-igual-santander-no-puede-estar-vallada-y-precintada-sin-motivos\\\/\\\"  rel=\\\"bookmark\\\" class=\\\"td-image-wrap \\\" title=\\\"Daniel Fern\\u00e1ndez exige transparencia a Gema Igual: \\u201cSantander no puede estar vallada y precintada sin motivos\\u201d\\\" ><img width=\\\"218\\\" height=\\\"150\\\" class=\\\"entry-thumb\\\" src=\\\"https:\\\/\\\/www.psc-psoe.es\\\/wp-content\\\/uploads\\\/2026\\\/04\\\/Daniel-Fernandez-Rueda-de-prensa-218x150.jpg\\\"  srcset=\\\"https:\\\/\\\/www.psc-psoe.es\\\/wp-content\\\/uploads\\\/2026\\\/04\\\/Daniel-Fernandez-Rueda-de-prensa-218x150.jpg 218w, https:\\\/\\\/www.psc-psoe.es\\\/wp-content\\\/uploads\\\/2026\\\/04\\\/Daniel-Fernandez-Rueda-de-prensa-100x70.jpg 100w\\\" sizes=\\\"(max-width: 218px) 100vw, 218px\\\"  alt=\\\"\\\" title=\\\"Daniel Fern\\u00e1ndez exige transparencia a Gema Igual: \\u201cSantander no puede estar vallada y precintada sin motivos\\u201d\\\" \\\/><\\\/a><\\\/div>                            <\\\/div>\\r\\n\\r\\n            <div class=\\\"item-details\\\">\\r\\n                <h3 class=\\\"entry-title td-module-title\\\"><a href=\\\"https:\\\/\\\/www.psc-psoe.es\\\/index.php\\\/2026\\\/04\\\/28\\\/daniel-fernandez-exige-transparencia-a-gema-igual-santander-no-puede-estar-vallada-y-precintada-sin-motivos\\\/\\\"  rel=\\\"bookmark\\\" title=\\\"Daniel Fern\\u00e1ndez exige transparencia a Gema Igual: \\u201cSantander no puede estar vallada y precintada sin motivos\\u201d\\\">Daniel Fern\\u00e1ndez exige transparencia a Gema Igual: \\u201cSantander no puede estar vallada y precintada sin motivos\\u201d<\\\/a><\\\/h3>\\r\\n                <div class=\\\"td-module-meta-info\\\">\\r\\n                                                                            <\\\/div>\\r\\n\\r\\n                <div class=\\\"td-excerpt\\\">\\r\\n                    El PSOE Santander, a trav\\u00e9s de su secretario general y portavoz municipal, Daniel Fern\\u00e1ndez, ha...                <\\\/div>\\r\\n            <\\\/div>\\r\\n\\r\\n        <\\\/div>\\r\\n\\r\\n        \\n\\t<\\\/div> <!-- .\\\/td-block-span4 -->\\n\\n\\t<div class=\\\"td-block-span4\\\">\\n\\r\\n        <div class=\\\"td_module_mx7 td_module_wrap td-animation-stack td-meta-info-hide\\\">\\r\\n            <div class=\\\"td-module-image\\\">\\r\\n                <div class=\\\"td-module-thumb\\\"><a href=\\\"https:\\\/\\\/www.psc-psoe.es\\\/index.php\\\/2026\\\/04\\\/23\\\/el-psoe-denuncia-el-abandono-de-las-bibliotecas-municipales-santander-invierte-seis-veces-menos-en-libros-que-ciudades-similares\\\/\\\"  rel=\\\"bookmark\\\" class=\\\"td-image-wrap \\\" title=\\\"El PSOE denuncia el abandono de las bibliotecas municipales: Santander invierte seis veces menos en libros que ciudades similares\\\" ><img width=\\\"218\\\" height=\\\"150\\\" class=\\\"entry-thumb\\\" src=\\\"https:\\\/\\\/www.psc-psoe.es\\\/wp-content\\\/uploads\\\/2026\\\/04\\\/Daniel-Fernandez-PSOE-218x150.jpg\\\"  srcset=\\\"https:\\\/\\\/www.psc-psoe.es\\\/wp-content\\\/uploads\\\/2026\\\/04\\\/Daniel-Fernandez-PSOE-218x150.jpg 218w, https:\\\/\\\/www.psc-psoe.es\\\/wp-content\\\/uploads\\\/2026\\\/04\\\/Daniel-Fernandez-PSOE-100x70.jpg 100w\\\" sizes=\\\"(max-width: 218px) 100vw, 218px\\\"  alt=\\\"\\\" title=\\\"El PSOE denuncia el abandono de las bibliotecas municipales: Santander invierte seis veces menos en libros que ciudades similares\\\" \\\/><\\\/a><\\\/div>                            <\\\/div>\\r\\n\\r\\n            <div class=\\\"item-details\\\">\\r\\n                <h3 class=\\\"entry-title td-module-title\\\"><a href=\\\"https:\\\/\\\/www.psc-psoe.es\\\/index.php\\\/2026\\\/04\\\/23\\\/el-psoe-denuncia-el-abandono-de-las-bibliotecas-municipales-santander-invierte-seis-veces-menos-en-libros-que-ciudades-similares\\\/\\\"  rel=\\\"bookmark\\\" title=\\\"El PSOE denuncia el abandono de las bibliotecas municipales: Santander invierte seis veces menos en libros que ciudades similares\\\">El PSOE denuncia el abandono de las bibliotecas municipales: Santander invierte seis veces menos en libros que ciudades similares<\\\/a><\\\/h3>\\r\\n                <div class=\\\"td-module-meta-info\\\">\\r\\n                                                                            <\\\/div>\\r\\n\\r\\n                <div class=\\\"td-excerpt\\\">\\r\\n                    El secretario general y portavoz del PSOE en Santander, Daniel Fern\\u00e1ndez, ha denunciado este 23...                <\\\/div>\\r\\n            <\\\/div>\\r\\n\\r\\n        <\\\/div>\\r\\n\\r\\n        \\n\\t<\\\/div> <!-- .\\\/td-block-span4 -->\\n\\n\\t<div class=\\\"td-block-span4\\\">\\n\\r\\n        <div class=\\\"td_module_mx7 td_module_wrap td-animation-stack td-meta-info-hide\\\">\\r\\n            <div class=\\\"td-module-image\\\">\\r\\n                <div class=\\\"td-module-thumb\\\"><a href=\\\"https:\\\/\\\/www.psc-psoe.es\\\/index.php\\\/2026\\\/04\\\/22\\\/el-psoe-santander-exige-explicaciones-al-ayuntamiento-sobre-la-prevision-y-los-recursos-municipales-ante-el-proceso-de-regularizacion\\\/\\\"  rel=\\\"bookmark\\\" class=\\\"td-image-wrap \\\" title=\\\"El PSOE Santander exige explicaciones al Ayuntamiento sobre la previsi\\u00f3n y los recursos municipales ante el proceso de regularizaci\\u00f3n\\\" ><img width=\\\"218\\\" height=\\\"150\\\" class=\\\"entry-thumb\\\" src=\\\"https:\\\/\\\/www.psc-psoe.es\\\/wp-content\\\/uploads\\\/2026\\\/04\\\/Daniel-Fernandez-218x150.jpg\\\"  srcset=\\\"https:\\\/\\\/www.psc-psoe.es\\\/wp-content\\\/uploads\\\/2026\\\/04\\\/Daniel-Fernandez-218x150.jpg 218w, https:\\\/\\\/www.psc-psoe.es\\\/wp-content\\\/uploads\\\/2026\\\/04\\\/Daniel-Fernandez-100x70.jpg 100w\\\" sizes=\\\"(max-width: 218px) 100vw, 218px\\\"  alt=\\\"\\\" title=\\\"El PSOE Santander exige explicaciones al Ayuntamiento sobre la previsi\\u00f3n y los recursos municipales ante el proceso de regularizaci\\u00f3n\\\" \\\/><\\\/a><\\\/div>                            <\\\/div>\\r\\n\\r\\n            <div class=\\\"item-details\\\">\\r\\n                <h3 class=\\\"entry-title td-module-title\\\"><a href=\\\"https:\\\/\\\/www.psc-psoe.es\\\/index.php\\\/2026\\\/04\\\/22\\\/el-psoe-santander-exige-explicaciones-al-ayuntamiento-sobre-la-prevision-y-los-recursos-municipales-ante-el-proceso-de-regularizacion\\\/\\\"  rel=\\\"bookmark\\\" title=\\\"El PSOE Santander exige explicaciones al Ayuntamiento sobre la previsi\\u00f3n y los recursos municipales ante el proceso de regularizaci\\u00f3n\\\">El PSOE Santander exige explicaciones al Ayuntamiento sobre la previsi\\u00f3n y los recursos municipales ante el proceso de regularizaci\\u00f3n<\\\/a><\\\/h3>\\r\\n                <div class=\\\"td-module-meta-info\\\">\\r\\n                                                                            <\\\/div>\\r\\n\\r\\n                <div class=\\\"td-excerpt\\\">\\r\\n                    El PSOE Santander ha registrado una bater\\u00eda de preguntas en el Ayuntamiento para conocer la...                <\\\/div>\\r\\n            <\\\/div>\\r\\n\\r\\n        <\\\/div>\\r\\n\\r\\n        \\n\\t<\\\/div> <!-- .\\\/td-block-span4 --><\\\/div><!--.\\\/row-fluid-->\\n\\n\\t<div class=\\\"td-block-row\\\">\\n\\n\\t<div class=\\\"td-block-span4\\\">\\n\\r\\n        <div class=\\\"td_module_mx7 td_module_wrap td-animation-stack td-meta-info-hide\\\">\\r\\n            <div class=\\\"td-module-image\\\">\\r\\n                <div class=\\\"td-module-thumb\\\"><a href=\\\"https:\\\/\\\/www.psc-psoe.es\\\/index.php\\\/2026\\\/04\\\/20\\\/daniel-fernandez-reclama-medidas-santander-no-puede-seguir-siendo-una-ciudad-sin-ley-en-la-recogida-de-heces-caninas\\\/\\\"  rel=\\\"bookmark\\\" class=\\\"td-image-wrap \\\" title=\\\"Daniel Fern\\u00e1ndez reclama medidas: \\u2018Santander no puede seguir siendo una ciudad sin ley en la recogida de heces caninas\\u2019\\\" ><img width=\\\"218\\\" height=\\\"150\\\" class=\\\"entry-thumb\\\" src=\\\"https:\\\/\\\/www.psc-psoe.es\\\/wp-content\\\/uploads\\\/2026\\\/03\\\/PHOTO-2026-03-14-13-27-26-218x150.jpg\\\"  srcset=\\\"https:\\\/\\\/www.psc-psoe.es\\\/wp-content\\\/uploads\\\/2026\\\/03\\\/PHOTO-2026-03-14-13-27-26-218x150.jpg 218w, https:\\\/\\\/www.psc-psoe.es\\\/wp-content\\\/uploads\\\/2026\\\/03\\\/PHOTO-2026-03-14-13-27-26-100x70.jpg 100w\\\" sizes=\\\"(max-width: 218px) 100vw, 218px\\\"  alt=\\\"\\\" title=\\\"Daniel Fern\\u00e1ndez reclama medidas: \\u2018Santander no puede seguir siendo una ciudad sin ley en la recogida de heces caninas\\u2019\\\" \\\/><\\\/a><\\\/div>                            <\\\/div>\\r\\n\\r\\n            <div class=\\\"item-details\\\">\\r\\n                <h3 class=\\\"entry-title td-module-title\\\"><a href=\\\"https:\\\/\\\/www.psc-psoe.es\\\/index.php\\\/2026\\\/04\\\/20\\\/daniel-fernandez-reclama-medidas-santander-no-puede-seguir-siendo-una-ciudad-sin-ley-en-la-recogida-de-heces-caninas\\\/\\\"  rel=\\\"bookmark\\\" title=\\\"Daniel Fern\\u00e1ndez reclama medidas: \\u2018Santander no puede seguir siendo una ciudad sin ley en la recogida de heces caninas\\u2019\\\">Daniel Fern\\u00e1ndez reclama medidas: \\u2018Santander no puede seguir siendo una ciudad sin ley en la recogida de heces caninas\\u2019<\\\/a><\\\/h3>\\r\\n                <div class=\\\"td-module-meta-info\\\">\\r\\n                                                                            <\\\/div>\\r\\n\\r\\n                <div class=\\\"td-excerpt\\\">\\r\\n                    El PSOE de Santander, a trav\\u00e9s de su secretario general y portavoz municipal, Daniel Fern\\u00e1ndez,...                <\\\/div>\\r\\n            <\\\/div>\\r\\n\\r\\n        <\\\/div>\\r\\n\\r\\n        \\n\\t<\\\/div> <!-- .\\\/td-block-span4 -->\\n\\n\\t<div class=\\\"td-block-span4\\\">\\n\\r\\n        <div class=\\\"td_module_mx7 td_module_wrap td-animation-stack td-meta-info-hide\\\">\\r\\n            <div class=\\\"td-module-image\\\">\\r\\n                <div class=\\\"td-module-thumb\\\"><a href=\\\"https:\\\/\\\/www.psc-psoe.es\\\/index.php\\\/2026\\\/04\\\/10\\\/el-psoe-santander-reclama-una-respuesta-urgente-y-apoyo-institucional-para-recuperar-el-consultorio-de-cueto\\\/\\\"  rel=\\\"bookmark\\\" class=\\\"td-image-wrap \\\" title=\\\"El PSOE Santander reclama una respuesta urgente y apoyo institucional para recuperar el consultorio de Cueto\\\" ><img width=\\\"218\\\" height=\\\"150\\\" class=\\\"entry-thumb\\\" src=\\\"https:\\\/\\\/www.psc-psoe.es\\\/wp-content\\\/uploads\\\/2026\\\/03\\\/PHOTO-2026-03-14-13-27-26-218x150.jpg\\\"  srcset=\\\"https:\\\/\\\/www.psc-psoe.es\\\/wp-content\\\/uploads\\\/2026\\\/03\\\/PHOTO-2026-03-14-13-27-26-218x150.jpg 218w, https:\\\/\\\/www.psc-psoe.es\\\/wp-content\\\/uploads\\\/2026\\\/03\\\/PHOTO-2026-03-14-13-27-26-100x70.jpg 100w\\\" sizes=\\\"(max-width: 218px) 100vw, 218px\\\"  alt=\\\"\\\" title=\\\"El PSOE Santander reclama una respuesta urgente y apoyo institucional para recuperar el consultorio de Cueto\\\" \\\/><\\\/a><\\\/div>                            <\\\/div>\\r\\n\\r\\n            <div class=\\\"item-details\\\">\\r\\n                <h3 class=\\\"entry-title td-module-title\\\"><a href=\\\"https:\\\/\\\/www.psc-psoe.es\\\/index.php\\\/2026\\\/04\\\/10\\\/el-psoe-santander-reclama-una-respuesta-urgente-y-apoyo-institucional-para-recuperar-el-consultorio-de-cueto\\\/\\\"  rel=\\\"bookmark\\\" title=\\\"El PSOE Santander reclama una respuesta urgente y apoyo institucional para recuperar el consultorio de Cueto\\\">El PSOE Santander reclama una respuesta urgente y apoyo institucional para recuperar el consultorio de Cueto<\\\/a><\\\/h3>\\r\\n                <div class=\\\"td-module-meta-info\\\">\\r\\n                                                                            <\\\/div>\\r\\n\\r\\n                <div class=\\\"td-excerpt\\\">\\r\\n                    El PSOE Santander ha registrado una moci\\u00f3n en el Ayuntamiento para reclamar una respuesta urgente...                <\\\/div>\\r\\n            <\\\/div>\\r\\n\\r\\n        <\\\/div>\\r\\n\\r\\n        \\n\\t<\\\/div> <!-- .\\\/td-block-span4 -->\\n\\n\\t<div class=\\\"td-block-span4\\\">\\n\\r\\n        <div class=\\\"td_module_mx7 td_module_wrap td-animation-stack td-meta-info-hide\\\">\\r\\n            <div class=\\\"td-module-image\\\">\\r\\n                <div class=\\\"td-module-thumb\\\"><a href=\\\"https:\\\/\\\/www.psc-psoe.es\\\/index.php\\\/2026\\\/04\\\/06\\\/el-psoe-exige-explicaciones-por-el-precintado-de-terrazas-mientras-la-ordenanza-sigue-sin-aprobarse\\\/\\\"  rel=\\\"bookmark\\\" class=\\\"td-image-wrap \\\" title=\\\"El PSOE exige explicaciones por el precintado de terrazas mientras la ordenanza sigue sin aprobarse\\\" ><img width=\\\"218\\\" height=\\\"150\\\" class=\\\"entry-thumb\\\" src=\\\"https:\\\/\\\/www.psc-psoe.es\\\/wp-content\\\/uploads\\\/2026\\\/03\\\/PHOTO-2026-03-14-13-27-26-218x150.jpg\\\"  srcset=\\\"https:\\\/\\\/www.psc-psoe.es\\\/wp-content\\\/uploads\\\/2026\\\/03\\\/PHOTO-2026-03-14-13-27-26-218x150.jpg 218w, https:\\\/\\\/www.psc-psoe.es\\\/wp-content\\\/uploads\\\/2026\\\/03\\\/PHOTO-2026-03-14-13-27-26-100x70.jpg 100w\\\" sizes=\\\"(max-width: 218px) 100vw, 218px\\\"  alt=\\\"\\\" title=\\\"El PSOE exige explicaciones por el precintado de terrazas mientras la ordenanza sigue sin aprobarse\\\" \\\/><\\\/a><\\\/div>                            <\\\/div>\\r\\n\\r\\n            <div class=\\\"item-details\\\">\\r\\n                <h3 class=\\\"entry-title td-module-title\\\"><a href=\\\"https:\\\/\\\/www.psc-psoe.es\\\/index.php\\\/2026\\\/04\\\/06\\\/el-psoe-exige-explicaciones-por-el-precintado-de-terrazas-mientras-la-ordenanza-sigue-sin-aprobarse\\\/\\\"  rel=\\\"bookmark\\\" title=\\\"El PSOE exige explicaciones por el precintado de terrazas mientras la ordenanza sigue sin aprobarse\\\">El PSOE exige explicaciones por el precintado de terrazas mientras la ordenanza sigue sin aprobarse<\\\/a><\\\/h3>\\r\\n                <div class=\\\"td-module-meta-info\\\">\\r\\n                                                                            <\\\/div>\\r\\n\\r\\n                <div class=\\\"td-excerpt\\\">\\r\\n                    El portavoz y secretario general del PSOE de Santander,\\u00a0Daniel Fern\\u00e1ndez, ha denunciado el \\u201ccaos y...                <\\\/div>\\r\\n            <\\\/div>\\r\\n\\r\\n        <\\\/div>\\r\\n\\r\\n        \\n\\t<\\\/div> <!-- .\\\/td-block-span4 --><\\\/div><!--.\\\/row-fluid-->\\n\\n\\t<div class=\\\"td-block-row\\\">\\n\\n\\t<div class=\\\"td-block-span4\\\">\\n\\r\\n        <div class=\\\"td_module_mx7 td_module_wrap td-animation-stack td-meta-info-hide\\\">\\r\\n            <div class=\\\"td-module-image\\\">\\r\\n                <div class=\\\"td-module-thumb\\\"><a href=\\\"https:\\\/\\\/www.psc-psoe.es\\\/index.php\\\/2026\\\/03\\\/30\\\/el-psoe-senala-a-gema-igual-por-incapacidad-de-gobierno-tras-dejar-a-la-ciudad-sin-refuerzos-policiales-en-semana-santa\\\/\\\"  rel=\\\"bookmark\\\" class=\\\"td-image-wrap \\\" title=\\\"El PSOE se\\u00f1ala a Gema Igual por \\u201cincapacidad de gobierno\\u201d tras dejar a la ciudad sin refuerzos policiales en Semana Santa\\\" ><img width=\\\"218\\\" height=\\\"150\\\" class=\\\"entry-thumb\\\" src=\\\"https:\\\/\\\/www.psc-psoe.es\\\/wp-content\\\/uploads\\\/2026\\\/03\\\/PHOTO-2026-03-14-13-27-26-218x150.jpg\\\"  srcset=\\\"https:\\\/\\\/www.psc-psoe.es\\\/wp-content\\\/uploads\\\/2026\\\/03\\\/PHOTO-2026-03-14-13-27-26-218x150.jpg 218w, https:\\\/\\\/www.psc-psoe.es\\\/wp-content\\\/uploads\\\/2026\\\/03\\\/PHOTO-2026-03-14-13-27-26-100x70.jpg 100w\\\" sizes=\\\"(max-width: 218px) 100vw, 218px\\\"  alt=\\\"\\\" title=\\\"El PSOE se\\u00f1ala a Gema Igual por \\u201cincapacidad de gobierno\\u201d tras dejar a la ciudad sin refuerzos policiales en Semana Santa\\\" \\\/><\\\/a><\\\/div>                            <\\\/div>\\r\\n\\r\\n            <div class=\\\"item-details\\\">\\r\\n                <h3 class=\\\"entry-title td-module-title\\\"><a href=\\\"https:\\\/\\\/www.psc-psoe.es\\\/index.php\\\/2026\\\/03\\\/30\\\/el-psoe-senala-a-gema-igual-por-incapacidad-de-gobierno-tras-dejar-a-la-ciudad-sin-refuerzos-policiales-en-semana-santa\\\/\\\"  rel=\\\"bookmark\\\" title=\\\"El PSOE se\\u00f1ala a Gema Igual por \\u201cincapacidad de gobierno\\u201d tras dejar a la ciudad sin refuerzos policiales en Semana Santa\\\">El PSOE se\\u00f1ala a Gema Igual por \\u201cincapacidad de gobierno\\u201d tras dejar a la ciudad sin refuerzos policiales en Semana Santa<\\\/a><\\\/h3>\\r\\n                <div class=\\\"td-module-meta-info\\\">\\r\\n                                                                            <\\\/div>\\r\\n\\r\\n                <div class=\\\"td-excerpt\\\">\\r\\n                    El secretario general y portavoz del PSOE en el Ayuntamiento de Santander, Daniel Fern\\u00e1ndez, ha...                <\\\/div>\\r\\n            <\\\/div>\\r\\n\\r\\n        <\\\/div>\\r\\n\\r\\n        \\n\\t<\\\/div> <!-- .\\\/td-block-span4 -->\\n\\n\\t<div class=\\\"td-block-span4\\\">\\n\\r\\n        <div class=\\\"td_module_mx7 td_module_wrap td-animation-stack td-meta-info-hide\\\">\\r\\n            <div class=\\\"td-module-image\\\">\\r\\n                <div class=\\\"td-module-thumb\\\"><a href=\\\"https:\\\/\\\/www.psc-psoe.es\\\/index.php\\\/2026\\\/03\\\/26\\\/el-psoe-santander-denuncia-que-el-pp-utiliza-el-ayuntamiento-para-dar-respaldo-institucional-a-discursos-contra-derechos-reconocidos-por-ley\\\/\\\"  rel=\\\"bookmark\\\" class=\\\"td-image-wrap \\\" title=\\\"El PSOE Santander denuncia que el PP utiliza el Ayuntamiento para dar respaldo institucional a discursos contra derechos reconocidos por ley\\\" ><img width=\\\"218\\\" height=\\\"150\\\" class=\\\"entry-thumb\\\" src=\\\"https:\\\/\\\/www.psc-psoe.es\\\/wp-content\\\/uploads\\\/2026\\\/03\\\/WhatsApp-Image-2026-03-26-at-12.17.51-218x150.jpeg\\\"  srcset=\\\"https:\\\/\\\/www.psc-psoe.es\\\/wp-content\\\/uploads\\\/2026\\\/03\\\/WhatsApp-Image-2026-03-26-at-12.17.51-218x150.jpeg 218w, https:\\\/\\\/www.psc-psoe.es\\\/wp-content\\\/uploads\\\/2026\\\/03\\\/WhatsApp-Image-2026-03-26-at-12.17.51-100x70.jpeg 100w\\\" sizes=\\\"(max-width: 218px) 100vw, 218px\\\"  alt=\\\"\\\" title=\\\"El PSOE Santander denuncia que el PP utiliza el Ayuntamiento para dar respaldo institucional a discursos contra derechos reconocidos por ley\\\" \\\/><\\\/a><\\\/div>                            <\\\/div>\\r\\n\\r\\n            <div class=\\\"item-details\\\">\\r\\n                <h3 class=\\\"entry-title td-module-title\\\"><a href=\\\"https:\\\/\\\/www.psc-psoe.es\\\/index.php\\\/2026\\\/03\\\/26\\\/el-psoe-santander-denuncia-que-el-pp-utiliza-el-ayuntamiento-para-dar-respaldo-institucional-a-discursos-contra-derechos-reconocidos-por-ley\\\/\\\"  rel=\\\"bookmark\\\" title=\\\"El PSOE Santander denuncia que el PP utiliza el Ayuntamiento para dar respaldo institucional a discursos contra derechos reconocidos por ley\\\">El PSOE Santander denuncia que el PP utiliza el Ayuntamiento para dar respaldo institucional a discursos contra derechos reconocidos por ley<\\\/a><\\\/h3>\\r\\n                <div class=\\\"td-module-meta-info\\\">\\r\\n                                                                            <\\\/div>\\r\\n\\r\\n                <div class=\\\"td-excerpt\\\">\\r\\n                    El secretario general y portavoz del PSOE Santander, Daniel Fern\\u00e1ndez, ha denunciado que el equipo...                <\\\/div>\\r\\n            <\\\/div>\\r\\n\\r\\n        <\\\/div>\\r\\n\\r\\n        \\n\\t<\\\/div> <!-- .\\\/td-block-span4 -->\\n\\n\\t<div class=\\\"td-block-span4\\\">\\n\\r\\n        <div class=\\\"td_module_mx7 td_module_wrap td-animation-stack td-meta-info-hide\\\">\\r\\n            <div class=\\\"td-module-image\\\">\\r\\n                <div class=\\\"td-module-thumb\\\"><a href=\\\"https:\\\/\\\/www.psc-psoe.es\\\/index.php\\\/2026\\\/03\\\/25\\\/el-psoe-santander-lleva-al-pleno-nuevos-casos-de-riesgo-y-actuaciones-deficientes-que-reflejan-el-deterioro-de-la-ciudad-por-la-falta-de-mantenimiento\\\/\\\"  rel=\\\"bookmark\\\" class=\\\"td-image-wrap \\\" title=\\\"El PSOE Santander lleva al Pleno nuevos casos de riesgo y actuaciones deficientes que reflejan el deterioro de la ciudad por la falta de mantenimiento\\\" ><img width=\\\"218\\\" height=\\\"150\\\" class=\\\"entry-thumb\\\" src=\\\"https:\\\/\\\/www.psc-psoe.es\\\/wp-content\\\/uploads\\\/2025\\\/10\\\/IMAGEN-DANI-FERNANDEZ-1-218x150.jpeg\\\"  srcset=\\\"https:\\\/\\\/www.psc-psoe.es\\\/wp-content\\\/uploads\\\/2025\\\/10\\\/IMAGEN-DANI-FERNANDEZ-1-218x150.jpeg 218w, https:\\\/\\\/www.psc-psoe.es\\\/wp-content\\\/uploads\\\/2025\\\/10\\\/IMAGEN-DANI-FERNANDEZ-1-100x70.jpeg 100w\\\" sizes=\\\"(max-width: 218px) 100vw, 218px\\\"  alt=\\\"\\\" title=\\\"El PSOE Santander lleva al Pleno nuevos casos de riesgo y actuaciones deficientes que reflejan el deterioro de la ciudad por la falta de mantenimiento\\\" \\\/><\\\/a><\\\/div>                            <\\\/div>\\r\\n\\r\\n            <div class=\\\"item-details\\\">\\r\\n                <h3 class=\\\"entry-title td-module-title\\\"><a href=\\\"https:\\\/\\\/www.psc-psoe.es\\\/index.php\\\/2026\\\/03\\\/25\\\/el-psoe-santander-lleva-al-pleno-nuevos-casos-de-riesgo-y-actuaciones-deficientes-que-reflejan-el-deterioro-de-la-ciudad-por-la-falta-de-mantenimiento\\\/\\\"  rel=\\\"bookmark\\\" title=\\\"El PSOE Santander lleva al Pleno nuevos casos de riesgo y actuaciones deficientes que reflejan el deterioro de la ciudad por la falta de mantenimiento\\\">El PSOE Santander lleva al Pleno nuevos casos de riesgo y actuaciones deficientes que reflejan el deterioro de la ciudad por la falta de...<\\\/a><\\\/h3>\\r\\n                <div class=\\\"td-module-meta-info\\\">\\r\\n                                                                            <\\\/div>\\r\\n\\r\\n                <div class=\\\"td-excerpt\\\">\\r\\n                    El secretario general y portavoz del PSOE Santander, Daniel Fern\\u00e1ndez, ha anunciado el registro de...                <\\\/div>\\r\\n            <\\\/div>\\r\\n\\r\\n        <\\\/div>\\r\\n\\r\\n        \\n\\t<\\\/div> <!-- .\\\/td-block-span4 --><\\\/div><!--.\\\/row-fluid-->\",\"td_block_id\":\"tdi_64\",\"td_hide_prev\":true,\"td_hide_next\":false}));\r\n                                                    tmpObj = JSON.parse(JSON.stringify(block_tdi_64));\r\n                            tmpObj.is_ajax_running = true;\r\n                            tmpObj.td_current_page = 1;\r\n                            tmpObj.td_filter_value = 39;\r\n                            var currentBlockObjSignature = JSON.stringify(tmpObj);\r\n                            tdLocalCache.set(currentBlockObjSignature, JSON.stringify({\"td_data\":\"\\n\\n\\t<div class=\\\"td-block-row\\\">\\n\\n\\t<div class=\\\"td-block-span4\\\">\\n\\r\\n        <div class=\\\"td_module_mx7 td_module_wrap td-animation-stack td-meta-info-hide\\\">\\r\\n            <div class=\\\"td-module-image\\\">\\r\\n                <div class=\\\"td-module-thumb\\\"><a href=\\\"https:\\\/\\\/www.psc-psoe.es\\\/index.php\\\/2026\\\/04\\\/21\\\/el-psoe-de-santona-pide-al-ayuntamiento-que-inste-al-gobierno-de-cantabria-a-proceder-de-manera-urgente-e-inmediata-a-llevar-a-cabo-el-dragado-del-puerto\\\/\\\"  rel=\\\"bookmark\\\" class=\\\"td-image-wrap \\\" title=\\\"El PSOE de Santo\\u00f1a pide al Ayuntamiento que inste al Gobierno de Cantabria a proceder de manera urgente e inmediata a llevar a cabo el dragado del Puerto\\\" ><img width=\\\"218\\\" height=\\\"150\\\" class=\\\"entry-thumb\\\" src=\\\"https:\\\/\\\/www.psc-psoe.es\\\/wp-content\\\/uploads\\\/2025\\\/08\\\/Carmen-Gonzalez-Caballero-2-218x150.jpg\\\"  srcset=\\\"https:\\\/\\\/www.psc-psoe.es\\\/wp-content\\\/uploads\\\/2025\\\/08\\\/Carmen-Gonzalez-Caballero-2-218x150.jpg 218w, https:\\\/\\\/www.psc-psoe.es\\\/wp-content\\\/uploads\\\/2025\\\/08\\\/Carmen-Gonzalez-Caballero-2-100x70.jpg 100w\\\" sizes=\\\"(max-width: 218px) 100vw, 218px\\\"  alt=\\\"\\\" title=\\\"El PSOE de Santo\\u00f1a pide al Ayuntamiento que inste al Gobierno de Cantabria a proceder de manera urgente e inmediata a llevar a cabo el dragado del Puerto\\\" \\\/><\\\/a><\\\/div>                            <\\\/div>\\r\\n\\r\\n            <div class=\\\"item-details\\\">\\r\\n                <h3 class=\\\"entry-title td-module-title\\\"><a href=\\\"https:\\\/\\\/www.psc-psoe.es\\\/index.php\\\/2026\\\/04\\\/21\\\/el-psoe-de-santona-pide-al-ayuntamiento-que-inste-al-gobierno-de-cantabria-a-proceder-de-manera-urgente-e-inmediata-a-llevar-a-cabo-el-dragado-del-puerto\\\/\\\"  rel=\\\"bookmark\\\" title=\\\"El PSOE de Santo\\u00f1a pide al Ayuntamiento que inste al Gobierno de Cantabria a proceder de manera urgente e inmediata a llevar a cabo el dragado del Puerto\\\">El PSOE de Santo\\u00f1a pide al Ayuntamiento que inste al Gobierno de Cantabria a proceder de manera urgente e inmediata a llevar a cabo...<\\\/a><\\\/h3>\\r\\n                <div class=\\\"td-module-meta-info\\\">\\r\\n                                                                            <\\\/div>\\r\\n\\r\\n                <div class=\\\"td-excerpt\\\">\\r\\n                    El PSOE de Santo\\u00f1a ha pedido al Ayuntamiento que inste al Gobierno de Cantabria a...                <\\\/div>\\r\\n            <\\\/div>\\r\\n\\r\\n        <\\\/div>\\r\\n\\r\\n        \\n\\t<\\\/div> <!-- .\\\/td-block-span4 -->\\n\\n\\t<div class=\\\"td-block-span4\\\">\\n\\r\\n        <div class=\\\"td_module_mx7 td_module_wrap td-animation-stack td-meta-info-hide\\\">\\r\\n            <div class=\\\"td-module-image\\\">\\r\\n                <div class=\\\"td-module-thumb\\\"><a href=\\\"https:\\\/\\\/www.psc-psoe.es\\\/index.php\\\/2026\\\/04\\\/01\\\/el-psoe-de-limpias-acusa-al-alcalde-de-limpias-de-mentir-sobre-la-paralizacion-del-expediente-de-una-subdivision-urbanistica-que-afecta-directamente-a-su-teniente-de-alcalde\\\/\\\"  rel=\\\"bookmark\\\" class=\\\"td-image-wrap \\\" title=\\\"El PSOE de Limpias acusa al alcalde de Limpias de mentir sobre la paralizaci\\u00f3n del expediente de una subdivisi\\u00f3n urban\\u00edstica \\u201cque afecta directamente a su teniente de alcalde\\u201d\\\" ><img width=\\\"218\\\" height=\\\"150\\\" class=\\\"entry-thumb\\\" src=\\\"https:\\\/\\\/www.psc-psoe.es\\\/wp-content\\\/uploads\\\/2025\\\/11\\\/5bc4972e-22ed-4d34-a873-259705309fcf-218x150.jpg\\\"  srcset=\\\"https:\\\/\\\/www.psc-psoe.es\\\/wp-content\\\/uploads\\\/2025\\\/11\\\/5bc4972e-22ed-4d34-a873-259705309fcf-218x150.jpg 218w, https:\\\/\\\/www.psc-psoe.es\\\/wp-content\\\/uploads\\\/2025\\\/11\\\/5bc4972e-22ed-4d34-a873-259705309fcf-100x70.jpg 100w\\\" sizes=\\\"(max-width: 218px) 100vw, 218px\\\"  alt=\\\"\\\" title=\\\"El PSOE de Limpias acusa al alcalde de Limpias de mentir sobre la paralizaci\\u00f3n del expediente de una subdivisi\\u00f3n urban\\u00edstica \\u201cque afecta directamente a su teniente de alcalde\\u201d\\\" \\\/><\\\/a><\\\/div>                            <\\\/div>\\r\\n\\r\\n            <div class=\\\"item-details\\\">\\r\\n                <h3 class=\\\"entry-title td-module-title\\\"><a href=\\\"https:\\\/\\\/www.psc-psoe.es\\\/index.php\\\/2026\\\/04\\\/01\\\/el-psoe-de-limpias-acusa-al-alcalde-de-limpias-de-mentir-sobre-la-paralizacion-del-expediente-de-una-subdivision-urbanistica-que-afecta-directamente-a-su-teniente-de-alcalde\\\/\\\"  rel=\\\"bookmark\\\" title=\\\"El PSOE de Limpias acusa al alcalde de Limpias de mentir sobre la paralizaci\\u00f3n del expediente de una subdivisi\\u00f3n urban\\u00edstica \\u201cque afecta directamente a su teniente de alcalde\\u201d\\\">El PSOE de Limpias acusa al alcalde de Limpias de mentir sobre la paralizaci\\u00f3n del expediente de una subdivisi\\u00f3n urban\\u00edstica \\u201cque afecta directamente a...<\\\/a><\\\/h3>\\r\\n                <div class=\\\"td-module-meta-info\\\">\\r\\n                                                                            <\\\/div>\\r\\n\\r\\n                <div class=\\\"td-excerpt\\\">\\r\\n                    El PSOE de Limpias ha acusado que la actuaci\\u00f3n del alcalde de Limpias de mentir...                <\\\/div>\\r\\n            <\\\/div>\\r\\n\\r\\n        <\\\/div>\\r\\n\\r\\n        \\n\\t<\\\/div> <!-- .\\\/td-block-span4 -->\\n\\n\\t<div class=\\\"td-block-span4\\\">\\n\\r\\n        <div class=\\\"td_module_mx7 td_module_wrap td-animation-stack td-meta-info-hide\\\">\\r\\n            <div class=\\\"td-module-image\\\">\\r\\n                <div class=\\\"td-module-thumb\\\"><a href=\\\"https:\\\/\\\/www.psc-psoe.es\\\/index.php\\\/2026\\\/03\\\/31\\\/el-psoe-de-santona-presenta-alegaciones-al-presupuesto-municipal-con-ausencia-de-inversiones-en-materia-educativa-y-desequilibrio-en-la-asignacion-de-recursos\\\/\\\"  rel=\\\"bookmark\\\" class=\\\"td-image-wrap \\\" title=\\\"El PSOE de Santo\\u00f1a presenta alegaciones al presupuesto municipal \\u201ccon ausencia de inversiones en materia educativa y desequilibrio en la asignaci\\u00f3n de recursos\\u201d\\\" ><img width=\\\"218\\\" height=\\\"150\\\" class=\\\"entry-thumb\\\" src=\\\"https:\\\/\\\/www.psc-psoe.es\\\/wp-content\\\/uploads\\\/2026\\\/02\\\/PHOTO-2026-02-18-21-32-58-218x150.jpg\\\"  srcset=\\\"https:\\\/\\\/www.psc-psoe.es\\\/wp-content\\\/uploads\\\/2026\\\/02\\\/PHOTO-2026-02-18-21-32-58-218x150.jpg 218w, https:\\\/\\\/www.psc-psoe.es\\\/wp-content\\\/uploads\\\/2026\\\/02\\\/PHOTO-2026-02-18-21-32-58-100x70.jpg 100w\\\" sizes=\\\"(max-width: 218px) 100vw, 218px\\\"  alt=\\\"\\\" title=\\\"El PSOE de Santo\\u00f1a presenta alegaciones al presupuesto municipal \\u201ccon ausencia de inversiones en materia educativa y desequilibrio en la asignaci\\u00f3n de recursos\\u201d\\\" \\\/><\\\/a><\\\/div>                            <\\\/div>\\r\\n\\r\\n            <div class=\\\"item-details\\\">\\r\\n                <h3 class=\\\"entry-title td-module-title\\\"><a href=\\\"https:\\\/\\\/www.psc-psoe.es\\\/index.php\\\/2026\\\/03\\\/31\\\/el-psoe-de-santona-presenta-alegaciones-al-presupuesto-municipal-con-ausencia-de-inversiones-en-materia-educativa-y-desequilibrio-en-la-asignacion-de-recursos\\\/\\\"  rel=\\\"bookmark\\\" title=\\\"El PSOE de Santo\\u00f1a presenta alegaciones al presupuesto municipal \\u201ccon ausencia de inversiones en materia educativa y desequilibrio en la asignaci\\u00f3n de recursos\\u201d\\\">El PSOE de Santo\\u00f1a presenta alegaciones al presupuesto municipal \\u201ccon ausencia de inversiones en materia educativa y desequilibrio en la asignaci\\u00f3n de recursos\\u201d<\\\/a><\\\/h3>\\r\\n                <div class=\\\"td-module-meta-info\\\">\\r\\n                                                                            <\\\/div>\\r\\n\\r\\n                <div class=\\\"td-excerpt\\\">\\r\\n                    El PSOE de Santo\\u00f1a ha presentado alegaciones al presupuesto municipal \\u201ccon ausencia de inversiones en...                <\\\/div>\\r\\n            <\\\/div>\\r\\n\\r\\n        <\\\/div>\\r\\n\\r\\n        \\n\\t<\\\/div> <!-- .\\\/td-block-span4 --><\\\/div><!--.\\\/row-fluid-->\\n\\n\\t<div class=\\\"td-block-row\\\">\\n\\n\\t<div class=\\\"td-block-span4\\\">\\n\\r\\n        <div class=\\\"td_module_mx7 td_module_wrap td-animation-stack td-meta-info-hide\\\">\\r\\n            <div class=\\\"td-module-image\\\">\\r\\n                <div class=\\\"td-module-thumb\\\"><a href=\\\"https:\\\/\\\/www.psc-psoe.es\\\/index.php\\\/2026\\\/02\\\/26\\\/el-psoe-de-santona-pide-garantizar-un-adecuado-funcionamiento-del-sistema-de-alumbrado-publico\\\/\\\"  rel=\\\"bookmark\\\" class=\\\"td-image-wrap \\\" title=\\\"El PSOE de Santo\\u00f1a pide garantizar un adecuado funcionamiento del sistema de alumbrado p\\u00fablico\\\" ><img width=\\\"218\\\" height=\\\"150\\\" class=\\\"entry-thumb\\\" src=\\\"https:\\\/\\\/www.psc-psoe.es\\\/wp-content\\\/uploads\\\/2025\\\/10\\\/Carmen-Gonzalez-Caballero-4-218x150.jpg\\\"  srcset=\\\"https:\\\/\\\/www.psc-psoe.es\\\/wp-content\\\/uploads\\\/2025\\\/10\\\/Carmen-Gonzalez-Caballero-4-218x150.jpg 218w, https:\\\/\\\/www.psc-psoe.es\\\/wp-content\\\/uploads\\\/2025\\\/10\\\/Carmen-Gonzalez-Caballero-4-100x70.jpg 100w\\\" sizes=\\\"(max-width: 218px) 100vw, 218px\\\"  alt=\\\"\\\" title=\\\"El PSOE de Santo\\u00f1a pide garantizar un adecuado funcionamiento del sistema de alumbrado p\\u00fablico\\\" \\\/><\\\/a><\\\/div>                            <\\\/div>\\r\\n\\r\\n            <div class=\\\"item-details\\\">\\r\\n                <h3 class=\\\"entry-title td-module-title\\\"><a href=\\\"https:\\\/\\\/www.psc-psoe.es\\\/index.php\\\/2026\\\/02\\\/26\\\/el-psoe-de-santona-pide-garantizar-un-adecuado-funcionamiento-del-sistema-de-alumbrado-publico\\\/\\\"  rel=\\\"bookmark\\\" title=\\\"El PSOE de Santo\\u00f1a pide garantizar un adecuado funcionamiento del sistema de alumbrado p\\u00fablico\\\">El PSOE de Santo\\u00f1a pide garantizar un adecuado funcionamiento del sistema de alumbrado p\\u00fablico<\\\/a><\\\/h3>\\r\\n                <div class=\\\"td-module-meta-info\\\">\\r\\n                                                                            <\\\/div>\\r\\n\\r\\n                <div class=\\\"td-excerpt\\\">\\r\\n                    El PSOE de Santo\\u00f1a ha pedido garantizar un adecuado funcionamiento del sistema de alumbrado p\\u00fablico...                <\\\/div>\\r\\n            <\\\/div>\\r\\n\\r\\n        <\\\/div>\\r\\n\\r\\n        \\n\\t<\\\/div> <!-- .\\\/td-block-span4 -->\\n\\n\\t<div class=\\\"td-block-span4\\\">\\n\\r\\n        <div class=\\\"td_module_mx7 td_module_wrap td-animation-stack td-meta-info-hide\\\">\\r\\n            <div class=\\\"td-module-image\\\">\\r\\n                <div class=\\\"td-module-thumb\\\"><a href=\\\"https:\\\/\\\/www.psc-psoe.es\\\/index.php\\\/2026\\\/02\\\/24\\\/el-psoe-de-santona-pide-que-el-ayuntamiento-adopte-las-medidas-necesarias-para-reabrir-el-centro-de-dia-de-la-infancia\\\/\\\"  rel=\\\"bookmark\\\" class=\\\"td-image-wrap \\\" title=\\\"El PSOE de Santo\\u00f1a pide que el Ayuntamiento adopte las medidas necesarias para reabrir el Centro de D\\u00eda de la Infancia\\\" ><img width=\\\"218\\\" height=\\\"150\\\" class=\\\"entry-thumb\\\" src=\\\"https:\\\/\\\/www.psc-psoe.es\\\/wp-content\\\/uploads\\\/2026\\\/02\\\/PHOTO-2026-02-18-21-32-58-218x150.jpg\\\"  srcset=\\\"https:\\\/\\\/www.psc-psoe.es\\\/wp-content\\\/uploads\\\/2026\\\/02\\\/PHOTO-2026-02-18-21-32-58-218x150.jpg 218w, https:\\\/\\\/www.psc-psoe.es\\\/wp-content\\\/uploads\\\/2026\\\/02\\\/PHOTO-2026-02-18-21-32-58-100x70.jpg 100w\\\" sizes=\\\"(max-width: 218px) 100vw, 218px\\\"  alt=\\\"\\\" title=\\\"El PSOE de Santo\\u00f1a pide que el Ayuntamiento adopte las medidas necesarias para reabrir el Centro de D\\u00eda de la Infancia\\\" \\\/><\\\/a><\\\/div>                            <\\\/div>\\r\\n\\r\\n            <div class=\\\"item-details\\\">\\r\\n                <h3 class=\\\"entry-title td-module-title\\\"><a href=\\\"https:\\\/\\\/www.psc-psoe.es\\\/index.php\\\/2026\\\/02\\\/24\\\/el-psoe-de-santona-pide-que-el-ayuntamiento-adopte-las-medidas-necesarias-para-reabrir-el-centro-de-dia-de-la-infancia\\\/\\\"  rel=\\\"bookmark\\\" title=\\\"El PSOE de Santo\\u00f1a pide que el Ayuntamiento adopte las medidas necesarias para reabrir el Centro de D\\u00eda de la Infancia\\\">El PSOE de Santo\\u00f1a pide que el Ayuntamiento adopte las medidas necesarias para reabrir el Centro de D\\u00eda de la Infancia<\\\/a><\\\/h3>\\r\\n                <div class=\\\"td-module-meta-info\\\">\\r\\n                                                                            <\\\/div>\\r\\n\\r\\n                <div class=\\\"td-excerpt\\\">\\r\\n                    El PSOE de Santo\\u00f1a ha pedido que el Ayuntamiento adopte las medidas necesarias para cubrir...                <\\\/div>\\r\\n            <\\\/div>\\r\\n\\r\\n        <\\\/div>\\r\\n\\r\\n        \\n\\t<\\\/div> <!-- .\\\/td-block-span4 -->\\n\\n\\t<div class=\\\"td-block-span4\\\">\\n\\r\\n        <div class=\\\"td_module_mx7 td_module_wrap td-animation-stack td-meta-info-hide\\\">\\r\\n            <div class=\\\"td-module-image\\\">\\r\\n                <div class=\\\"td-module-thumb\\\"><a href=\\\"https:\\\/\\\/www.psc-psoe.es\\\/index.php\\\/2026\\\/02\\\/10\\\/el-psoe-de-santona-pide-paralizar-y-suspender-la-eliminacion-y-clausura-de-los-contenedores-soterrados\\\/\\\"  rel=\\\"bookmark\\\" class=\\\"td-image-wrap \\\" title=\\\"El PSOE de Santo\\u00f1a pide paralizar y suspender la eliminaci\\u00f3n y clausura de los contenedores soterrados\\\" ><img width=\\\"218\\\" height=\\\"150\\\" class=\\\"entry-thumb\\\" src=\\\"https:\\\/\\\/www.psc-psoe.es\\\/wp-content\\\/uploads\\\/2025\\\/08\\\/Carmen-Gonzalez-Caballero-2-218x150.jpg\\\"  srcset=\\\"https:\\\/\\\/www.psc-psoe.es\\\/wp-content\\\/uploads\\\/2025\\\/08\\\/Carmen-Gonzalez-Caballero-2-218x150.jpg 218w, https:\\\/\\\/www.psc-psoe.es\\\/wp-content\\\/uploads\\\/2025\\\/08\\\/Carmen-Gonzalez-Caballero-2-100x70.jpg 100w\\\" sizes=\\\"(max-width: 218px) 100vw, 218px\\\"  alt=\\\"\\\" title=\\\"El PSOE de Santo\\u00f1a pide paralizar y suspender la eliminaci\\u00f3n y clausura de los contenedores soterrados\\\" \\\/><\\\/a><\\\/div>                            <\\\/div>\\r\\n\\r\\n            <div class=\\\"item-details\\\">\\r\\n                <h3 class=\\\"entry-title td-module-title\\\"><a href=\\\"https:\\\/\\\/www.psc-psoe.es\\\/index.php\\\/2026\\\/02\\\/10\\\/el-psoe-de-santona-pide-paralizar-y-suspender-la-eliminacion-y-clausura-de-los-contenedores-soterrados\\\/\\\"  rel=\\\"bookmark\\\" title=\\\"El PSOE de Santo\\u00f1a pide paralizar y suspender la eliminaci\\u00f3n y clausura de los contenedores soterrados\\\">El PSOE de Santo\\u00f1a pide paralizar y suspender la eliminaci\\u00f3n y clausura de los contenedores soterrados<\\\/a><\\\/h3>\\r\\n                <div class=\\\"td-module-meta-info\\\">\\r\\n                                                                            <\\\/div>\\r\\n\\r\\n                <div class=\\\"td-excerpt\\\">\\r\\n                    El Grupo Municipal Socialista del Ayuntamiento de Santo\\u00f1a ha pedido en una moci\\u00f3n, que se...                <\\\/div>\\r\\n            <\\\/div>\\r\\n\\r\\n        <\\\/div>\\r\\n\\r\\n        \\n\\t<\\\/div> <!-- .\\\/td-block-span4 --><\\\/div><!--.\\\/row-fluid-->\\n\\n\\t<div class=\\\"td-block-row\\\">\\n\\n\\t<div class=\\\"td-block-span4\\\">\\n\\r\\n        <div class=\\\"td_module_mx7 td_module_wrap td-animation-stack td-meta-info-hide\\\">\\r\\n            <div class=\\\"td-module-image\\\">\\r\\n                <div class=\\\"td-module-thumb\\\"><a href=\\\"https:\\\/\\\/www.psc-psoe.es\\\/index.php\\\/2025\\\/12\\\/18\\\/el-psoe-de-santona-frena-en-seco-la-subida-del-52-de-el-gullarazo-la-tasa-de-basuras-aprobada-por-santoneses-y-el-pp\\\/\\\"  rel=\\\"bookmark\\\" class=\\\"td-image-wrap \\\" title=\\\"El PSOE de Santo\\u00f1a frena \\u201cen seco\\u201d la subida del 52% de \\u201cel gullarazo\\u201d la tasa de basuras aprobada por Santo\\u00f1eses y el PP\\\" ><img width=\\\"218\\\" height=\\\"150\\\" class=\\\"entry-thumb\\\" src=\\\"https:\\\/\\\/www.psc-psoe.es\\\/wp-content\\\/uploads\\\/2025\\\/12\\\/Carmen-Gonzalez-Caballero-218x150.jpg\\\"  srcset=\\\"https:\\\/\\\/www.psc-psoe.es\\\/wp-content\\\/uploads\\\/2025\\\/12\\\/Carmen-Gonzalez-Caballero-218x150.jpg 218w, https:\\\/\\\/www.psc-psoe.es\\\/wp-content\\\/uploads\\\/2025\\\/12\\\/Carmen-Gonzalez-Caballero-100x70.jpg 100w\\\" sizes=\\\"(max-width: 218px) 100vw, 218px\\\"  alt=\\\"\\\" title=\\\"El PSOE de Santo\\u00f1a frena \\u201cen seco\\u201d la subida del 52% de \\u201cel gullarazo\\u201d la tasa de basuras aprobada por Santo\\u00f1eses y el PP\\\" \\\/><\\\/a><\\\/div>                            <\\\/div>\\r\\n\\r\\n            <div class=\\\"item-details\\\">\\r\\n                <h3 class=\\\"entry-title td-module-title\\\"><a href=\\\"https:\\\/\\\/www.psc-psoe.es\\\/index.php\\\/2025\\\/12\\\/18\\\/el-psoe-de-santona-frena-en-seco-la-subida-del-52-de-el-gullarazo-la-tasa-de-basuras-aprobada-por-santoneses-y-el-pp\\\/\\\"  rel=\\\"bookmark\\\" title=\\\"El PSOE de Santo\\u00f1a frena \\u201cen seco\\u201d la subida del 52% de \\u201cel gullarazo\\u201d la tasa de basuras aprobada por Santo\\u00f1eses y el PP\\\">El PSOE de Santo\\u00f1a frena \\u201cen seco\\u201d la subida del 52% de \\u201cel gullarazo\\u201d la tasa de basuras aprobada por Santo\\u00f1eses y el PP<\\\/a><\\\/h3>\\r\\n                <div class=\\\"td-module-meta-info\\\">\\r\\n                                                                            <\\\/div>\\r\\n\\r\\n                <div class=\\\"td-excerpt\\\">\\r\\n                    El PSOE de Santo\\u00f1a ha frenado \\u201cen seco\\u201d la subida del 52% de \\u201cel gullarazo\\u201d...                <\\\/div>\\r\\n            <\\\/div>\\r\\n\\r\\n        <\\\/div>\\r\\n\\r\\n        \\n\\t<\\\/div> <!-- .\\\/td-block-span4 -->\\n\\n\\t<div class=\\\"td-block-span4\\\">\\n\\r\\n        <div class=\\\"td_module_mx7 td_module_wrap td-animation-stack td-meta-info-hide\\\">\\r\\n            <div class=\\\"td-module-image\\\">\\r\\n                <div class=\\\"td-module-thumb\\\"><a href=\\\"https:\\\/\\\/www.psc-psoe.es\\\/index.php\\\/2025\\\/11\\\/04\\\/el-psoe-de-limpias-critica-que-el-pp-apruebe-a-espaldas-de-los-vecinos-una-dedicacion-exclusiva-para-la-teniente-de-alcalde-que-cobrara-25-500-euros\\\/\\\"  rel=\\\"bookmark\\\" class=\\\"td-image-wrap \\\" title=\\\"El PSOE de Limpias critica que el PP apruebe \\u201ca espaldas de los vecinos\\u201d una dedicaci\\u00f3n exclusiva para la teniente de alcalde, que cobrar\\u00e1 25.500 euros\\\" ><img width=\\\"218\\\" height=\\\"150\\\" class=\\\"entry-thumb\\\" src=\\\"https:\\\/\\\/www.psc-psoe.es\\\/wp-content\\\/uploads\\\/2025\\\/11\\\/5bc4972e-22ed-4d34-a873-259705309fcf-218x150.jpg\\\"  srcset=\\\"https:\\\/\\\/www.psc-psoe.es\\\/wp-content\\\/uploads\\\/2025\\\/11\\\/5bc4972e-22ed-4d34-a873-259705309fcf-218x150.jpg 218w, https:\\\/\\\/www.psc-psoe.es\\\/wp-content\\\/uploads\\\/2025\\\/11\\\/5bc4972e-22ed-4d34-a873-259705309fcf-100x70.jpg 100w\\\" sizes=\\\"(max-width: 218px) 100vw, 218px\\\"  alt=\\\"\\\" title=\\\"El PSOE de Limpias critica que el PP apruebe \\u201ca espaldas de los vecinos\\u201d una dedicaci\\u00f3n exclusiva para la teniente de alcalde, que cobrar\\u00e1 25.500 euros\\\" \\\/><\\\/a><\\\/div>                            <\\\/div>\\r\\n\\r\\n            <div class=\\\"item-details\\\">\\r\\n                <h3 class=\\\"entry-title td-module-title\\\"><a href=\\\"https:\\\/\\\/www.psc-psoe.es\\\/index.php\\\/2025\\\/11\\\/04\\\/el-psoe-de-limpias-critica-que-el-pp-apruebe-a-espaldas-de-los-vecinos-una-dedicacion-exclusiva-para-la-teniente-de-alcalde-que-cobrara-25-500-euros\\\/\\\"  rel=\\\"bookmark\\\" title=\\\"El PSOE de Limpias critica que el PP apruebe \\u201ca espaldas de los vecinos\\u201d una dedicaci\\u00f3n exclusiva para la teniente de alcalde, que cobrar\\u00e1 25.500 euros\\\">El PSOE de Limpias critica que el PP apruebe \\u201ca espaldas de los vecinos\\u201d una dedicaci\\u00f3n exclusiva para la teniente de alcalde, que cobrar\\u00e1...<\\\/a><\\\/h3>\\r\\n                <div class=\\\"td-module-meta-info\\\">\\r\\n                                                                            <\\\/div>\\r\\n\\r\\n                <div class=\\\"td-excerpt\\\">\\r\\n                    El PSOE de Limpias ha criticado que el PP critique las subidas del Salario M\\u00ednimo...                <\\\/div>\\r\\n            <\\\/div>\\r\\n\\r\\n        <\\\/div>\\r\\n\\r\\n        \\n\\t<\\\/div> <!-- .\\\/td-block-span4 -->\\n\\n\\t<div class=\\\"td-block-span4\\\">\\n\\r\\n        <div class=\\\"td_module_mx7 td_module_wrap td-animation-stack td-meta-info-hide\\\">\\r\\n            <div class=\\\"td-module-image\\\">\\r\\n                <div class=\\\"td-module-thumb\\\"><a href=\\\"https:\\\/\\\/www.psc-psoe.es\\\/index.php\\\/2025\\\/10\\\/23\\\/el-psoe-afirma-que-toca-actuar-con-responsabilidad-y-abandonar-la-estrategia-politica-del-pp-y-prc-que-han-puesto-en-riesgo-el-futuro-economico-de-noja\\\/\\\"  rel=\\\"bookmark\\\" class=\\\"td-image-wrap \\\" title=\\\"El PSOE afirma que toca actuar con responsabilidad y abandonar la estrategia pol\\u00edtica del PP y PRC \\u201cque han puesto en riesgo el futuro econ\\u00f3mico de Noja\\u201d\\\" ><img width=\\\"218\\\" height=\\\"150\\\" class=\\\"entry-thumb\\\" src=\\\"https:\\\/\\\/www.psc-psoe.es\\\/wp-content\\\/uploads\\\/2025\\\/10\\\/2017091311493046180-218x150.webp\\\"  srcset=\\\"https:\\\/\\\/www.psc-psoe.es\\\/wp-content\\\/uploads\\\/2025\\\/10\\\/2017091311493046180-218x150.webp 218w, https:\\\/\\\/www.psc-psoe.es\\\/wp-content\\\/uploads\\\/2025\\\/10\\\/2017091311493046180-100x70.webp 100w\\\" sizes=\\\"(max-width: 218px) 100vw, 218px\\\"  alt=\\\"\\\" title=\\\"El PSOE afirma que toca actuar con responsabilidad y abandonar la estrategia pol\\u00edtica del PP y PRC \\u201cque han puesto en riesgo el futuro econ\\u00f3mico de Noja\\u201d\\\" \\\/><\\\/a><\\\/div>                            <\\\/div>\\r\\n\\r\\n            <div class=\\\"item-details\\\">\\r\\n                <h3 class=\\\"entry-title td-module-title\\\"><a href=\\\"https:\\\/\\\/www.psc-psoe.es\\\/index.php\\\/2025\\\/10\\\/23\\\/el-psoe-afirma-que-toca-actuar-con-responsabilidad-y-abandonar-la-estrategia-politica-del-pp-y-prc-que-han-puesto-en-riesgo-el-futuro-economico-de-noja\\\/\\\"  rel=\\\"bookmark\\\" title=\\\"El PSOE afirma que toca actuar con responsabilidad y abandonar la estrategia pol\\u00edtica del PP y PRC \\u201cque han puesto en riesgo el futuro econ\\u00f3mico de Noja\\u201d\\\">El PSOE afirma que toca actuar con responsabilidad y abandonar la estrategia pol\\u00edtica del PP y PRC \\u201cque han puesto en riesgo el futuro...<\\\/a><\\\/h3>\\r\\n                <div class=\\\"td-module-meta-info\\\">\\r\\n                                                                            <\\\/div>\\r\\n\\r\\n                <div class=\\\"td-excerpt\\\">\\r\\n                    El\\u00a0secretario general del PSOE de Noja, Francisco Javier Mart\\u00edn, ha manifestado que la posici\\u00f3n de...                <\\\/div>\\r\\n            <\\\/div>\\r\\n\\r\\n        <\\\/div>\\r\\n\\r\\n        \\n\\t<\\\/div> <!-- .\\\/td-block-span4 --><\\\/div><!--.\\\/row-fluid-->\",\"td_block_id\":\"tdi_64\",\"td_hide_prev\":true,\"td_hide_next\":false}));\r\n                                                    tmpObj = JSON.parse(JSON.stringify(block_tdi_64));\r\n                            tmpObj.is_ajax_running = true;\r\n                            tmpObj.td_current_page = 1;\r\n                            tmpObj.td_filter_value = 40;\r\n                            var currentBlockObjSignature = JSON.stringify(tmpObj);\r\n                            tdLocalCache.set(currentBlockObjSignature, JSON.stringify({\"td_data\":\"\\n\\n\\t<div class=\\\"td-block-row\\\">\\n\\n\\t<div class=\\\"td-block-span4\\\">\\n\\r\\n        <div class=\\\"td_module_mx7 td_module_wrap td-animation-stack td-meta-info-hide\\\">\\r\\n            <div class=\\\"td-module-image\\\">\\r\\n                <div class=\\\"td-module-thumb\\\"><a href=\\\"https:\\\/\\\/www.psc-psoe.es\\\/index.php\\\/2026\\\/02\\\/09\\\/el-psoe-de-limpias-denuncia-la-falta-de-transparencia-del-equipo-de-gobierno-en-la-gestion-urbanistica-que-afecta-directamente-a-la-teniente-alcalde-y-a-su-marido\\\/\\\"  rel=\\\"bookmark\\\" class=\\\"td-image-wrap \\\" title=\\\"El PSOE de Limpias denuncia la falta de transparencia del equipo de gobierno en la gesti\\u00f3n urban\\u00edstica que afecta directamente a la Teniente Alcalde y a su marido\\\" ><img width=\\\"218\\\" height=\\\"150\\\" class=\\\"entry-thumb\\\" src=\\\"https:\\\/\\\/www.psc-psoe.es\\\/wp-content\\\/uploads\\\/2025\\\/07\\\/PSOE-Limpias-218x150.jpg\\\"  srcset=\\\"https:\\\/\\\/www.psc-psoe.es\\\/wp-content\\\/uploads\\\/2025\\\/07\\\/PSOE-Limpias-218x150.jpg 218w, https:\\\/\\\/www.psc-psoe.es\\\/wp-content\\\/uploads\\\/2025\\\/07\\\/PSOE-Limpias-100x70.jpg 100w\\\" sizes=\\\"(max-width: 218px) 100vw, 218px\\\"  alt=\\\"\\\" title=\\\"El PSOE de Limpias denuncia la falta de transparencia del equipo de gobierno en la gesti\\u00f3n urban\\u00edstica que afecta directamente a la Teniente Alcalde y a su marido\\\" \\\/><\\\/a><\\\/div>                            <\\\/div>\\r\\n\\r\\n            <div class=\\\"item-details\\\">\\r\\n                <h3 class=\\\"entry-title td-module-title\\\"><a href=\\\"https:\\\/\\\/www.psc-psoe.es\\\/index.php\\\/2026\\\/02\\\/09\\\/el-psoe-de-limpias-denuncia-la-falta-de-transparencia-del-equipo-de-gobierno-en-la-gestion-urbanistica-que-afecta-directamente-a-la-teniente-alcalde-y-a-su-marido\\\/\\\"  rel=\\\"bookmark\\\" title=\\\"El PSOE de Limpias denuncia la falta de transparencia del equipo de gobierno en la gesti\\u00f3n urban\\u00edstica que afecta directamente a la Teniente Alcalde y a su marido\\\">El PSOE de Limpias denuncia la falta de transparencia del equipo de gobierno en la gesti\\u00f3n urban\\u00edstica que afecta directamente a la Teniente Alcalde...<\\\/a><\\\/h3>\\r\\n                <div class=\\\"td-module-meta-info\\\">\\r\\n                                                                            <\\\/div>\\r\\n\\r\\n                <div class=\\\"td-excerpt\\\">\\r\\n                    El Grupo Municipal Socialista del Ayuntamiento de Limpias ha denunciado la falta de transparencia y...                <\\\/div>\\r\\n            <\\\/div>\\r\\n\\r\\n        <\\\/div>\\r\\n\\r\\n        \\n\\t<\\\/div> <!-- .\\\/td-block-span4 -->\\n\\n\\t<div class=\\\"td-block-span4\\\">\\n\\r\\n        <div class=\\\"td_module_mx7 td_module_wrap td-animation-stack td-meta-info-hide\\\">\\r\\n            <div class=\\\"td-module-image\\\">\\r\\n                <div class=\\\"td-module-thumb\\\"><a href=\\\"https:\\\/\\\/www.psc-psoe.es\\\/index.php\\\/2025\\\/12\\\/03\\\/el-psoe-de-limpias-muestra-su-sorpresa-ante-la-denuncia-presentada-por-el-marido-de-la-concejala-de-obras\\\/\\\"  rel=\\\"bookmark\\\" class=\\\"td-image-wrap \\\" title=\\\"El PSOE de Limpias muestra su \\u201csorpresa\\u201d ante la denuncia presentada por el marido de la concejala de Obras\\\" ><img width=\\\"218\\\" height=\\\"150\\\" class=\\\"entry-thumb\\\" src=\\\"https:\\\/\\\/www.psc-psoe.es\\\/wp-content\\\/uploads\\\/2025\\\/07\\\/PSOE-Limpias-218x150.jpg\\\"  srcset=\\\"https:\\\/\\\/www.psc-psoe.es\\\/wp-content\\\/uploads\\\/2025\\\/07\\\/PSOE-Limpias-218x150.jpg 218w, https:\\\/\\\/www.psc-psoe.es\\\/wp-content\\\/uploads\\\/2025\\\/07\\\/PSOE-Limpias-100x70.jpg 100w\\\" sizes=\\\"(max-width: 218px) 100vw, 218px\\\"  alt=\\\"\\\" title=\\\"El PSOE de Limpias muestra su \\u201csorpresa\\u201d ante la denuncia presentada por el marido de la concejala de Obras\\\" \\\/><\\\/a><\\\/div>                            <\\\/div>\\r\\n\\r\\n            <div class=\\\"item-details\\\">\\r\\n                <h3 class=\\\"entry-title td-module-title\\\"><a href=\\\"https:\\\/\\\/www.psc-psoe.es\\\/index.php\\\/2025\\\/12\\\/03\\\/el-psoe-de-limpias-muestra-su-sorpresa-ante-la-denuncia-presentada-por-el-marido-de-la-concejala-de-obras\\\/\\\"  rel=\\\"bookmark\\\" title=\\\"El PSOE de Limpias muestra su \\u201csorpresa\\u201d ante la denuncia presentada por el marido de la concejala de Obras\\\">El PSOE de Limpias muestra su \\u201csorpresa\\u201d ante la denuncia presentada por el marido de la concejala de Obras<\\\/a><\\\/h3>\\r\\n                <div class=\\\"td-module-meta-info\\\">\\r\\n                                                                            <\\\/div>\\r\\n\\r\\n                <div class=\\\"td-excerpt\\\">\\r\\n                    El portavoz del Grupo Municipal Socialista de Limpias, C\\u00e9sar Canales, ha manifestado la \\u201csorpresa\\u201d ante...                <\\\/div>\\r\\n            <\\\/div>\\r\\n\\r\\n        <\\\/div>\\r\\n\\r\\n        \\n\\t<\\\/div> <!-- .\\\/td-block-span4 -->\\n\\n\\t<div class=\\\"td-block-span4\\\">\\n\\r\\n        <div class=\\\"td_module_mx7 td_module_wrap td-animation-stack td-meta-info-hide\\\">\\r\\n            <div class=\\\"td-module-image\\\">\\r\\n                <div class=\\\"td-module-thumb\\\"><a href=\\\"https:\\\/\\\/www.psc-psoe.es\\\/index.php\\\/2025\\\/11\\\/14\\\/el-psoe-de-ruesga-denuncia-que-los-vecinos-de-la-alcomba-estan-consumiendo-agua-no-potable-sin-que-el-ayuntamiento-informe\\\/\\\"  rel=\\\"bookmark\\\" class=\\\"td-image-wrap \\\" title=\\\"El PSOE de Ruesga denuncia que los vecinos de La Alcomba est\\u00e1n consumiendo agua no potable, sin que el Ayuntamiento informe\\\" ><img width=\\\"218\\\" height=\\\"150\\\" class=\\\"entry-thumb\\\" src=\\\"https:\\\/\\\/www.psc-psoe.es\\\/wp-content\\\/uploads\\\/2025\\\/09\\\/Agua-Ruesga-218x150.jpg\\\"  srcset=\\\"https:\\\/\\\/www.psc-psoe.es\\\/wp-content\\\/uploads\\\/2025\\\/09\\\/Agua-Ruesga-218x150.jpg 218w, https:\\\/\\\/www.psc-psoe.es\\\/wp-content\\\/uploads\\\/2025\\\/09\\\/Agua-Ruesga-100x70.jpg 100w\\\" sizes=\\\"(max-width: 218px) 100vw, 218px\\\"  alt=\\\"\\\" title=\\\"El PSOE de Ruesga denuncia que los vecinos de La Alcomba est\\u00e1n consumiendo agua no potable, sin que el Ayuntamiento informe\\\" \\\/><\\\/a><\\\/div>                            <\\\/div>\\r\\n\\r\\n            <div class=\\\"item-details\\\">\\r\\n                <h3 class=\\\"entry-title td-module-title\\\"><a href=\\\"https:\\\/\\\/www.psc-psoe.es\\\/index.php\\\/2025\\\/11\\\/14\\\/el-psoe-de-ruesga-denuncia-que-los-vecinos-de-la-alcomba-estan-consumiendo-agua-no-potable-sin-que-el-ayuntamiento-informe\\\/\\\"  rel=\\\"bookmark\\\" title=\\\"El PSOE de Ruesga denuncia que los vecinos de La Alcomba est\\u00e1n consumiendo agua no potable, sin que el Ayuntamiento informe\\\">El PSOE de Ruesga denuncia que los vecinos de La Alcomba est\\u00e1n consumiendo agua no potable, sin que el Ayuntamiento informe<\\\/a><\\\/h3>\\r\\n                <div class=\\\"td-module-meta-info\\\">\\r\\n                                                                            <\\\/div>\\r\\n\\r\\n                <div class=\\\"td-excerpt\\\">\\r\\n                    El PSOE de Ruesga denuncia que los vecinos de La Alcomba est\\u00e1n consumiendo agua no...                <\\\/div>\\r\\n            <\\\/div>\\r\\n\\r\\n        <\\\/div>\\r\\n\\r\\n        \\n\\t<\\\/div> <!-- .\\\/td-block-span4 --><\\\/div><!--.\\\/row-fluid-->\\n\\n\\t<div class=\\\"td-block-row\\\">\\n\\n\\t<div class=\\\"td-block-span4\\\">\\n\\r\\n        <div class=\\\"td_module_mx7 td_module_wrap td-animation-stack td-meta-info-hide\\\">\\r\\n            <div class=\\\"td-module-image\\\">\\r\\n                <div class=\\\"td-module-thumb\\\"><a href=\\\"https:\\\/\\\/www.psc-psoe.es\\\/index.php\\\/2025\\\/11\\\/04\\\/el-psoe-de-limpias-critica-que-el-pp-apruebe-a-espaldas-de-los-vecinos-una-dedicacion-exclusiva-para-la-teniente-de-alcalde-que-cobrara-25-500-euros\\\/\\\"  rel=\\\"bookmark\\\" class=\\\"td-image-wrap \\\" title=\\\"El PSOE de Limpias critica que el PP apruebe \\u201ca espaldas de los vecinos\\u201d una dedicaci\\u00f3n exclusiva para la teniente de alcalde, que cobrar\\u00e1 25.500 euros\\\" ><img width=\\\"218\\\" height=\\\"150\\\" class=\\\"entry-thumb\\\" src=\\\"https:\\\/\\\/www.psc-psoe.es\\\/wp-content\\\/uploads\\\/2025\\\/11\\\/5bc4972e-22ed-4d34-a873-259705309fcf-218x150.jpg\\\"  srcset=\\\"https:\\\/\\\/www.psc-psoe.es\\\/wp-content\\\/uploads\\\/2025\\\/11\\\/5bc4972e-22ed-4d34-a873-259705309fcf-218x150.jpg 218w, https:\\\/\\\/www.psc-psoe.es\\\/wp-content\\\/uploads\\\/2025\\\/11\\\/5bc4972e-22ed-4d34-a873-259705309fcf-100x70.jpg 100w\\\" sizes=\\\"(max-width: 218px) 100vw, 218px\\\"  alt=\\\"\\\" title=\\\"El PSOE de Limpias critica que el PP apruebe \\u201ca espaldas de los vecinos\\u201d una dedicaci\\u00f3n exclusiva para la teniente de alcalde, que cobrar\\u00e1 25.500 euros\\\" \\\/><\\\/a><\\\/div>                            <\\\/div>\\r\\n\\r\\n            <div class=\\\"item-details\\\">\\r\\n                <h3 class=\\\"entry-title td-module-title\\\"><a href=\\\"https:\\\/\\\/www.psc-psoe.es\\\/index.php\\\/2025\\\/11\\\/04\\\/el-psoe-de-limpias-critica-que-el-pp-apruebe-a-espaldas-de-los-vecinos-una-dedicacion-exclusiva-para-la-teniente-de-alcalde-que-cobrara-25-500-euros\\\/\\\"  rel=\\\"bookmark\\\" title=\\\"El PSOE de Limpias critica que el PP apruebe \\u201ca espaldas de los vecinos\\u201d una dedicaci\\u00f3n exclusiva para la teniente de alcalde, que cobrar\\u00e1 25.500 euros\\\">El PSOE de Limpias critica que el PP apruebe \\u201ca espaldas de los vecinos\\u201d una dedicaci\\u00f3n exclusiva para la teniente de alcalde, que cobrar\\u00e1...<\\\/a><\\\/h3>\\r\\n                <div class=\\\"td-module-meta-info\\\">\\r\\n                                                                            <\\\/div>\\r\\n\\r\\n                <div class=\\\"td-excerpt\\\">\\r\\n                    El PSOE de Limpias ha criticado que el PP critique las subidas del Salario M\\u00ednimo...                <\\\/div>\\r\\n            <\\\/div>\\r\\n\\r\\n        <\\\/div>\\r\\n\\r\\n        \\n\\t<\\\/div> <!-- .\\\/td-block-span4 -->\\n\\n\\t<div class=\\\"td-block-span4\\\">\\n\\r\\n        <div class=\\\"td_module_mx7 td_module_wrap td-animation-stack td-meta-info-hide\\\">\\r\\n            <div class=\\\"td-module-image\\\">\\r\\n                <div class=\\\"td-module-thumb\\\"><a href=\\\"https:\\\/\\\/www.psc-psoe.es\\\/index.php\\\/2025\\\/10\\\/14\\\/el-psoe-de-ruesga-denuncia-que-los-vecinos-de-matienzo-estan-consumiendo-agua-no-potable\\\/\\\"  rel=\\\"bookmark\\\" class=\\\"td-image-wrap \\\" title=\\\"El PSOE de Ruesga denuncia que los vecinos de Matienzo est\\u00e1n consumiendo agua no potable\\\" ><img width=\\\"218\\\" height=\\\"150\\\" class=\\\"entry-thumb\\\" src=\\\"https:\\\/\\\/www.psc-psoe.es\\\/wp-content\\\/uploads\\\/2025\\\/09\\\/Agua-Ruesga-218x150.jpg\\\"  srcset=\\\"https:\\\/\\\/www.psc-psoe.es\\\/wp-content\\\/uploads\\\/2025\\\/09\\\/Agua-Ruesga-218x150.jpg 218w, https:\\\/\\\/www.psc-psoe.es\\\/wp-content\\\/uploads\\\/2025\\\/09\\\/Agua-Ruesga-100x70.jpg 100w\\\" sizes=\\\"(max-width: 218px) 100vw, 218px\\\"  alt=\\\"\\\" title=\\\"El PSOE de Ruesga denuncia que los vecinos de Matienzo est\\u00e1n consumiendo agua no potable\\\" \\\/><\\\/a><\\\/div>                            <\\\/div>\\r\\n\\r\\n            <div class=\\\"item-details\\\">\\r\\n                <h3 class=\\\"entry-title td-module-title\\\"><a href=\\\"https:\\\/\\\/www.psc-psoe.es\\\/index.php\\\/2025\\\/10\\\/14\\\/el-psoe-de-ruesga-denuncia-que-los-vecinos-de-matienzo-estan-consumiendo-agua-no-potable\\\/\\\"  rel=\\\"bookmark\\\" title=\\\"El PSOE de Ruesga denuncia que los vecinos de Matienzo est\\u00e1n consumiendo agua no potable\\\">El PSOE de Ruesga denuncia que los vecinos de Matienzo est\\u00e1n consumiendo agua no potable<\\\/a><\\\/h3>\\r\\n                <div class=\\\"td-module-meta-info\\\">\\r\\n                                                                            <\\\/div>\\r\\n\\r\\n                <div class=\\\"td-excerpt\\\">\\r\\n                    El secretario general del PSOE Ruesga, Juan Carlos Urresti, ha denunciado que los vecinos de...                <\\\/div>\\r\\n            <\\\/div>\\r\\n\\r\\n        <\\\/div>\\r\\n\\r\\n        \\n\\t<\\\/div> <!-- .\\\/td-block-span4 -->\\n\\n\\t<div class=\\\"td-block-span4\\\">\\n\\r\\n        <div class=\\\"td_module_mx7 td_module_wrap td-animation-stack td-meta-info-hide\\\">\\r\\n            <div class=\\\"td-module-image\\\">\\r\\n                <div class=\\\"td-module-thumb\\\"><a href=\\\"https:\\\/\\\/www.psc-psoe.es\\\/index.php\\\/2025\\\/10\\\/09\\\/el-psoe-de-ruesga-denuncia-que-el-ayuntamiento-y-la-empresa-aquarbe-tienen-el-agua-de-cinco-pueblos-sin-clorar\\\/\\\"  rel=\\\"bookmark\\\" class=\\\"td-image-wrap \\\" title=\\\"El PSOE de Ruesga denuncia que el Ayuntamiento y la empresa Aquarbe tienen el agua de cinco pueblos sin clorar\\\" ><img width=\\\"218\\\" height=\\\"150\\\" class=\\\"entry-thumb\\\" src=\\\"https:\\\/\\\/www.psc-psoe.es\\\/wp-content\\\/uploads\\\/2025\\\/10\\\/Agua-Ruesga-2-218x150.jpg\\\"  srcset=\\\"https:\\\/\\\/www.psc-psoe.es\\\/wp-content\\\/uploads\\\/2025\\\/10\\\/Agua-Ruesga-2-218x150.jpg 218w, https:\\\/\\\/www.psc-psoe.es\\\/wp-content\\\/uploads\\\/2025\\\/10\\\/Agua-Ruesga-2-100x70.jpg 100w\\\" sizes=\\\"(max-width: 218px) 100vw, 218px\\\"  alt=\\\"\\\" title=\\\"El PSOE de Ruesga denuncia que el Ayuntamiento y la empresa Aquarbe tienen el agua de cinco pueblos sin clorar\\\" \\\/><\\\/a><\\\/div>                            <\\\/div>\\r\\n\\r\\n            <div class=\\\"item-details\\\">\\r\\n                <h3 class=\\\"entry-title td-module-title\\\"><a href=\\\"https:\\\/\\\/www.psc-psoe.es\\\/index.php\\\/2025\\\/10\\\/09\\\/el-psoe-de-ruesga-denuncia-que-el-ayuntamiento-y-la-empresa-aquarbe-tienen-el-agua-de-cinco-pueblos-sin-clorar\\\/\\\"  rel=\\\"bookmark\\\" title=\\\"El PSOE de Ruesga denuncia que el Ayuntamiento y la empresa Aquarbe tienen el agua de cinco pueblos sin clorar\\\">El PSOE de Ruesga denuncia que el Ayuntamiento y la empresa Aquarbe tienen el agua de cinco pueblos sin clorar<\\\/a><\\\/h3>\\r\\n                <div class=\\\"td-module-meta-info\\\">\\r\\n                                                                            <\\\/div>\\r\\n\\r\\n                <div class=\\\"td-excerpt\\\">\\r\\n                    El PSOE de Ruesga ha denunciado que el Ayuntamiento y la empresa Aquarbe tienen a...                <\\\/div>\\r\\n            <\\\/div>\\r\\n\\r\\n        <\\\/div>\\r\\n\\r\\n        \\n\\t<\\\/div> <!-- .\\\/td-block-span4 --><\\\/div><!--.\\\/row-fluid-->\\n\\n\\t<div class=\\\"td-block-row\\\">\\n\\n\\t<div class=\\\"td-block-span4\\\">\\n\\r\\n        <div class=\\\"td_module_mx7 td_module_wrap td-animation-stack td-meta-info-hide\\\">\\r\\n            <div class=\\\"td-module-image\\\">\\r\\n                <div class=\\\"td-module-thumb\\\"><a href=\\\"https:\\\/\\\/www.psc-psoe.es\\\/index.php\\\/2025\\\/09\\\/26\\\/el-psoe-de-ruesga-pedira-una-reunion-al-alcalde-para-trasladarle-muestras-de-la-mala-calidad-del-agua-en-los-pueblos-de-mentera-barruelo\\\/\\\"  rel=\\\"bookmark\\\" class=\\\"td-image-wrap \\\" title=\\\"El PSOE de Ruesga pedir\\u00e1 una reuni\\u00f3n al alcalde para trasladarle muestras de la mala calidad del agua en los pueblos de Mentera- Barruelo\\\" ><img width=\\\"218\\\" height=\\\"150\\\" class=\\\"entry-thumb\\\" src=\\\"https:\\\/\\\/www.psc-psoe.es\\\/wp-content\\\/uploads\\\/2025\\\/09\\\/Agua-Ruesga-218x150.jpg\\\"  srcset=\\\"https:\\\/\\\/www.psc-psoe.es\\\/wp-content\\\/uploads\\\/2025\\\/09\\\/Agua-Ruesga-218x150.jpg 218w, https:\\\/\\\/www.psc-psoe.es\\\/wp-content\\\/uploads\\\/2025\\\/09\\\/Agua-Ruesga-100x70.jpg 100w\\\" sizes=\\\"(max-width: 218px) 100vw, 218px\\\"  alt=\\\"\\\" title=\\\"El PSOE de Ruesga pedir\\u00e1 una reuni\\u00f3n al alcalde para trasladarle muestras de la mala calidad del agua en los pueblos de Mentera- Barruelo\\\" \\\/><\\\/a><\\\/div>                            <\\\/div>\\r\\n\\r\\n            <div class=\\\"item-details\\\">\\r\\n                <h3 class=\\\"entry-title td-module-title\\\"><a href=\\\"https:\\\/\\\/www.psc-psoe.es\\\/index.php\\\/2025\\\/09\\\/26\\\/el-psoe-de-ruesga-pedira-una-reunion-al-alcalde-para-trasladarle-muestras-de-la-mala-calidad-del-agua-en-los-pueblos-de-mentera-barruelo\\\/\\\"  rel=\\\"bookmark\\\" title=\\\"El PSOE de Ruesga pedir\\u00e1 una reuni\\u00f3n al alcalde para trasladarle muestras de la mala calidad del agua en los pueblos de Mentera- Barruelo\\\">El PSOE de Ruesga pedir\\u00e1 una reuni\\u00f3n al alcalde para trasladarle muestras de la mala calidad del agua en los pueblos de Mentera- Barruelo<\\\/a><\\\/h3>\\r\\n                <div class=\\\"td-module-meta-info\\\">\\r\\n                                                                            <\\\/div>\\r\\n\\r\\n                <div class=\\\"td-excerpt\\\">\\r\\n                    El secretario general de los socialistas de Ruesga, Juan Carlos Urresti, ha pedido una reuni\\u00f3n...                <\\\/div>\\r\\n            <\\\/div>\\r\\n\\r\\n        <\\\/div>\\r\\n\\r\\n        \\n\\t<\\\/div> <!-- .\\\/td-block-span4 -->\\n\\n\\t<div class=\\\"td-block-span4\\\">\\n\\r\\n        <div class=\\\"td_module_mx7 td_module_wrap td-animation-stack td-meta-info-hide\\\">\\r\\n            <div class=\\\"td-module-image\\\">\\r\\n                <div class=\\\"td-module-thumb\\\"><a href=\\\"https:\\\/\\\/www.psc-psoe.es\\\/index.php\\\/2025\\\/09\\\/26\\\/el-psoe-de-sena-considera-lamentable-que-media-tilde-de-circo-politico-de-los-lunes-a-defender-los-derechos-de-los-ciudadanos-en-el-parlamento\\\/\\\"  rel=\\\"bookmark\\\" class=\\\"td-image-wrap \\\" title=\\\"El PSOE de Se\\u00f1a considera lamentable que Media tilde de \\u201ccirco pol\\u00edtico de los lunes\\u201d a defender los derechos de los ciudadanos en el Parlamento\\\" ><img width=\\\"218\\\" height=\\\"150\\\" class=\\\"entry-thumb\\\" src=\\\"https:\\\/\\\/www.psc-psoe.es\\\/wp-content\\\/uploads\\\/2025\\\/09\\\/Jesus-Maria-Rios-Sena-218x150.jpg\\\"  srcset=\\\"https:\\\/\\\/www.psc-psoe.es\\\/wp-content\\\/uploads\\\/2025\\\/09\\\/Jesus-Maria-Rios-Sena-218x150.jpg 218w, https:\\\/\\\/www.psc-psoe.es\\\/wp-content\\\/uploads\\\/2025\\\/09\\\/Jesus-Maria-Rios-Sena-100x70.jpg 100w\\\" sizes=\\\"(max-width: 218px) 100vw, 218px\\\"  alt=\\\"\\\" title=\\\"El PSOE de Se\\u00f1a considera lamentable que Media tilde de \\u201ccirco pol\\u00edtico de los lunes\\u201d a defender los derechos de los ciudadanos en el Parlamento\\\" \\\/><\\\/a><\\\/div>                            <\\\/div>\\r\\n\\r\\n            <div class=\\\"item-details\\\">\\r\\n                <h3 class=\\\"entry-title td-module-title\\\"><a href=\\\"https:\\\/\\\/www.psc-psoe.es\\\/index.php\\\/2025\\\/09\\\/26\\\/el-psoe-de-sena-considera-lamentable-que-media-tilde-de-circo-politico-de-los-lunes-a-defender-los-derechos-de-los-ciudadanos-en-el-parlamento\\\/\\\"  rel=\\\"bookmark\\\" title=\\\"El PSOE de Se\\u00f1a considera lamentable que Media tilde de \\u201ccirco pol\\u00edtico de los lunes\\u201d a defender los derechos de los ciudadanos en el Parlamento\\\">El PSOE de Se\\u00f1a considera lamentable que Media tilde de \\u201ccirco pol\\u00edtico de los lunes\\u201d a defender los derechos de los ciudadanos en el...<\\\/a><\\\/h3>\\r\\n                <div class=\\\"td-module-meta-info\\\">\\r\\n                                                                            <\\\/div>\\r\\n\\r\\n                <div class=\\\"td-excerpt\\\">\\r\\n                    El presidente de la Junta Vecinal de Se\\u00f1a, Jes\\u00fas Mar\\u00eda R\\u00edos, ha lamentado que, para...                <\\\/div>\\r\\n            <\\\/div>\\r\\n\\r\\n        <\\\/div>\\r\\n\\r\\n        \\n\\t<\\\/div> <!-- .\\\/td-block-span4 -->\\n\\n\\t<div class=\\\"td-block-span4\\\">\\n\\r\\n        <div class=\\\"td_module_mx7 td_module_wrap td-animation-stack td-meta-info-hide\\\">\\r\\n            <div class=\\\"td-module-image\\\">\\r\\n                <div class=\\\"td-module-thumb\\\"><a href=\\\"https:\\\/\\\/www.psc-psoe.es\\\/index.php\\\/2025\\\/09\\\/24\\\/el-psoe-de-ruesga-denuncia-la-falta-de-transparencia-y-de-informacion-del-alcalde-ante-la-mala-calidad-del-agua-en-los-pueblos-de-mentera-barruelo\\\/\\\"  rel=\\\"bookmark\\\" class=\\\"td-image-wrap \\\" title=\\\"El PSOE de Ruesga denuncia la falta de transparencia y de informaci\\u00f3n del alcalde ante la mala calidad del agua en los pueblos de Mentera- Barruelo\\\" ><img width=\\\"218\\\" height=\\\"150\\\" class=\\\"entry-thumb\\\" src=\\\"https:\\\/\\\/www.psc-psoe.es\\\/wp-content\\\/uploads\\\/2025\\\/09\\\/IMG_0232-218x150.jpg\\\"  srcset=\\\"https:\\\/\\\/www.psc-psoe.es\\\/wp-content\\\/uploads\\\/2025\\\/09\\\/IMG_0232-218x150.jpg 218w, https:\\\/\\\/www.psc-psoe.es\\\/wp-content\\\/uploads\\\/2025\\\/09\\\/IMG_0232-100x70.jpg 100w\\\" sizes=\\\"(max-width: 218px) 100vw, 218px\\\"  alt=\\\"\\\" title=\\\"El PSOE de Ruesga denuncia la falta de transparencia y de informaci\\u00f3n del alcalde ante la mala calidad del agua en los pueblos de Mentera- Barruelo\\\" \\\/><\\\/a><\\\/div>                            <\\\/div>\\r\\n\\r\\n            <div class=\\\"item-details\\\">\\r\\n                <h3 class=\\\"entry-title td-module-title\\\"><a href=\\\"https:\\\/\\\/www.psc-psoe.es\\\/index.php\\\/2025\\\/09\\\/24\\\/el-psoe-de-ruesga-denuncia-la-falta-de-transparencia-y-de-informacion-del-alcalde-ante-la-mala-calidad-del-agua-en-los-pueblos-de-mentera-barruelo\\\/\\\"  rel=\\\"bookmark\\\" title=\\\"El PSOE de Ruesga denuncia la falta de transparencia y de informaci\\u00f3n del alcalde ante la mala calidad del agua en los pueblos de Mentera- Barruelo\\\">El PSOE de Ruesga denuncia la falta de transparencia y de informaci\\u00f3n del alcalde ante la mala calidad del agua en los pueblos de...<\\\/a><\\\/h3>\\r\\n                <div class=\\\"td-module-meta-info\\\">\\r\\n                                                                            <\\\/div>\\r\\n\\r\\n                <div class=\\\"td-excerpt\\\">\\r\\n                    El secretario general de los socialistas de Ruesga, Juan Carlos Urresti, ha denunciado la falta...                <\\\/div>\\r\\n            <\\\/div>\\r\\n\\r\\n        <\\\/div>\\r\\n\\r\\n        \\n\\t<\\\/div> <!-- .\\\/td-block-span4 --><\\\/div><!--.\\\/row-fluid-->\",\"td_block_id\":\"tdi_64\",\"td_hide_prev\":true,\"td_hide_next\":false}));\r\n                                                    tmpObj = JSON.parse(JSON.stringify(block_tdi_64));\r\n                            tmpObj.is_ajax_running = true;\r\n                            tmpObj.td_current_page = 1;\r\n                            tmpObj.td_filter_value = 33;\r\n                            var currentBlockObjSignature = JSON.stringify(tmpObj);\r\n                            tdLocalCache.set(currentBlockObjSignature, JSON.stringify({\"td_data\":\"\\n\\n\\t<div class=\\\"td-block-row\\\">\\n\\n\\t<div class=\\\"td-block-span4\\\">\\n\\r\\n        <div class=\\\"td_module_mx7 td_module_wrap td-animation-stack td-meta-info-hide\\\">\\r\\n            <div class=\\\"td-module-image\\\">\\r\\n                <div class=\\\"td-module-thumb\\\"><a href=\\\"https:\\\/\\\/www.psc-psoe.es\\\/index.php\\\/2026\\\/04\\\/18\\\/el-psoe-de-polanco-lleva-al-parlamento-de-cantabria-una-quincena-de-enmiendas-para-mejorar-el-dia-a-dia-de-los-vecinos\\\/\\\"  rel=\\\"bookmark\\\" class=\\\"td-image-wrap \\\" title=\\\"El PSOE de Polanco lleva al Parlamento de Cantabria una quincena de enmiendas \\u201cpara mejorar el d\\u00eda a d\\u00eda de los vecinos\\u201d\\\" ><img width=\\\"218\\\" height=\\\"150\\\" class=\\\"entry-thumb\\\" src=\\\"https:\\\/\\\/www.psc-psoe.es\\\/wp-content\\\/uploads\\\/2026\\\/04\\\/Ruben-Garcia-218x150.jpg\\\"  srcset=\\\"https:\\\/\\\/www.psc-psoe.es\\\/wp-content\\\/uploads\\\/2026\\\/04\\\/Ruben-Garcia-218x150.jpg 218w, https:\\\/\\\/www.psc-psoe.es\\\/wp-content\\\/uploads\\\/2026\\\/04\\\/Ruben-Garcia-100x70.jpg 100w\\\" sizes=\\\"(max-width: 218px) 100vw, 218px\\\"  alt=\\\"\\\" title=\\\"El PSOE de Polanco lleva al Parlamento de Cantabria una quincena de enmiendas \\u201cpara mejorar el d\\u00eda a d\\u00eda de los vecinos\\u201d\\\" \\\/><\\\/a><\\\/div>                            <\\\/div>\\r\\n\\r\\n            <div class=\\\"item-details\\\">\\r\\n                <h3 class=\\\"entry-title td-module-title\\\"><a href=\\\"https:\\\/\\\/www.psc-psoe.es\\\/index.php\\\/2026\\\/04\\\/18\\\/el-psoe-de-polanco-lleva-al-parlamento-de-cantabria-una-quincena-de-enmiendas-para-mejorar-el-dia-a-dia-de-los-vecinos\\\/\\\"  rel=\\\"bookmark\\\" title=\\\"El PSOE de Polanco lleva al Parlamento de Cantabria una quincena de enmiendas \\u201cpara mejorar el d\\u00eda a d\\u00eda de los vecinos\\u201d\\\">El PSOE de Polanco lleva al Parlamento de Cantabria una quincena de enmiendas \\u201cpara mejorar el d\\u00eda a d\\u00eda de los vecinos\\u201d<\\\/a><\\\/h3>\\r\\n                <div class=\\\"td-module-meta-info\\\">\\r\\n                                                                            <\\\/div>\\r\\n\\r\\n                <div class=\\\"td-excerpt\\\">\\r\\n                    El PSOE de Polanco ha trasladado al Grupo Parlamentario Socialista del Parlamento de Cantabria un...                <\\\/div>\\r\\n            <\\\/div>\\r\\n\\r\\n        <\\\/div>\\r\\n\\r\\n        \\n\\t<\\\/div> <!-- .\\\/td-block-span4 -->\\n\\n\\t<div class=\\\"td-block-span4\\\">\\n\\r\\n        <div class=\\\"td_module_mx7 td_module_wrap td-animation-stack td-meta-info-hide\\\">\\r\\n            <div class=\\\"td-module-image\\\">\\r\\n                <div class=\\\"td-module-thumb\\\"><a href=\\\"https:\\\/\\\/www.psc-psoe.es\\\/index.php\\\/2026\\\/03\\\/25\\\/el-psoe-de-polanco-propone-un-papel-activo-del-ayuntamiento-en-el-conflicto-de-solvay\\\/\\\"  rel=\\\"bookmark\\\" class=\\\"td-image-wrap \\\" title=\\\"El PSOE de Polanco propone un papel \\u201cactivo\\u201d del Ayuntamiento en el conflicto de Solvay\\\" ><img width=\\\"218\\\" height=\\\"150\\\" class=\\\"entry-thumb\\\" src=\\\"https:\\\/\\\/www.psc-psoe.es\\\/wp-content\\\/uploads\\\/2026\\\/03\\\/PSOE-Polanco-Solvay-218x150.jpg\\\"  srcset=\\\"https:\\\/\\\/www.psc-psoe.es\\\/wp-content\\\/uploads\\\/2026\\\/03\\\/PSOE-Polanco-Solvay-218x150.jpg 218w, https:\\\/\\\/www.psc-psoe.es\\\/wp-content\\\/uploads\\\/2026\\\/03\\\/PSOE-Polanco-Solvay-100x70.jpg 100w\\\" sizes=\\\"(max-width: 218px) 100vw, 218px\\\"  alt=\\\"\\\" title=\\\"El PSOE de Polanco propone un papel \\u201cactivo\\u201d del Ayuntamiento en el conflicto de Solvay\\\" \\\/><\\\/a><\\\/div>                            <\\\/div>\\r\\n\\r\\n            <div class=\\\"item-details\\\">\\r\\n                <h3 class=\\\"entry-title td-module-title\\\"><a href=\\\"https:\\\/\\\/www.psc-psoe.es\\\/index.php\\\/2026\\\/03\\\/25\\\/el-psoe-de-polanco-propone-un-papel-activo-del-ayuntamiento-en-el-conflicto-de-solvay\\\/\\\"  rel=\\\"bookmark\\\" title=\\\"El PSOE de Polanco propone un papel \\u201cactivo\\u201d del Ayuntamiento en el conflicto de Solvay\\\">El PSOE de Polanco propone un papel \\u201cactivo\\u201d del Ayuntamiento en el conflicto de Solvay<\\\/a><\\\/h3>\\r\\n                <div class=\\\"td-module-meta-info\\\">\\r\\n                                                                            <\\\/div>\\r\\n\\r\\n                <div class=\\\"td-excerpt\\\">\\r\\n                    El PSOE de Polanco ha propuesto un papel activo del Ayuntamiento en el conflicto de...                <\\\/div>\\r\\n            <\\\/div>\\r\\n\\r\\n        <\\\/div>\\r\\n\\r\\n        \\n\\t<\\\/div> <!-- .\\\/td-block-span4 -->\\n\\n\\t<div class=\\\"td-block-span4\\\">\\n\\r\\n        <div class=\\\"td_module_mx7 td_module_wrap td-animation-stack td-meta-info-hide\\\">\\r\\n            <div class=\\\"td-module-image\\\">\\r\\n                <div class=\\\"td-module-thumb\\\"><a href=\\\"https:\\\/\\\/www.psc-psoe.es\\\/index.php\\\/2026\\\/02\\\/24\\\/el-psoe-de-polanco-presenta-alegaciones-al-mapa-concesional-de-transporte-publico-para-mejorar-la-conexion-de-la-zona\\\/\\\"  rel=\\\"bookmark\\\" class=\\\"td-image-wrap \\\" title=\\\"El PSOE de Polanco presenta alegaciones al mapa concesional de transporte p\\u00fablico para mejorar la conexi\\u00f3n de la zona\\\" ><img width=\\\"218\\\" height=\\\"150\\\" class=\\\"entry-thumb\\\" src=\\\"https:\\\/\\\/www.psc-psoe.es\\\/wp-content\\\/uploads\\\/2026\\\/02\\\/Ruben-Garcia-696x464-1-218x150.jpg\\\"  srcset=\\\"https:\\\/\\\/www.psc-psoe.es\\\/wp-content\\\/uploads\\\/2026\\\/02\\\/Ruben-Garcia-696x464-1-218x150.jpg 218w, https:\\\/\\\/www.psc-psoe.es\\\/wp-content\\\/uploads\\\/2026\\\/02\\\/Ruben-Garcia-696x464-1-100x70.jpg 100w\\\" sizes=\\\"(max-width: 218px) 100vw, 218px\\\"  alt=\\\"\\\" title=\\\"El PSOE de Polanco presenta alegaciones al mapa concesional de transporte p\\u00fablico para mejorar la conexi\\u00f3n de la zona\\\" \\\/><\\\/a><\\\/div>                            <\\\/div>\\r\\n\\r\\n            <div class=\\\"item-details\\\">\\r\\n                <h3 class=\\\"entry-title td-module-title\\\"><a href=\\\"https:\\\/\\\/www.psc-psoe.es\\\/index.php\\\/2026\\\/02\\\/24\\\/el-psoe-de-polanco-presenta-alegaciones-al-mapa-concesional-de-transporte-publico-para-mejorar-la-conexion-de-la-zona\\\/\\\"  rel=\\\"bookmark\\\" title=\\\"El PSOE de Polanco presenta alegaciones al mapa concesional de transporte p\\u00fablico para mejorar la conexi\\u00f3n de la zona\\\">El PSOE de Polanco presenta alegaciones al mapa concesional de transporte p\\u00fablico para mejorar la conexi\\u00f3n de la zona<\\\/a><\\\/h3>\\r\\n                <div class=\\\"td-module-meta-info\\\">\\r\\n                                                                            <\\\/div>\\r\\n\\r\\n                <div class=\\\"td-excerpt\\\">\\r\\n                    El PSOE de Polanco ha presentado alegaciones al nuevo mapa concesional del transporte de viajeros...                <\\\/div>\\r\\n            <\\\/div>\\r\\n\\r\\n        <\\\/div>\\r\\n\\r\\n        \\n\\t<\\\/div> <!-- .\\\/td-block-span4 --><\\\/div><!--.\\\/row-fluid-->\\n\\n\\t<div class=\\\"td-block-row\\\">\\n\\n\\t<div class=\\\"td-block-span4\\\">\\n\\r\\n        <div class=\\\"td_module_mx7 td_module_wrap td-animation-stack td-meta-info-hide\\\">\\r\\n            <div class=\\\"td-module-image\\\">\\r\\n                <div class=\\\"td-module-thumb\\\"><a href=\\\"https:\\\/\\\/www.psc-psoe.es\\\/index.php\\\/2026\\\/02\\\/08\\\/el-psoe-propone-rehabilitar-y-convertir-el-chalet-de-higinio-en-el-hogar-del-mayor-y-la-sede-de-la-junta-vecinal-de-la-penilla\\\/\\\"  rel=\\\"bookmark\\\" class=\\\"td-image-wrap \\\" title=\\\"El PSOE propone rehabilitar y convertir el chalet de Higinio en el hogar del mayor y la sede de la junta vecinal de La Penilla\\\" ><img width=\\\"218\\\" height=\\\"150\\\" class=\\\"entry-thumb\\\" src=\\\"https:\\\/\\\/www.psc-psoe.es\\\/wp-content\\\/uploads\\\/2026\\\/02\\\/IMG_1895-218x150.jpg\\\"  srcset=\\\"https:\\\/\\\/www.psc-psoe.es\\\/wp-content\\\/uploads\\\/2026\\\/02\\\/IMG_1895-218x150.jpg 218w, https:\\\/\\\/www.psc-psoe.es\\\/wp-content\\\/uploads\\\/2026\\\/02\\\/IMG_1895-100x70.jpg 100w\\\" sizes=\\\"(max-width: 218px) 100vw, 218px\\\"  alt=\\\"\\\" title=\\\"El PSOE propone rehabilitar y convertir el chalet de Higinio en el hogar del mayor y la sede de la junta vecinal de La Penilla\\\" \\\/><\\\/a><\\\/div>                            <\\\/div>\\r\\n\\r\\n            <div class=\\\"item-details\\\">\\r\\n                <h3 class=\\\"entry-title td-module-title\\\"><a href=\\\"https:\\\/\\\/www.psc-psoe.es\\\/index.php\\\/2026\\\/02\\\/08\\\/el-psoe-propone-rehabilitar-y-convertir-el-chalet-de-higinio-en-el-hogar-del-mayor-y-la-sede-de-la-junta-vecinal-de-la-penilla\\\/\\\"  rel=\\\"bookmark\\\" title=\\\"El PSOE propone rehabilitar y convertir el chalet de Higinio en el hogar del mayor y la sede de la junta vecinal de La Penilla\\\">El PSOE propone rehabilitar y convertir el chalet de Higinio en el hogar del mayor y la sede de la junta vecinal de La...<\\\/a><\\\/h3>\\r\\n                <div class=\\\"td-module-meta-info\\\">\\r\\n                                                                            <\\\/div>\\r\\n\\r\\n                <div class=\\\"td-excerpt\\\">\\r\\n                    El PSOE de Santa Mar\\u00eda de Cay\\u00f3n ha propuesto rehabilitar y convertir el chalet de...                <\\\/div>\\r\\n            <\\\/div>\\r\\n\\r\\n        <\\\/div>\\r\\n\\r\\n        \\n\\t<\\\/div> <!-- .\\\/td-block-span4 -->\\n\\n\\t<div class=\\\"td-block-span4\\\">\\n\\r\\n        <div class=\\\"td_module_mx7 td_module_wrap td-animation-stack td-meta-info-hide\\\">\\r\\n            <div class=\\\"td-module-image\\\">\\r\\n                <div class=\\\"td-module-thumb\\\"><a href=\\\"https:\\\/\\\/www.psc-psoe.es\\\/index.php\\\/2026\\\/01\\\/20\\\/el-psoe-de-polanco-propone-un-homenaje-permanente-a-los-fundadores-de-proteccion-civil\\\/\\\"  rel=\\\"bookmark\\\" class=\\\"td-image-wrap \\\" title=\\\"El PSOE de Polanco propone un homenaje permanente a los fundadores de Protecci\\u00f3n Civil\\\" ><img width=\\\"218\\\" height=\\\"150\\\" class=\\\"entry-thumb\\\" src=\\\"https:\\\/\\\/www.psc-psoe.es\\\/wp-content\\\/uploads\\\/2025\\\/09\\\/Ruben-Garcia-218x150.jpg\\\"  srcset=\\\"https:\\\/\\\/www.psc-psoe.es\\\/wp-content\\\/uploads\\\/2025\\\/09\\\/Ruben-Garcia-218x150.jpg 218w, https:\\\/\\\/www.psc-psoe.es\\\/wp-content\\\/uploads\\\/2025\\\/09\\\/Ruben-Garcia-100x70.jpg 100w\\\" sizes=\\\"(max-width: 218px) 100vw, 218px\\\"  alt=\\\"\\\" title=\\\"El PSOE de Polanco propone un homenaje permanente a los fundadores de Protecci\\u00f3n Civil\\\" \\\/><\\\/a><\\\/div>                            <\\\/div>\\r\\n\\r\\n            <div class=\\\"item-details\\\">\\r\\n                <h3 class=\\\"entry-title td-module-title\\\"><a href=\\\"https:\\\/\\\/www.psc-psoe.es\\\/index.php\\\/2026\\\/01\\\/20\\\/el-psoe-de-polanco-propone-un-homenaje-permanente-a-los-fundadores-de-proteccion-civil\\\/\\\"  rel=\\\"bookmark\\\" title=\\\"El PSOE de Polanco propone un homenaje permanente a los fundadores de Protecci\\u00f3n Civil\\\">El PSOE de Polanco propone un homenaje permanente a los fundadores de Protecci\\u00f3n Civil<\\\/a><\\\/h3>\\r\\n                <div class=\\\"td-module-meta-info\\\">\\r\\n                                                                            <\\\/div>\\r\\n\\r\\n                <div class=\\\"td-excerpt\\\">\\r\\n                    El PSOE de Polanco solicitar\\u00e1 en el pr\\u00f3ximo Pleno para que el Ayuntamiento rinda un...                <\\\/div>\\r\\n            <\\\/div>\\r\\n\\r\\n        <\\\/div>\\r\\n\\r\\n        \\n\\t<\\\/div> <!-- .\\\/td-block-span4 -->\\n\\n\\t<div class=\\\"td-block-span4\\\">\\n\\r\\n        <div class=\\\"td_module_mx7 td_module_wrap td-animation-stack td-meta-info-hide\\\">\\r\\n            <div class=\\\"td-module-image\\\">\\r\\n                <div class=\\\"td-module-thumb\\\"><a href=\\\"https:\\\/\\\/www.psc-psoe.es\\\/index.php\\\/2026\\\/01\\\/08\\\/el-psoe-de-polanco-propone-la-colocacion-de-una-placa-en-honor-al-fundador-de-la-proteccion-civil-local-mariano-gutierrez\\\/\\\"  rel=\\\"bookmark\\\" class=\\\"td-image-wrap \\\" title=\\\"El PSOE de Polanco propone la colocaci\\u00f3n de una placa en honor al fundador de la Protecci\\u00f3n Civil local, Mariano Guti\\u00e9rrez\\\" ><img width=\\\"218\\\" height=\\\"150\\\" class=\\\"entry-thumb\\\" src=\\\"https:\\\/\\\/www.psc-psoe.es\\\/wp-content\\\/uploads\\\/2025\\\/09\\\/Ruben-Garcia-218x150.jpg\\\"  srcset=\\\"https:\\\/\\\/www.psc-psoe.es\\\/wp-content\\\/uploads\\\/2025\\\/09\\\/Ruben-Garcia-218x150.jpg 218w, https:\\\/\\\/www.psc-psoe.es\\\/wp-content\\\/uploads\\\/2025\\\/09\\\/Ruben-Garcia-100x70.jpg 100w\\\" sizes=\\\"(max-width: 218px) 100vw, 218px\\\"  alt=\\\"\\\" title=\\\"El PSOE de Polanco propone la colocaci\\u00f3n de una placa en honor al fundador de la Protecci\\u00f3n Civil local, Mariano Guti\\u00e9rrez\\\" \\\/><\\\/a><\\\/div>                            <\\\/div>\\r\\n\\r\\n            <div class=\\\"item-details\\\">\\r\\n                <h3 class=\\\"entry-title td-module-title\\\"><a href=\\\"https:\\\/\\\/www.psc-psoe.es\\\/index.php\\\/2026\\\/01\\\/08\\\/el-psoe-de-polanco-propone-la-colocacion-de-una-placa-en-honor-al-fundador-de-la-proteccion-civil-local-mariano-gutierrez\\\/\\\"  rel=\\\"bookmark\\\" title=\\\"El PSOE de Polanco propone la colocaci\\u00f3n de una placa en honor al fundador de la Protecci\\u00f3n Civil local, Mariano Guti\\u00e9rrez\\\">El PSOE de Polanco propone la colocaci\\u00f3n de una placa en honor al fundador de la Protecci\\u00f3n Civil local, Mariano Guti\\u00e9rrez<\\\/a><\\\/h3>\\r\\n                <div class=\\\"td-module-meta-info\\\">\\r\\n                                                                            <\\\/div>\\r\\n\\r\\n                <div class=\\\"td-excerpt\\\">\\r\\n                    El secretario general del Partido Socialista de Polanco, Rub\\u00e9n Garc\\u00eda, ha propuesto la colocaci\\u00f3n de...                <\\\/div>\\r\\n            <\\\/div>\\r\\n\\r\\n        <\\\/div>\\r\\n\\r\\n        \\n\\t<\\\/div> <!-- .\\\/td-block-span4 --><\\\/div><!--.\\\/row-fluid-->\\n\\n\\t<div class=\\\"td-block-row\\\">\\n\\n\\t<div class=\\\"td-block-span4\\\">\\n\\r\\n        <div class=\\\"td_module_mx7 td_module_wrap td-animation-stack td-meta-info-hide\\\">\\r\\n            <div class=\\\"td-module-image\\\">\\r\\n                <div class=\\\"td-module-thumb\\\"><a href=\\\"https:\\\/\\\/www.psc-psoe.es\\\/index.php\\\/2026\\\/01\\\/01\\\/el-psoe-de-polanco-condena-la-aparicion-de-un-gato-herido-con-mas-de-cincuenta-balas-de-perdigon\\\/\\\"  rel=\\\"bookmark\\\" class=\\\"td-image-wrap \\\" title=\\\"El PSOE de Polanco condena la aparici\\u00f3n de un gato herido con m\\u00e1s de cincuenta balas de perdig\\u00f3n\\\" ><img width=\\\"218\\\" height=\\\"150\\\" class=\\\"entry-thumb\\\" src=\\\"https:\\\/\\\/www.psc-psoe.es\\\/wp-content\\\/uploads\\\/2025\\\/09\\\/Ruben-Garcia-218x150.jpg\\\"  srcset=\\\"https:\\\/\\\/www.psc-psoe.es\\\/wp-content\\\/uploads\\\/2025\\\/09\\\/Ruben-Garcia-218x150.jpg 218w, https:\\\/\\\/www.psc-psoe.es\\\/wp-content\\\/uploads\\\/2025\\\/09\\\/Ruben-Garcia-100x70.jpg 100w\\\" sizes=\\\"(max-width: 218px) 100vw, 218px\\\"  alt=\\\"\\\" title=\\\"El PSOE de Polanco condena la aparici\\u00f3n de un gato herido con m\\u00e1s de cincuenta balas de perdig\\u00f3n\\\" \\\/><\\\/a><\\\/div>                            <\\\/div>\\r\\n\\r\\n            <div class=\\\"item-details\\\">\\r\\n                <h3 class=\\\"entry-title td-module-title\\\"><a href=\\\"https:\\\/\\\/www.psc-psoe.es\\\/index.php\\\/2026\\\/01\\\/01\\\/el-psoe-de-polanco-condena-la-aparicion-de-un-gato-herido-con-mas-de-cincuenta-balas-de-perdigon\\\/\\\"  rel=\\\"bookmark\\\" title=\\\"El PSOE de Polanco condena la aparici\\u00f3n de un gato herido con m\\u00e1s de cincuenta balas de perdig\\u00f3n\\\">El PSOE de Polanco condena la aparici\\u00f3n de un gato herido con m\\u00e1s de cincuenta balas de perdig\\u00f3n<\\\/a><\\\/h3>\\r\\n                <div class=\\\"td-module-meta-info\\\">\\r\\n                                                                            <\\\/div>\\r\\n\\r\\n                <div class=\\\"td-excerpt\\\">\\r\\n                    El PSOE de Polanco ha condenado un nuevo caso de maltrato animal denunciado en el...                <\\\/div>\\r\\n            <\\\/div>\\r\\n\\r\\n        <\\\/div>\\r\\n\\r\\n        \\n\\t<\\\/div> <!-- .\\\/td-block-span4 -->\\n\\n\\t<div class=\\\"td-block-span4\\\">\\n\\r\\n        <div class=\\\"td_module_mx7 td_module_wrap td-animation-stack td-meta-info-hide\\\">\\r\\n            <div class=\\\"td-module-image\\\">\\r\\n                <div class=\\\"td-module-thumb\\\"><a href=\\\"https:\\\/\\\/www.psc-psoe.es\\\/index.php\\\/2025\\\/12\\\/23\\\/el-psoe-de-los-corrales-de-buelna-se-abstiene-en-la-votacion-del-presupuesto-por-responsabilidad-con-los-vecinos\\\/\\\"  rel=\\\"bookmark\\\" class=\\\"td-image-wrap \\\" title=\\\"El PSOE de Los Corrales de Buelna se abstiene en la votaci\\u00f3n del presupuesto por \\u201cresponsabilidad con los vecinos\\u201d\\\" ><img width=\\\"218\\\" height=\\\"150\\\" class=\\\"entry-thumb\\\" src=\\\"https:\\\/\\\/www.psc-psoe.es\\\/wp-content\\\/uploads\\\/2025\\\/03\\\/retratosPSOE-10-of-38-218x150.jpg\\\"  srcset=\\\"https:\\\/\\\/www.psc-psoe.es\\\/wp-content\\\/uploads\\\/2025\\\/03\\\/retratosPSOE-10-of-38-218x150.jpg 218w, https:\\\/\\\/www.psc-psoe.es\\\/wp-content\\\/uploads\\\/2025\\\/03\\\/retratosPSOE-10-of-38-100x70.jpg 100w\\\" sizes=\\\"(max-width: 218px) 100vw, 218px\\\"  alt=\\\"\\\" title=\\\"El PSOE de Los Corrales de Buelna se abstiene en la votaci\\u00f3n del presupuesto por \\u201cresponsabilidad con los vecinos\\u201d\\\" \\\/><\\\/a><\\\/div>                            <\\\/div>\\r\\n\\r\\n            <div class=\\\"item-details\\\">\\r\\n                <h3 class=\\\"entry-title td-module-title\\\"><a href=\\\"https:\\\/\\\/www.psc-psoe.es\\\/index.php\\\/2025\\\/12\\\/23\\\/el-psoe-de-los-corrales-de-buelna-se-abstiene-en-la-votacion-del-presupuesto-por-responsabilidad-con-los-vecinos\\\/\\\"  rel=\\\"bookmark\\\" title=\\\"El PSOE de Los Corrales de Buelna se abstiene en la votaci\\u00f3n del presupuesto por \\u201cresponsabilidad con los vecinos\\u201d\\\">El PSOE de Los Corrales de Buelna se abstiene en la votaci\\u00f3n del presupuesto por \\u201cresponsabilidad con los vecinos\\u201d<\\\/a><\\\/h3>\\r\\n                <div class=\\\"td-module-meta-info\\\">\\r\\n                                                                            <\\\/div>\\r\\n\\r\\n                <div class=\\\"td-excerpt\\\">\\r\\n                    La secretaria general del PSOE de los Corrales de Buelna, Josefina Gonz\\u00e1lez, ha explicado que...                <\\\/div>\\r\\n            <\\\/div>\\r\\n\\r\\n        <\\\/div>\\r\\n\\r\\n        \\n\\t<\\\/div> <!-- .\\\/td-block-span4 -->\\n\\n\\t<div class=\\\"td-block-span4\\\">\\n\\r\\n        <div class=\\\"td_module_mx7 td_module_wrap td-animation-stack td-meta-info-hide\\\">\\r\\n            <div class=\\\"td-module-image\\\">\\r\\n                <div class=\\\"td-module-thumb\\\"><a href=\\\"https:\\\/\\\/www.psc-psoe.es\\\/index.php\\\/2025\\\/12\\\/16\\\/el-psoe-de-los-corrales-de-buelna-denuncia-que-la-nefasta-gestion-del-pp-en-materia-de-emergencias-ha-provocado-el-cierre-del-parque-de-bomberos\\\/\\\"  rel=\\\"bookmark\\\" class=\\\"td-image-wrap \\\" title=\\\"El PSOE de los Corrales de Buelna denuncia que la \\u201cnefasta\\u201d gesti\\u00f3n del PP en materia de emergencias ha provocado el cierre del parque de bomberos\\\" ><img width=\\\"218\\\" height=\\\"150\\\" class=\\\"entry-thumb\\\" src=\\\"https:\\\/\\\/www.psc-psoe.es\\\/wp-content\\\/uploads\\\/2025\\\/12\\\/a97d268c-847e-4862-97c9-d5d55a70a333-218x150.jpg\\\"  srcset=\\\"https:\\\/\\\/www.psc-psoe.es\\\/wp-content\\\/uploads\\\/2025\\\/12\\\/a97d268c-847e-4862-97c9-d5d55a70a333-218x150.jpg 218w, https:\\\/\\\/www.psc-psoe.es\\\/wp-content\\\/uploads\\\/2025\\\/12\\\/a97d268c-847e-4862-97c9-d5d55a70a333-100x70.jpg 100w\\\" sizes=\\\"(max-width: 218px) 100vw, 218px\\\"  alt=\\\"\\\" title=\\\"El PSOE de los Corrales de Buelna denuncia que la \\u201cnefasta\\u201d gesti\\u00f3n del PP en materia de emergencias ha provocado el cierre del parque de bomberos\\\" \\\/><\\\/a><\\\/div>                            <\\\/div>\\r\\n\\r\\n            <div class=\\\"item-details\\\">\\r\\n                <h3 class=\\\"entry-title td-module-title\\\"><a href=\\\"https:\\\/\\\/www.psc-psoe.es\\\/index.php\\\/2025\\\/12\\\/16\\\/el-psoe-de-los-corrales-de-buelna-denuncia-que-la-nefasta-gestion-del-pp-en-materia-de-emergencias-ha-provocado-el-cierre-del-parque-de-bomberos\\\/\\\"  rel=\\\"bookmark\\\" title=\\\"El PSOE de los Corrales de Buelna denuncia que la \\u201cnefasta\\u201d gesti\\u00f3n del PP en materia de emergencias ha provocado el cierre del parque de bomberos\\\">El PSOE de los Corrales de Buelna denuncia que la \\u201cnefasta\\u201d gesti\\u00f3n del PP en materia de emergencias ha provocado el cierre del parque...<\\\/a><\\\/h3>\\r\\n                <div class=\\\"td-module-meta-info\\\">\\r\\n                                                                            <\\\/div>\\r\\n\\r\\n                <div class=\\\"td-excerpt\\\">\\r\\n                    El PSOE de Los Corrales de Buelna ha denunciado la mala gesti\\u00f3n de los servicios...                <\\\/div>\\r\\n            <\\\/div>\\r\\n\\r\\n        <\\\/div>\\r\\n\\r\\n        \\n\\t<\\\/div> <!-- .\\\/td-block-span4 --><\\\/div><!--.\\\/row-fluid-->\",\"td_block_id\":\"tdi_64\",\"td_hide_prev\":true,\"td_hide_next\":false}));\r\n                                                    tmpObj = JSON.parse(JSON.stringify(block_tdi_64));\r\n                            tmpObj.is_ajax_running = true;\r\n                            tmpObj.td_current_page = 1;\r\n                            tmpObj.td_filter_value = 37;\r\n                            var currentBlockObjSignature = JSON.stringify(tmpObj);\r\n                            tdLocalCache.set(currentBlockObjSignature, JSON.stringify({\"td_data\":\"\\n\\n\\t<div class=\\\"td-block-row\\\">\\n\\n\\t<div class=\\\"td-block-span4\\\">\\n\\r\\n        <div class=\\\"td_module_mx7 td_module_wrap td-animation-stack td-meta-info-hide\\\">\\r\\n            <div class=\\\"td-module-image\\\">\\r\\n                <div class=\\\"td-module-thumb\\\"><a href=\\\"https:\\\/\\\/www.psc-psoe.es\\\/index.php\\\/2026\\\/03\\\/26\\\/balbontin-denuncia-la-supresion-de-la-ludoteca-infantil-del-ceip-alto-ebro-durante-la-semana-santa-por-decision-unilateral-del-ayuntamiento-de-reinosa\\\/\\\"  rel=\\\"bookmark\\\" class=\\\"td-image-wrap \\\" title=\\\"Balbont\\u00edn denuncia la supresi\\u00f3n de la ludoteca infantil del CEIP Alto Ebro durante la Semana Santa por decisi\\u00f3n unilateral del Ayuntamiento de Reinosa\\\" ><img width=\\\"218\\\" height=\\\"150\\\" class=\\\"entry-thumb\\\" src=\\\"https:\\\/\\\/www.psc-psoe.es\\\/wp-content\\\/uploads\\\/2026\\\/03\\\/Sergio-Balbontin-218x150.jpg\\\"  srcset=\\\"https:\\\/\\\/www.psc-psoe.es\\\/wp-content\\\/uploads\\\/2026\\\/03\\\/Sergio-Balbontin-218x150.jpg 218w, https:\\\/\\\/www.psc-psoe.es\\\/wp-content\\\/uploads\\\/2026\\\/03\\\/Sergio-Balbontin-100x70.jpg 100w\\\" sizes=\\\"(max-width: 218px) 100vw, 218px\\\"  alt=\\\"\\\" title=\\\"Balbont\\u00edn denuncia la supresi\\u00f3n de la ludoteca infantil del CEIP Alto Ebro durante la Semana Santa por decisi\\u00f3n unilateral del Ayuntamiento de Reinosa\\\" \\\/><\\\/a><\\\/div>                            <\\\/div>\\r\\n\\r\\n            <div class=\\\"item-details\\\">\\r\\n                <h3 class=\\\"entry-title td-module-title\\\"><a href=\\\"https:\\\/\\\/www.psc-psoe.es\\\/index.php\\\/2026\\\/03\\\/26\\\/balbontin-denuncia-la-supresion-de-la-ludoteca-infantil-del-ceip-alto-ebro-durante-la-semana-santa-por-decision-unilateral-del-ayuntamiento-de-reinosa\\\/\\\"  rel=\\\"bookmark\\\" title=\\\"Balbont\\u00edn denuncia la supresi\\u00f3n de la ludoteca infantil del CEIP Alto Ebro durante la Semana Santa por decisi\\u00f3n unilateral del Ayuntamiento de Reinosa\\\">Balbont\\u00edn denuncia la supresi\\u00f3n de la ludoteca infantil del CEIP Alto Ebro durante la Semana Santa por decisi\\u00f3n unilateral del Ayuntamiento de Reinosa<\\\/a><\\\/h3>\\r\\n                <div class=\\\"td-module-meta-info\\\">\\r\\n                                                                            <\\\/div>\\r\\n\\r\\n                <div class=\\\"td-excerpt\\\">\\r\\n                    El secretario general y portavoz del PSOE en el Ayuntamiento de Reinosa, Sergio Balbont\\u00edn, ha...                <\\\/div>\\r\\n            <\\\/div>\\r\\n\\r\\n        <\\\/div>\\r\\n\\r\\n        \\n\\t<\\\/div> <!-- .\\\/td-block-span4 -->\\n\\n\\t<div class=\\\"td-block-span4\\\">\\n\\r\\n        <div class=\\\"td_module_mx7 td_module_wrap td-animation-stack td-meta-info-hide\\\">\\r\\n            <div class=\\\"td-module-image\\\">\\r\\n                <div class=\\\"td-module-thumb\\\"><a href=\\\"https:\\\/\\\/www.psc-psoe.es\\\/index.php\\\/2026\\\/03\\\/16\\\/sergio-balbontin-denuncia-que-el-alcalde-de-reinosa-quiera-confundir-e-intentar-hacer-ver-que-hace-en-dias-en-el-poligono-de-la-vega-lo-que-no-ha-hecho-en-anos\\\/\\\"  rel=\\\"bookmark\\\" class=\\\"td-image-wrap \\\" title=\\\"Sergio Balbont\\u00edn denuncia que el alcalde de Reinosa \\u201cquiera confundir e intentar hacer ver que hace en d\\u00edas en el pol\\u00edgono de La Vega lo que no ha hecho en a\\u00f1os\\u201d\\\" ><img width=\\\"218\\\" height=\\\"150\\\" class=\\\"entry-thumb\\\" src=\\\"https:\\\/\\\/www.psc-psoe.es\\\/wp-content\\\/uploads\\\/2025\\\/09\\\/Sergio-Balbontin-1-218x150.jpg\\\"  srcset=\\\"https:\\\/\\\/www.psc-psoe.es\\\/wp-content\\\/uploads\\\/2025\\\/09\\\/Sergio-Balbontin-1-218x150.jpg 218w, https:\\\/\\\/www.psc-psoe.es\\\/wp-content\\\/uploads\\\/2025\\\/09\\\/Sergio-Balbontin-1-100x70.jpg 100w\\\" sizes=\\\"(max-width: 218px) 100vw, 218px\\\"  alt=\\\"\\\" title=\\\"Sergio Balbont\\u00edn denuncia que el alcalde de Reinosa \\u201cquiera confundir e intentar hacer ver que hace en d\\u00edas en el pol\\u00edgono de La Vega lo que no ha hecho en a\\u00f1os\\u201d\\\" \\\/><\\\/a><\\\/div>                            <\\\/div>\\r\\n\\r\\n            <div class=\\\"item-details\\\">\\r\\n                <h3 class=\\\"entry-title td-module-title\\\"><a href=\\\"https:\\\/\\\/www.psc-psoe.es\\\/index.php\\\/2026\\\/03\\\/16\\\/sergio-balbontin-denuncia-que-el-alcalde-de-reinosa-quiera-confundir-e-intentar-hacer-ver-que-hace-en-dias-en-el-poligono-de-la-vega-lo-que-no-ha-hecho-en-anos\\\/\\\"  rel=\\\"bookmark\\\" title=\\\"Sergio Balbont\\u00edn denuncia que el alcalde de Reinosa \\u201cquiera confundir e intentar hacer ver que hace en d\\u00edas en el pol\\u00edgono de La Vega lo que no ha hecho en a\\u00f1os\\u201d\\\">Sergio Balbont\\u00edn denuncia que el alcalde de Reinosa \\u201cquiera confundir e intentar hacer ver que hace en d\\u00edas en el pol\\u00edgono de La Vega...<\\\/a><\\\/h3>\\r\\n                <div class=\\\"td-module-meta-info\\\">\\r\\n                                                                            <\\\/div>\\r\\n\\r\\n                <div class=\\\"td-excerpt\\\">\\r\\n                    El secretario general del Partido Socialista de Reinosa y portavoz municipal, Sergio Balbont\\u00edn, ha denunciado...                <\\\/div>\\r\\n            <\\\/div>\\r\\n\\r\\n        <\\\/div>\\r\\n\\r\\n        \\n\\t<\\\/div> <!-- .\\\/td-block-span4 -->\\n\\n\\t<div class=\\\"td-block-span4\\\">\\n\\r\\n        <div class=\\\"td_module_mx7 td_module_wrap td-animation-stack td-meta-info-hide\\\">\\r\\n            <div class=\\\"td-module-image\\\">\\r\\n                <div class=\\\"td-module-thumb\\\"><a href=\\\"https:\\\/\\\/www.psc-psoe.es\\\/index.php\\\/2026\\\/03\\\/13\\\/el-psoe-de-reinosa-registra-la-mocion-de-censura\\\/\\\"  rel=\\\"bookmark\\\" class=\\\"td-image-wrap \\\" title=\\\"El PSOE de Reinosa registra la moci\\u00f3n de censura\\\" ><img width=\\\"218\\\" height=\\\"150\\\" class=\\\"entry-thumb\\\" src=\\\"https:\\\/\\\/www.psc-psoe.es\\\/wp-content\\\/uploads\\\/2026\\\/03\\\/Sergio-Balbontin-mocion-de-censura-13.03.26-218x150.jpg\\\"  srcset=\\\"https:\\\/\\\/www.psc-psoe.es\\\/wp-content\\\/uploads\\\/2026\\\/03\\\/Sergio-Balbontin-mocion-de-censura-13.03.26-218x150.jpg 218w, https:\\\/\\\/www.psc-psoe.es\\\/wp-content\\\/uploads\\\/2026\\\/03\\\/Sergio-Balbontin-mocion-de-censura-13.03.26-100x70.jpg 100w\\\" sizes=\\\"(max-width: 218px) 100vw, 218px\\\"  alt=\\\"\\\" title=\\\"El PSOE de Reinosa registra la moci\\u00f3n de censura\\\" \\\/><\\\/a><\\\/div>                            <\\\/div>\\r\\n\\r\\n            <div class=\\\"item-details\\\">\\r\\n                <h3 class=\\\"entry-title td-module-title\\\"><a href=\\\"https:\\\/\\\/www.psc-psoe.es\\\/index.php\\\/2026\\\/03\\\/13\\\/el-psoe-de-reinosa-registra-la-mocion-de-censura\\\/\\\"  rel=\\\"bookmark\\\" title=\\\"El PSOE de Reinosa registra la moci\\u00f3n de censura\\\">El PSOE de Reinosa registra la moci\\u00f3n de censura<\\\/a><\\\/h3>\\r\\n                <div class=\\\"td-module-meta-info\\\">\\r\\n                                                                            <\\\/div>\\r\\n\\r\\n                <div class=\\\"td-excerpt\\\">\\r\\n                    El secretario general y portavoz municipal del PSOE de Reinosa, Sergio Balbont\\u00edn, ha registrado este...                <\\\/div>\\r\\n            <\\\/div>\\r\\n\\r\\n        <\\\/div>\\r\\n\\r\\n        \\n\\t<\\\/div> <!-- .\\\/td-block-span4 --><\\\/div><!--.\\\/row-fluid-->\\n\\n\\t<div class=\\\"td-block-row\\\">\\n\\n\\t<div class=\\\"td-block-span4\\\">\\n\\r\\n        <div class=\\\"td_module_mx7 td_module_wrap td-animation-stack td-meta-info-hide\\\">\\r\\n            <div class=\\\"td-module-image\\\">\\r\\n                <div class=\\\"td-module-thumb\\\"><a href=\\\"https:\\\/\\\/www.psc-psoe.es\\\/index.php\\\/2026\\\/03\\\/06\\\/el-psoe-de-reinosa-no-se-esconde-de-nada-y-presentara-la-mocion-de-censura-este-lunes-para-gobernar-por-el-bien-de-los-vecinos-y-cuidar-y-proteger-nuestra-ciudad\\\/\\\"  rel=\\\"bookmark\\\" class=\\\"td-image-wrap \\\" title=\\\"El PSOE de Reinosa \\u201cno se esconde de nada\\u201d y presentar\\u00e1 la moci\\u00f3n de censura este lunes \\u201cpara gobernar por el bien de los vecinos y cuidar y proteger nuestra ciudad\\u201d\\\" ><img width=\\\"218\\\" height=\\\"150\\\" class=\\\"entry-thumb\\\" src=\\\"https:\\\/\\\/www.psc-psoe.es\\\/wp-content\\\/uploads\\\/2025\\\/09\\\/Sergio-Balbontin-1-218x150.jpg\\\"  srcset=\\\"https:\\\/\\\/www.psc-psoe.es\\\/wp-content\\\/uploads\\\/2025\\\/09\\\/Sergio-Balbontin-1-218x150.jpg 218w, https:\\\/\\\/www.psc-psoe.es\\\/wp-content\\\/uploads\\\/2025\\\/09\\\/Sergio-Balbontin-1-100x70.jpg 100w\\\" sizes=\\\"(max-width: 218px) 100vw, 218px\\\"  alt=\\\"\\\" title=\\\"El PSOE de Reinosa \\u201cno se esconde de nada\\u201d y presentar\\u00e1 la moci\\u00f3n de censura este lunes \\u201cpara gobernar por el bien de los vecinos y cuidar y proteger nuestra ciudad\\u201d\\\" \\\/><\\\/a><\\\/div>                            <\\\/div>\\r\\n\\r\\n            <div class=\\\"item-details\\\">\\r\\n                <h3 class=\\\"entry-title td-module-title\\\"><a href=\\\"https:\\\/\\\/www.psc-psoe.es\\\/index.php\\\/2026\\\/03\\\/06\\\/el-psoe-de-reinosa-no-se-esconde-de-nada-y-presentara-la-mocion-de-censura-este-lunes-para-gobernar-por-el-bien-de-los-vecinos-y-cuidar-y-proteger-nuestra-ciudad\\\/\\\"  rel=\\\"bookmark\\\" title=\\\"El PSOE de Reinosa \\u201cno se esconde de nada\\u201d y presentar\\u00e1 la moci\\u00f3n de censura este lunes \\u201cpara gobernar por el bien de los vecinos y cuidar y proteger nuestra ciudad\\u201d\\\">El PSOE de Reinosa \\u201cno se esconde de nada\\u201d y presentar\\u00e1 la moci\\u00f3n de censura este lunes \\u201cpara gobernar por el bien de los...<\\\/a><\\\/h3>\\r\\n                <div class=\\\"td-module-meta-info\\\">\\r\\n                                                                            <\\\/div>\\r\\n\\r\\n                <div class=\\\"td-excerpt\\\">\\r\\n                    El secretario general del PSOE en Reinosa y portavoz municipal, Sergio Balbont\\u00edn, ha asegurado que...                <\\\/div>\\r\\n            <\\\/div>\\r\\n\\r\\n        <\\\/div>\\r\\n\\r\\n        \\n\\t<\\\/div> <!-- .\\\/td-block-span4 -->\\n\\n\\t<div class=\\\"td-block-span4\\\">\\n\\r\\n        <div class=\\\"td_module_mx7 td_module_wrap td-animation-stack td-meta-info-hide\\\">\\r\\n            <div class=\\\"td-module-image\\\">\\r\\n                <div class=\\\"td-module-thumb\\\"><a href=\\\"https:\\\/\\\/www.psc-psoe.es\\\/index.php\\\/2026\\\/02\\\/18\\\/el-psoe-de-reinosa-condiciona-cualquier-acuerdo-presupuestario-a-una-solucion-definitiva-para-las-viviendas-afectadas-en-quintanal-y-la-nevera\\\/\\\"  rel=\\\"bookmark\\\" class=\\\"td-image-wrap \\\" title=\\\"El PSOE de Reinosa condiciona cualquier acuerdo presupuestario a una soluci\\u00f3n definitiva para las viviendas afectadas en Quintanal y La Nevera\\\" ><img width=\\\"218\\\" height=\\\"150\\\" class=\\\"entry-thumb\\\" src=\\\"https:\\\/\\\/www.psc-psoe.es\\\/wp-content\\\/uploads\\\/2026\\\/02\\\/PHOTO-2026-02-18-08-49-44-218x150.jpg\\\"  srcset=\\\"https:\\\/\\\/www.psc-psoe.es\\\/wp-content\\\/uploads\\\/2026\\\/02\\\/PHOTO-2026-02-18-08-49-44-218x150.jpg 218w, https:\\\/\\\/www.psc-psoe.es\\\/wp-content\\\/uploads\\\/2026\\\/02\\\/PHOTO-2026-02-18-08-49-44-100x70.jpg 100w\\\" sizes=\\\"(max-width: 218px) 100vw, 218px\\\"  alt=\\\"\\\" title=\\\"El PSOE de Reinosa condiciona cualquier acuerdo presupuestario a una soluci\\u00f3n definitiva para las viviendas afectadas en Quintanal y La Nevera\\\" \\\/><\\\/a><\\\/div>                            <\\\/div>\\r\\n\\r\\n            <div class=\\\"item-details\\\">\\r\\n                <h3 class=\\\"entry-title td-module-title\\\"><a href=\\\"https:\\\/\\\/www.psc-psoe.es\\\/index.php\\\/2026\\\/02\\\/18\\\/el-psoe-de-reinosa-condiciona-cualquier-acuerdo-presupuestario-a-una-solucion-definitiva-para-las-viviendas-afectadas-en-quintanal-y-la-nevera\\\/\\\"  rel=\\\"bookmark\\\" title=\\\"El PSOE de Reinosa condiciona cualquier acuerdo presupuestario a una soluci\\u00f3n definitiva para las viviendas afectadas en Quintanal y La Nevera\\\">El PSOE de Reinosa condiciona cualquier acuerdo presupuestario a una soluci\\u00f3n definitiva para las viviendas afectadas en Quintanal y La Nevera<\\\/a><\\\/h3>\\r\\n                <div class=\\\"td-module-meta-info\\\">\\r\\n                                                                            <\\\/div>\\r\\n\\r\\n                <div class=\\\"td-excerpt\\\">\\r\\n                    El Grupo Municipal Socialista en el Ayuntamiento de Reinosa ha exigido una soluci\\u00f3n inmediata y...                <\\\/div>\\r\\n            <\\\/div>\\r\\n\\r\\n        <\\\/div>\\r\\n\\r\\n        \\n\\t<\\\/div> <!-- .\\\/td-block-span4 -->\\n\\n\\t<div class=\\\"td-block-span4\\\">\\n\\r\\n        <div class=\\\"td_module_mx7 td_module_wrap td-animation-stack td-meta-info-hide\\\">\\r\\n            <div class=\\\"td-module-image\\\">\\r\\n                <div class=\\\"td-module-thumb\\\"><a href=\\\"https:\\\/\\\/www.psc-psoe.es\\\/index.php\\\/2025\\\/11\\\/23\\\/el-psoe-de-reinosa-se-reune-con-todas-las-partes-para-ayudar-a-desbloquear-la-situacion-de-la-residencia-san-francisco\\\/\\\"  rel=\\\"bookmark\\\" class=\\\"td-image-wrap \\\" title=\\\"El PSOE de Reinosa se re\\u00fane con todas las partes para ayudar a desbloquear la situaci\\u00f3n de la Residencia San Francisco\\\" ><img width=\\\"218\\\" height=\\\"150\\\" class=\\\"entry-thumb\\\" src=\\\"https:\\\/\\\/www.psc-psoe.es\\\/wp-content\\\/uploads\\\/2025\\\/09\\\/Sergio-Balbontin-1-218x150.jpg\\\"  srcset=\\\"https:\\\/\\\/www.psc-psoe.es\\\/wp-content\\\/uploads\\\/2025\\\/09\\\/Sergio-Balbontin-1-218x150.jpg 218w, https:\\\/\\\/www.psc-psoe.es\\\/wp-content\\\/uploads\\\/2025\\\/09\\\/Sergio-Balbontin-1-100x70.jpg 100w\\\" sizes=\\\"(max-width: 218px) 100vw, 218px\\\"  alt=\\\"\\\" title=\\\"El PSOE de Reinosa se re\\u00fane con todas las partes para ayudar a desbloquear la situaci\\u00f3n de la Residencia San Francisco\\\" \\\/><\\\/a><\\\/div>                            <\\\/div>\\r\\n\\r\\n            <div class=\\\"item-details\\\">\\r\\n                <h3 class=\\\"entry-title td-module-title\\\"><a href=\\\"https:\\\/\\\/www.psc-psoe.es\\\/index.php\\\/2025\\\/11\\\/23\\\/el-psoe-de-reinosa-se-reune-con-todas-las-partes-para-ayudar-a-desbloquear-la-situacion-de-la-residencia-san-francisco\\\/\\\"  rel=\\\"bookmark\\\" title=\\\"El PSOE de Reinosa se re\\u00fane con todas las partes para ayudar a desbloquear la situaci\\u00f3n de la Residencia San Francisco\\\">El PSOE de Reinosa se re\\u00fane con todas las partes para ayudar a desbloquear la situaci\\u00f3n de la Residencia San Francisco<\\\/a><\\\/h3>\\r\\n                <div class=\\\"td-module-meta-info\\\">\\r\\n                                                                            <\\\/div>\\r\\n\\r\\n                <div class=\\\"td-excerpt\\\">\\r\\n                    El PSOE de Reinosa ha mantenido reuniones durante las \\u00faltimas dos semanas, con la direcci\\u00f3n...                <\\\/div>\\r\\n            <\\\/div>\\r\\n\\r\\n        <\\\/div>\\r\\n\\r\\n        \\n\\t<\\\/div> <!-- .\\\/td-block-span4 --><\\\/div><!--.\\\/row-fluid-->\\n\\n\\t<div class=\\\"td-block-row\\\">\\n\\n\\t<div class=\\\"td-block-span4\\\">\\n\\r\\n        <div class=\\\"td_module_mx7 td_module_wrap td-animation-stack td-meta-info-hide\\\">\\r\\n            <div class=\\\"td-module-image\\\">\\r\\n                <div class=\\\"td-module-thumb\\\"><a href=\\\"https:\\\/\\\/www.psc-psoe.es\\\/index.php\\\/2025\\\/11\\\/04\\\/el-psoe-de-reinosa-denuncia-que-el-alcalde-se-carga-la-lanzadera-de-empleo-y-deja-tiradas-a-decenas-de-personas-que-buscan-una-oportunidad\\\/\\\"  rel=\\\"bookmark\\\" class=\\\"td-image-wrap \\\" title=\\\"El PSOE de Reinosa denuncia que el alcalde se carga la Lanzadera de Empleo y deja tiradas a decenas de personas que buscan una oportunidad\\\" ><img width=\\\"218\\\" height=\\\"150\\\" class=\\\"entry-thumb\\\" src=\\\"https:\\\/\\\/www.psc-psoe.es\\\/wp-content\\\/uploads\\\/2025\\\/11\\\/Lanzadera-empleo-218x150.jpg\\\"  srcset=\\\"https:\\\/\\\/www.psc-psoe.es\\\/wp-content\\\/uploads\\\/2025\\\/11\\\/Lanzadera-empleo-218x150.jpg 218w, https:\\\/\\\/www.psc-psoe.es\\\/wp-content\\\/uploads\\\/2025\\\/11\\\/Lanzadera-empleo-100x70.jpg 100w\\\" sizes=\\\"(max-width: 218px) 100vw, 218px\\\"  alt=\\\"\\\" title=\\\"El PSOE de Reinosa denuncia que el alcalde se carga la Lanzadera de Empleo y deja tiradas a decenas de personas que buscan una oportunidad\\\" \\\/><\\\/a><\\\/div>                            <\\\/div>\\r\\n\\r\\n            <div class=\\\"item-details\\\">\\r\\n                <h3 class=\\\"entry-title td-module-title\\\"><a href=\\\"https:\\\/\\\/www.psc-psoe.es\\\/index.php\\\/2025\\\/11\\\/04\\\/el-psoe-de-reinosa-denuncia-que-el-alcalde-se-carga-la-lanzadera-de-empleo-y-deja-tiradas-a-decenas-de-personas-que-buscan-una-oportunidad\\\/\\\"  rel=\\\"bookmark\\\" title=\\\"El PSOE de Reinosa denuncia que el alcalde se carga la Lanzadera de Empleo y deja tiradas a decenas de personas que buscan una oportunidad\\\">El PSOE de Reinosa denuncia que el alcalde se carga la Lanzadera de Empleo y deja tiradas a decenas de personas que buscan una...<\\\/a><\\\/h3>\\r\\n                <div class=\\\"td-module-meta-info\\\">\\r\\n                                                                            <\\\/div>\\r\\n\\r\\n                <div class=\\\"td-excerpt\\\">\\r\\n                    El secretario general del PSOE de Reinosa y portavoz socialista en el Ayuntamiento de Reinosa,...                <\\\/div>\\r\\n            <\\\/div>\\r\\n\\r\\n        <\\\/div>\\r\\n\\r\\n        \\n\\t<\\\/div> <!-- .\\\/td-block-span4 -->\\n\\n\\t<div class=\\\"td-block-span4\\\">\\n\\r\\n        <div class=\\\"td_module_mx7 td_module_wrap td-animation-stack td-meta-info-hide\\\">\\r\\n            <div class=\\\"td-module-image\\\">\\r\\n                <div class=\\\"td-module-thumb\\\"><a href=\\\"https:\\\/\\\/www.psc-psoe.es\\\/index.php\\\/2025\\\/10\\\/29\\\/el-psoe-de-reinosa-denuncia-que-pp-y-prc-pierden-una-subvencion-de-14-000-euros-para-las-piscinas-climatizadas-por-presentarse-fuera-de-plazo\\\/\\\"  rel=\\\"bookmark\\\" class=\\\"td-image-wrap \\\" title=\\\"El PSOE de Reinosa denuncia que PP y PRC pierden una subvenci\\u00f3n de 14.000 euros para las piscinas climatizadas por presentarse fuera de plazo\\\" ><img width=\\\"218\\\" height=\\\"150\\\" class=\\\"entry-thumb\\\" src=\\\"https:\\\/\\\/www.psc-psoe.es\\\/wp-content\\\/uploads\\\/2025\\\/09\\\/Sergio-Balbontin-1-218x150.jpg\\\"  srcset=\\\"https:\\\/\\\/www.psc-psoe.es\\\/wp-content\\\/uploads\\\/2025\\\/09\\\/Sergio-Balbontin-1-218x150.jpg 218w, https:\\\/\\\/www.psc-psoe.es\\\/wp-content\\\/uploads\\\/2025\\\/09\\\/Sergio-Balbontin-1-100x70.jpg 100w\\\" sizes=\\\"(max-width: 218px) 100vw, 218px\\\"  alt=\\\"\\\" title=\\\"El PSOE de Reinosa denuncia que PP y PRC pierden una subvenci\\u00f3n de 14.000 euros para las piscinas climatizadas por presentarse fuera de plazo\\\" \\\/><\\\/a><\\\/div>                            <\\\/div>\\r\\n\\r\\n            <div class=\\\"item-details\\\">\\r\\n                <h3 class=\\\"entry-title td-module-title\\\"><a href=\\\"https:\\\/\\\/www.psc-psoe.es\\\/index.php\\\/2025\\\/10\\\/29\\\/el-psoe-de-reinosa-denuncia-que-pp-y-prc-pierden-una-subvencion-de-14-000-euros-para-las-piscinas-climatizadas-por-presentarse-fuera-de-plazo\\\/\\\"  rel=\\\"bookmark\\\" title=\\\"El PSOE de Reinosa denuncia que PP y PRC pierden una subvenci\\u00f3n de 14.000 euros para las piscinas climatizadas por presentarse fuera de plazo\\\">El PSOE de Reinosa denuncia que PP y PRC pierden una subvenci\\u00f3n de 14.000 euros para las piscinas climatizadas por presentarse fuera de plazo<\\\/a><\\\/h3>\\r\\n                <div class=\\\"td-module-meta-info\\\">\\r\\n                                                                            <\\\/div>\\r\\n\\r\\n                <div class=\\\"td-excerpt\\\">\\r\\n                    El Grupo Municipal Socialista de Astillero se ha manifestado en contra de la decisi\\u00f3n del...                <\\\/div>\\r\\n            <\\\/div>\\r\\n\\r\\n        <\\\/div>\\r\\n\\r\\n        \\n\\t<\\\/div> <!-- .\\\/td-block-span4 -->\\n\\n\\t<div class=\\\"td-block-span4\\\">\\n\\r\\n        <div class=\\\"td_module_mx7 td_module_wrap td-animation-stack td-meta-info-hide\\\">\\r\\n            <div class=\\\"td-module-image\\\">\\r\\n                <div class=\\\"td-module-thumb\\\"><a href=\\\"https:\\\/\\\/www.psc-psoe.es\\\/index.php\\\/2025\\\/10\\\/24\\\/el-psoe-de-reinosa-y-rec-piden-una-comision-urgente-de-obras-para-esclarecer-la-aparicion-de-grietas-en-el-ayuntamiento\\\/\\\"  rel=\\\"bookmark\\\" class=\\\"td-image-wrap \\\" title=\\\"El PSOE de Reinosa y REC piden una Comisi\\u00f3n urgente de Obras para esclarecer la aparici\\u00f3n de grietas en el Ayuntamiento\\\" ><img width=\\\"218\\\" height=\\\"150\\\" class=\\\"entry-thumb\\\" src=\\\"https:\\\/\\\/www.psc-psoe.es\\\/wp-content\\\/uploads\\\/2025\\\/06\\\/Sergio-Balbontin-1-218x150.jpg\\\"  srcset=\\\"https:\\\/\\\/www.psc-psoe.es\\\/wp-content\\\/uploads\\\/2025\\\/06\\\/Sergio-Balbontin-1-218x150.jpg 218w, https:\\\/\\\/www.psc-psoe.es\\\/wp-content\\\/uploads\\\/2025\\\/06\\\/Sergio-Balbontin-1-100x70.jpg 100w\\\" sizes=\\\"(max-width: 218px) 100vw, 218px\\\"  alt=\\\"\\\" title=\\\"El PSOE de Reinosa y REC piden una Comisi\\u00f3n urgente de Obras para esclarecer la aparici\\u00f3n de grietas en el Ayuntamiento\\\" \\\/><\\\/a><\\\/div>                            <\\\/div>\\r\\n\\r\\n            <div class=\\\"item-details\\\">\\r\\n                <h3 class=\\\"entry-title td-module-title\\\"><a href=\\\"https:\\\/\\\/www.psc-psoe.es\\\/index.php\\\/2025\\\/10\\\/24\\\/el-psoe-de-reinosa-y-rec-piden-una-comision-urgente-de-obras-para-esclarecer-la-aparicion-de-grietas-en-el-ayuntamiento\\\/\\\"  rel=\\\"bookmark\\\" title=\\\"El PSOE de Reinosa y REC piden una Comisi\\u00f3n urgente de Obras para esclarecer la aparici\\u00f3n de grietas en el Ayuntamiento\\\">El PSOE de Reinosa y REC piden una Comisi\\u00f3n urgente de Obras para esclarecer la aparici\\u00f3n de grietas en el Ayuntamiento<\\\/a><\\\/h3>\\r\\n                <div class=\\\"td-module-meta-info\\\">\\r\\n                                                                            <\\\/div>\\r\\n\\r\\n                <div class=\\\"td-excerpt\\\">\\r\\n                    Los grupos municipales en la oposici\\u00f3n, PSOE y REC, ante la alarmante noticia aparecida recientemente...                <\\\/div>\\r\\n            <\\\/div>\\r\\n\\r\\n        <\\\/div>\\r\\n\\r\\n        \\n\\t<\\\/div> <!-- .\\\/td-block-span4 --><\\\/div><!--.\\\/row-fluid-->\",\"td_block_id\":\"tdi_64\",\"td_hide_prev\":true,\"td_hide_next\":false}));\r\n                                                    tmpObj = JSON.parse(JSON.stringify(block_tdi_64));\r\n                            tmpObj.is_ajax_running = true;\r\n                            tmpObj.td_current_page = 1;\r\n                            tmpObj.td_filter_value = 34;\r\n                            var currentBlockObjSignature = JSON.stringify(tmpObj);\r\n                            tdLocalCache.set(currentBlockObjSignature, JSON.stringify({\"td_data\":\"\\n\\n\\t<div class=\\\"td-block-row\\\">\\n\\n\\t<div class=\\\"td-block-span4\\\">\\n\\r\\n        <div class=\\\"td_module_mx7 td_module_wrap td-animation-stack td-meta-info-hide\\\">\\r\\n            <div class=\\\"td-module-image\\\">\\r\\n                <div class=\\\"td-module-thumb\\\"><a href=\\\"https:\\\/\\\/www.psc-psoe.es\\\/index.php\\\/2025\\\/07\\\/04\\\/el-psoe-de-santona-celebra-que-se-ponga-en-marcha-el-nuevo-autobus-lanzadera-a-la-playa-de-berria\\\/\\\"  rel=\\\"bookmark\\\" class=\\\"td-image-wrap \\\" title=\\\"El PSOE de Santo\\u00f1a celebra que se ponga en marcha el nuevo autob\\u00fas lanzadera a la playa de Berria\\\" ><img width=\\\"218\\\" height=\\\"150\\\" class=\\\"entry-thumb\\\" src=\\\"https:\\\/\\\/www.psc-psoe.es\\\/wp-content\\\/uploads\\\/2025\\\/07\\\/Carmen-Gonzalez-Caballero-218x150.jpg\\\"  srcset=\\\"https:\\\/\\\/www.psc-psoe.es\\\/wp-content\\\/uploads\\\/2025\\\/07\\\/Carmen-Gonzalez-Caballero-218x150.jpg 218w, https:\\\/\\\/www.psc-psoe.es\\\/wp-content\\\/uploads\\\/2025\\\/07\\\/Carmen-Gonzalez-Caballero-100x70.jpg 100w\\\" sizes=\\\"(max-width: 218px) 100vw, 218px\\\"  alt=\\\"\\\" title=\\\"El PSOE de Santo\\u00f1a celebra que se ponga en marcha el nuevo autob\\u00fas lanzadera a la playa de Berria\\\" \\\/><\\\/a><\\\/div>                            <\\\/div>\\r\\n\\r\\n            <div class=\\\"item-details\\\">\\r\\n                <h3 class=\\\"entry-title td-module-title\\\"><a href=\\\"https:\\\/\\\/www.psc-psoe.es\\\/index.php\\\/2025\\\/07\\\/04\\\/el-psoe-de-santona-celebra-que-se-ponga-en-marcha-el-nuevo-autobus-lanzadera-a-la-playa-de-berria\\\/\\\"  rel=\\\"bookmark\\\" title=\\\"El PSOE de Santo\\u00f1a celebra que se ponga en marcha el nuevo autob\\u00fas lanzadera a la playa de Berria\\\">El PSOE de Santo\\u00f1a celebra que se ponga en marcha el nuevo autob\\u00fas lanzadera a la playa de Berria<\\\/a><\\\/h3>\\r\\n                <div class=\\\"td-module-meta-info\\\">\\r\\n                                                                            <\\\/div>\\r\\n\\r\\n                <div class=\\\"td-excerpt\\\">\\r\\n                    La secretaria general del PSOE de Santo\\u00f1a y portavoz municipal en el Ayuntamiento,\\u00a0Carmen Gonz\\u00e1lez Caballero...                <\\\/div>\\r\\n            <\\\/div>\\r\\n\\r\\n        <\\\/div>\\r\\n\\r\\n        \\n\\t<\\\/div> <!-- .\\\/td-block-span4 -->\\n\\n\\t<div class=\\\"td-block-span4\\\">\\n\\r\\n        <div class=\\\"td_module_mx7 td_module_wrap td-animation-stack td-meta-info-hide\\\">\\r\\n            <div class=\\\"td-module-image\\\">\\r\\n                <div class=\\\"td-module-thumb\\\"><a href=\\\"https:\\\/\\\/www.psc-psoe.es\\\/index.php\\\/2025\\\/06\\\/16\\\/el-psoe-de-santona-exige-medidas-urgentes-para-acabar-con-el-grave-deterioro-de-la-playa-de-san-martin\\\/\\\"  rel=\\\"bookmark\\\" class=\\\"td-image-wrap \\\" title=\\\"El PSOE de Santo\\u00f1a exige medidas urgentes para acabar con el grave deterioro de la playa de San Mart\\u00edn\\\" ><img width=\\\"218\\\" height=\\\"150\\\" class=\\\"entry-thumb\\\" src=\\\"https:\\\/\\\/www.psc-psoe.es\\\/wp-content\\\/uploads\\\/2025\\\/06\\\/Carmen-Gonzalez-Caballero-218x150.jpg\\\"  srcset=\\\"https:\\\/\\\/www.psc-psoe.es\\\/wp-content\\\/uploads\\\/2025\\\/06\\\/Carmen-Gonzalez-Caballero-218x150.jpg 218w, https:\\\/\\\/www.psc-psoe.es\\\/wp-content\\\/uploads\\\/2025\\\/06\\\/Carmen-Gonzalez-Caballero-100x70.jpg 100w\\\" sizes=\\\"(max-width: 218px) 100vw, 218px\\\"  alt=\\\"\\\" title=\\\"El PSOE de Santo\\u00f1a exige medidas urgentes para acabar con el grave deterioro de la playa de San Mart\\u00edn\\\" \\\/><\\\/a><\\\/div>                            <\\\/div>\\r\\n\\r\\n            <div class=\\\"item-details\\\">\\r\\n                <h3 class=\\\"entry-title td-module-title\\\"><a href=\\\"https:\\\/\\\/www.psc-psoe.es\\\/index.php\\\/2025\\\/06\\\/16\\\/el-psoe-de-santona-exige-medidas-urgentes-para-acabar-con-el-grave-deterioro-de-la-playa-de-san-martin\\\/\\\"  rel=\\\"bookmark\\\" title=\\\"El PSOE de Santo\\u00f1a exige medidas urgentes para acabar con el grave deterioro de la playa de San Mart\\u00edn\\\">El PSOE de Santo\\u00f1a exige medidas urgentes para acabar con el grave deterioro de la playa de San Mart\\u00edn<\\\/a><\\\/h3>\\r\\n                <div class=\\\"td-module-meta-info\\\">\\r\\n                                                                            <\\\/div>\\r\\n\\r\\n                <div class=\\\"td-excerpt\\\">\\r\\n                    El PSOE de Santo\\u00f1a exige medidas urgentes para acabar con el grave\\u00a0deterioro\\u00a0de la playa de...                <\\\/div>\\r\\n            <\\\/div>\\r\\n\\r\\n        <\\\/div>\\r\\n\\r\\n        \\n\\t<\\\/div> <!-- .\\\/td-block-span4 -->\\n\\n\\t<div class=\\\"td-block-span4\\\">\\n\\r\\n        <div class=\\\"td_module_mx7 td_module_wrap td-animation-stack td-meta-info-hide\\\">\\r\\n            <div class=\\\"td-module-image\\\">\\r\\n                <div class=\\\"td-module-thumb\\\"><a href=\\\"https:\\\/\\\/www.psc-psoe.es\\\/index.php\\\/2025\\\/06\\\/07\\\/el-psoe-exige-la-dimision-del-alcalde-tras-el-informe-de-liquidacion-del-presupuesto-de-2024\\\/\\\"  rel=\\\"bookmark\\\" class=\\\"td-image-wrap \\\" title=\\\"El PSOE exige la dimisi\\u00f3n del alcalde tras el informe de liquidaci\\u00f3n del presupuesto de 2024\\\" ><img width=\\\"218\\\" height=\\\"150\\\" class=\\\"entry-thumb\\\" src=\\\"https:\\\/\\\/www.psc-psoe.es\\\/wp-content\\\/uploads\\\/2025\\\/06\\\/Diego-Trueba-218x150.jpg\\\"  srcset=\\\"https:\\\/\\\/www.psc-psoe.es\\\/wp-content\\\/uploads\\\/2025\\\/06\\\/Diego-Trueba-218x150.jpg 218w, https:\\\/\\\/www.psc-psoe.es\\\/wp-content\\\/uploads\\\/2025\\\/06\\\/Diego-Trueba-100x70.jpg 100w\\\" sizes=\\\"(max-width: 218px) 100vw, 218px\\\"  alt=\\\"\\\" title=\\\"El PSOE exige la dimisi\\u00f3n del alcalde tras el informe de liquidaci\\u00f3n del presupuesto de 2024\\\" \\\/><\\\/a><\\\/div>                            <\\\/div>\\r\\n\\r\\n            <div class=\\\"item-details\\\">\\r\\n                <h3 class=\\\"entry-title td-module-title\\\"><a href=\\\"https:\\\/\\\/www.psc-psoe.es\\\/index.php\\\/2025\\\/06\\\/07\\\/el-psoe-exige-la-dimision-del-alcalde-tras-el-informe-de-liquidacion-del-presupuesto-de-2024\\\/\\\"  rel=\\\"bookmark\\\" title=\\\"El PSOE exige la dimisi\\u00f3n del alcalde tras el informe de liquidaci\\u00f3n del presupuesto de 2024\\\">El PSOE exige la dimisi\\u00f3n del alcalde tras el informe de liquidaci\\u00f3n del presupuesto de 2024<\\\/a><\\\/h3>\\r\\n                <div class=\\\"td-module-meta-info\\\">\\r\\n                                                                            <\\\/div>\\r\\n\\r\\n                <div class=\\\"td-excerpt\\\">\\r\\n                    \\r\\nEl Grupo Municipal Socialista del Ayuntamiento de Liendo ha exigido este viernes, durante la celebraci\\u00f3n...                <\\\/div>\\r\\n            <\\\/div>\\r\\n\\r\\n        <\\\/div>\\r\\n\\r\\n        \\n\\t<\\\/div> <!-- .\\\/td-block-span4 --><\\\/div><!--.\\\/row-fluid-->\\n\\n\\t<div class=\\\"td-block-row\\\">\\n\\n\\t<div class=\\\"td-block-span4\\\">\\n\\r\\n        <div class=\\\"td_module_mx7 td_module_wrap td-animation-stack td-meta-info-hide\\\">\\r\\n            <div class=\\\"td-module-image\\\">\\r\\n                <div class=\\\"td-module-thumb\\\"><a href=\\\"https:\\\/\\\/www.psc-psoe.es\\\/index.php\\\/2025\\\/06\\\/06\\\/el-psoe-de-santona-pide-que-se-convoque-la-oferta-de-empleo-publico-para-cubrir-las-vacantes-de-la-policia-local\\\/\\\"  rel=\\\"bookmark\\\" class=\\\"td-image-wrap \\\" title=\\\"El PSOE de Santo\\u00f1a pide que se convoque la oferta de empleo p\\u00fablico para cubrir las vacantes de la Polic\\u00eda Local\\\" ><img width=\\\"218\\\" height=\\\"150\\\" class=\\\"entry-thumb\\\" src=\\\"https:\\\/\\\/www.psc-psoe.es\\\/wp-content\\\/uploads\\\/2025\\\/06\\\/Carmen-Gonzalez-Caballero-218x150.jpg\\\"  srcset=\\\"https:\\\/\\\/www.psc-psoe.es\\\/wp-content\\\/uploads\\\/2025\\\/06\\\/Carmen-Gonzalez-Caballero-218x150.jpg 218w, https:\\\/\\\/www.psc-psoe.es\\\/wp-content\\\/uploads\\\/2025\\\/06\\\/Carmen-Gonzalez-Caballero-100x70.jpg 100w\\\" sizes=\\\"(max-width: 218px) 100vw, 218px\\\"  alt=\\\"\\\" title=\\\"El PSOE de Santo\\u00f1a pide que se convoque la oferta de empleo p\\u00fablico para cubrir las vacantes de la Polic\\u00eda Local\\\" \\\/><\\\/a><\\\/div>                            <\\\/div>\\r\\n\\r\\n            <div class=\\\"item-details\\\">\\r\\n                <h3 class=\\\"entry-title td-module-title\\\"><a href=\\\"https:\\\/\\\/www.psc-psoe.es\\\/index.php\\\/2025\\\/06\\\/06\\\/el-psoe-de-santona-pide-que-se-convoque-la-oferta-de-empleo-publico-para-cubrir-las-vacantes-de-la-policia-local\\\/\\\"  rel=\\\"bookmark\\\" title=\\\"El PSOE de Santo\\u00f1a pide que se convoque la oferta de empleo p\\u00fablico para cubrir las vacantes de la Polic\\u00eda Local\\\">El PSOE de Santo\\u00f1a pide que se convoque la oferta de empleo p\\u00fablico para cubrir las vacantes de la Polic\\u00eda Local<\\\/a><\\\/h3>\\r\\n                <div class=\\\"td-module-meta-info\\\">\\r\\n                                                                            <\\\/div>\\r\\n\\r\\n                <div class=\\\"td-excerpt\\\">\\r\\n                    El PSOE de Santo\\u00f1a ha registrado una moci\\u00f3n, que se debatir\\u00e1 en el pr\\u00f3ximo Pleno...                <\\\/div>\\r\\n            <\\\/div>\\r\\n\\r\\n        <\\\/div>\\r\\n\\r\\n        \\n\\t<\\\/div> <!-- .\\\/td-block-span4 -->\\n\\n\\t<div class=\\\"td-block-span4\\\">\\n\\r\\n        <div class=\\\"td_module_mx7 td_module_wrap td-animation-stack td-meta-info-hide\\\">\\r\\n            <div class=\\\"td-module-image\\\">\\r\\n                <div class=\\\"td-module-thumb\\\"><a href=\\\"https:\\\/\\\/www.psc-psoe.es\\\/index.php\\\/2024\\\/04\\\/10\\\/charo-urquiza-la-falta-de-proyecto-de-la-oposicion-es-evidente-no-proponen-critican-procesos-ordinarios-y-menosprecian-la-labor-de-la-plantilla-municipal\\\/\\\"  rel=\\\"bookmark\\\" class=\\\"td-image-wrap \\\" title=\\\"Charo Urquiza: \\u201cLa falta de proyecto de la oposici\\u00f3n es evidente: no proponen, critican procesos ordinarios y menosprecian la labor de la plantilla municipal\\u201d\\\" ><img width=\\\"218\\\" height=\\\"150\\\" class=\\\"entry-thumb\\\" src=\\\"https:\\\/\\\/www.psc-psoe.es\\\/wp-content\\\/uploads\\\/2024\\\/04\\\/240410-PSOE-SVB-218x150.jpeg\\\"  srcset=\\\"https:\\\/\\\/www.psc-psoe.es\\\/wp-content\\\/uploads\\\/2024\\\/04\\\/240410-PSOE-SVB-218x150.jpeg 218w, https:\\\/\\\/www.psc-psoe.es\\\/wp-content\\\/uploads\\\/2024\\\/04\\\/240410-PSOE-SVB-100x70.jpeg 100w\\\" sizes=\\\"(max-width: 218px) 100vw, 218px\\\"  alt=\\\"\\\" title=\\\"Charo Urquiza: \\u201cLa falta de proyecto de la oposici\\u00f3n es evidente: no proponen, critican procesos ordinarios y menosprecian la labor de la plantilla municipal\\u201d\\\" \\\/><\\\/a><\\\/div>                            <\\\/div>\\r\\n\\r\\n            <div class=\\\"item-details\\\">\\r\\n                <h3 class=\\\"entry-title td-module-title\\\"><a href=\\\"https:\\\/\\\/www.psc-psoe.es\\\/index.php\\\/2024\\\/04\\\/10\\\/charo-urquiza-la-falta-de-proyecto-de-la-oposicion-es-evidente-no-proponen-critican-procesos-ordinarios-y-menosprecian-la-labor-de-la-plantilla-municipal\\\/\\\"  rel=\\\"bookmark\\\" title=\\\"Charo Urquiza: \\u201cLa falta de proyecto de la oposici\\u00f3n es evidente: no proponen, critican procesos ordinarios y menosprecian la labor de la plantilla municipal\\u201d\\\">Charo Urquiza: \\u201cLa falta de proyecto de la oposici\\u00f3n es evidente: no proponen, critican procesos ordinarios y menosprecian la labor de la plantilla municipal\\u201d<\\\/a><\\\/h3>\\r\\n                <div class=\\\"td-module-meta-info\\\">\\r\\n                                                                            <\\\/div>\\r\\n\\r\\n                <div class=\\\"td-excerpt\\\">\\r\\n                    Santander, 9 de abril de 2024. La secretaria general del PSOE San Vicente de la...                <\\\/div>\\r\\n            <\\\/div>\\r\\n\\r\\n        <\\\/div>\\r\\n\\r\\n        \\n\\t<\\\/div> <!-- .\\\/td-block-span4 -->\\n\\n\\t<div class=\\\"td-block-span4\\\">\\n\\r\\n        <div class=\\\"td_module_mx7 td_module_wrap td-animation-stack td-meta-info-hide\\\">\\r\\n            <div class=\\\"td-module-image\\\">\\r\\n                <div class=\\\"td-module-thumb\\\"><a href=\\\"https:\\\/\\\/www.psc-psoe.es\\\/index.php\\\/2023\\\/04\\\/03\\\/zuloaga-invertiremos-436-000-euros-para-recuperar-patrimonio-y-mejorar-los-servicios-sociales-publicos-en-ruente\\\/\\\"  rel=\\\"bookmark\\\" class=\\\"td-image-wrap \\\" title=\\\"Zuloaga: \\u201cInvertiremos 436.000 euros para recuperar patrimonio y mejorar los servicios sociales p\\u00fablicos en Ruente\\u201d\\\" ><img width=\\\"218\\\" height=\\\"150\\\" class=\\\"entry-thumb\\\" src=\\\"https:\\\/\\\/www.psc-psoe.es\\\/wp-content\\\/uploads\\\/2023\\\/04\\\/Ruente-03.04.23-218x150.jpg\\\"  srcset=\\\"https:\\\/\\\/www.psc-psoe.es\\\/wp-content\\\/uploads\\\/2023\\\/04\\\/Ruente-03.04.23-218x150.jpg 218w, https:\\\/\\\/www.psc-psoe.es\\\/wp-content\\\/uploads\\\/2023\\\/04\\\/Ruente-03.04.23-100x70.jpg 100w\\\" sizes=\\\"(max-width: 218px) 100vw, 218px\\\"  alt=\\\"\\\" title=\\\"Zuloaga: \\u201cInvertiremos 436.000 euros para recuperar patrimonio y mejorar los servicios sociales p\\u00fablicos en Ruente\\u201d\\\" \\\/><\\\/a><\\\/div>                            <\\\/div>\\r\\n\\r\\n            <div class=\\\"item-details\\\">\\r\\n                <h3 class=\\\"entry-title td-module-title\\\"><a href=\\\"https:\\\/\\\/www.psc-psoe.es\\\/index.php\\\/2023\\\/04\\\/03\\\/zuloaga-invertiremos-436-000-euros-para-recuperar-patrimonio-y-mejorar-los-servicios-sociales-publicos-en-ruente\\\/\\\"  rel=\\\"bookmark\\\" title=\\\"Zuloaga: \\u201cInvertiremos 436.000 euros para recuperar patrimonio y mejorar los servicios sociales p\\u00fablicos en Ruente\\u201d\\\">Zuloaga: \\u201cInvertiremos 436.000 euros para recuperar patrimonio y mejorar los servicios sociales p\\u00fablicos en Ruente\\u201d<\\\/a><\\\/h3>\\r\\n                <div class=\\\"td-module-meta-info\\\">\\r\\n                                                                            <\\\/div>\\r\\n\\r\\n                <div class=\\\"td-excerpt\\\">\\r\\n                    Santander, 3 de abril del 2023.\\u00a0El secretario general del PSC-PSOE y vicepresidente de Cantabria, Pablo...                <\\\/div>\\r\\n            <\\\/div>\\r\\n\\r\\n        <\\\/div>\\r\\n\\r\\n        \\n\\t<\\\/div> <!-- .\\\/td-block-span4 --><\\\/div><!--.\\\/row-fluid-->\\n\\n\\t<div class=\\\"td-block-row\\\">\\n\\n\\t<div class=\\\"td-block-span4\\\">\\n\\r\\n        <div class=\\\"td_module_mx7 td_module_wrap td-animation-stack td-meta-info-hide\\\">\\r\\n            <div class=\\\"td-module-image\\\">\\r\\n                <div class=\\\"td-module-thumb\\\"><a href=\\\"https:\\\/\\\/www.psc-psoe.es\\\/index.php\\\/2021\\\/11\\\/04\\\/el-psoe-de-ruiloba-asegura-que-no-se-va-a-construir-ningun-nuevo-centro-de-salud-tal-y-como-se-lo-ha-trasladado-el-servicio-cantabro-de-salud\\\/\\\"  rel=\\\"bookmark\\\" class=\\\"td-image-wrap \\\" title=\\\"El PSOE de Ruiloba asegura que \\u201cno se va a construir ning\\u00fan nuevo Centro de Salud\\u201d tal y como se lo ha trasladado el Servicio C\\u00e1ntabro de Salud\\\" ><img width=\\\"218\\\" height=\\\"150\\\" class=\\\"entry-thumb\\\" src=\\\"https:\\\/\\\/www.psc-psoe.es\\\/wp-content\\\/uploads\\\/2021\\\/11\\\/PSOE-Ruiloba-04.11.21-218x150.jpeg\\\"  srcset=\\\"https:\\\/\\\/www.psc-psoe.es\\\/wp-content\\\/uploads\\\/2021\\\/11\\\/PSOE-Ruiloba-04.11.21-218x150.jpeg 218w, https:\\\/\\\/www.psc-psoe.es\\\/wp-content\\\/uploads\\\/2021\\\/11\\\/PSOE-Ruiloba-04.11.21-100x70.jpeg 100w\\\" sizes=\\\"(max-width: 218px) 100vw, 218px\\\"  alt=\\\"\\\" title=\\\"El PSOE de Ruiloba asegura que \\u201cno se va a construir ning\\u00fan nuevo Centro de Salud\\u201d tal y como se lo ha trasladado el Servicio C\\u00e1ntabro de Salud\\\" \\\/><\\\/a><\\\/div>                            <\\\/div>\\r\\n\\r\\n            <div class=\\\"item-details\\\">\\r\\n                <h3 class=\\\"entry-title td-module-title\\\"><a href=\\\"https:\\\/\\\/www.psc-psoe.es\\\/index.php\\\/2021\\\/11\\\/04\\\/el-psoe-de-ruiloba-asegura-que-no-se-va-a-construir-ningun-nuevo-centro-de-salud-tal-y-como-se-lo-ha-trasladado-el-servicio-cantabro-de-salud\\\/\\\"  rel=\\\"bookmark\\\" title=\\\"El PSOE de Ruiloba asegura que \\u201cno se va a construir ning\\u00fan nuevo Centro de Salud\\u201d tal y como se lo ha trasladado el Servicio C\\u00e1ntabro de Salud\\\">El PSOE de Ruiloba asegura que \\u201cno se va a construir ning\\u00fan nuevo Centro de Salud\\u201d tal y como se lo ha trasladado el...<\\\/a><\\\/h3>\\r\\n                <div class=\\\"td-module-meta-info\\\">\\r\\n                                                                            <\\\/div>\\r\\n\\r\\n                <div class=\\\"td-excerpt\\\">\\r\\n                    Ruiloba, 4 de noviembre del 2021. El secretario general del PSOE de Ruiloba, Julio Pinna...                <\\\/div>\\r\\n            <\\\/div>\\r\\n\\r\\n        <\\\/div>\\r\\n\\r\\n        \\n\\t<\\\/div> <!-- .\\\/td-block-span4 -->\\n\\n\\t<div class=\\\"td-block-span4\\\">\\n\\r\\n        <div class=\\\"td_module_mx7 td_module_wrap td-animation-stack td-meta-info-hide\\\">\\r\\n            <div class=\\\"td-module-image\\\">\\r\\n                <div class=\\\"td-module-thumb\\\"><a href=\\\"https:\\\/\\\/www.psc-psoe.es\\\/index.php\\\/2021\\\/03\\\/28\\\/todo-el-mundo-es-culpable-menos-yo\\\/\\\"  rel=\\\"bookmark\\\" class=\\\"td-image-wrap \\\" title=\\\"&#8220;TODO EL MUNDO ES CULPABLE, MENOS YO\\u00b4\\u00b4\\\" ><img width=\\\"218\\\" height=\\\"150\\\" class=\\\"entry-thumb\\\" src=\\\"https:\\\/\\\/www.psc-psoe.es\\\/wp-content\\\/uploads\\\/2021\\\/03\\\/San-Vicente-de-la-Barquera-28.03.21-218x150.jpeg\\\"  srcset=\\\"https:\\\/\\\/www.psc-psoe.es\\\/wp-content\\\/uploads\\\/2021\\\/03\\\/San-Vicente-de-la-Barquera-28.03.21-218x150.jpeg 218w, https:\\\/\\\/www.psc-psoe.es\\\/wp-content\\\/uploads\\\/2021\\\/03\\\/San-Vicente-de-la-Barquera-28.03.21-100x70.jpeg 100w\\\" sizes=\\\"(max-width: 218px) 100vw, 218px\\\"  alt=\\\"\\\" title=\\\"&#8220;TODO EL MUNDO ES CULPABLE, MENOS YO\\u00b4\\u00b4\\\" \\\/><\\\/a><\\\/div>                            <\\\/div>\\r\\n\\r\\n            <div class=\\\"item-details\\\">\\r\\n                <h3 class=\\\"entry-title td-module-title\\\"><a href=\\\"https:\\\/\\\/www.psc-psoe.es\\\/index.php\\\/2021\\\/03\\\/28\\\/todo-el-mundo-es-culpable-menos-yo\\\/\\\"  rel=\\\"bookmark\\\" title=\\\"&#8220;TODO EL MUNDO ES CULPABLE, MENOS YO\\u00b4\\u00b4\\\">&#8220;TODO EL MUNDO ES CULPABLE, MENOS YO\\u00b4\\u00b4<\\\/a><\\\/h3>\\r\\n                <div class=\\\"td-module-meta-info\\\">\\r\\n                                                                            <\\\/div>\\r\\n\\r\\n                <div class=\\\"td-excerpt\\\">\\r\\n                    ``Todo el mundo es culpable del quebranto econ\\u00f3mico que ha supuesto para las arcas p\\u00fablicas...                <\\\/div>\\r\\n            <\\\/div>\\r\\n\\r\\n        <\\\/div>\\r\\n\\r\\n        \\n\\t<\\\/div> <!-- .\\\/td-block-span4 -->\\n\\n\\t<div class=\\\"td-block-span4\\\">\\n\\r\\n        <div class=\\\"td_module_mx7 td_module_wrap td-animation-stack td-meta-info-hide\\\">\\r\\n            <div class=\\\"td-module-image\\\">\\r\\n                <div class=\\\"td-module-thumb\\\"><a href=\\\"https:\\\/\\\/www.psc-psoe.es\\\/index.php\\\/2020\\\/01\\\/31\\\/concha-gonzalez-sera-la-nueva-concejala-del-grupo-municipal-socialista-en-el-ayuntamiento-de-santander\\\/\\\"  rel=\\\"bookmark\\\" class=\\\"td-image-wrap \\\" title=\\\"Concha Gonz\\u00e1lez ser\\u00e1 la nueva concejala del Grupo Municipal Socialista en el ayuntamiento de Santander\\\" ><img width=\\\"218\\\" height=\\\"150\\\" class=\\\"entry-thumb\\\" src=\\\"https:\\\/\\\/www.psc-psoe.es\\\/wp-content\\\/uploads\\\/2020\\\/01\\\/Concha-Gonz\\u00e1lez-218x150.jpg\\\"  srcset=\\\"https:\\\/\\\/www.psc-psoe.es\\\/wp-content\\\/uploads\\\/2020\\\/01\\\/Concha-Gonz\\u00e1lez-218x150.jpg 218w, https:\\\/\\\/www.psc-psoe.es\\\/wp-content\\\/uploads\\\/2020\\\/01\\\/Concha-Gonz\\u00e1lez-100x70.jpg 100w\\\" sizes=\\\"(max-width: 218px) 100vw, 218px\\\"  alt=\\\"\\\" title=\\\"Concha Gonz\\u00e1lez ser\\u00e1 la nueva concejala del Grupo Municipal Socialista en el ayuntamiento de Santander\\\" \\\/><\\\/a><\\\/div>                            <\\\/div>\\r\\n\\r\\n            <div class=\\\"item-details\\\">\\r\\n                <h3 class=\\\"entry-title td-module-title\\\"><a href=\\\"https:\\\/\\\/www.psc-psoe.es\\\/index.php\\\/2020\\\/01\\\/31\\\/concha-gonzalez-sera-la-nueva-concejala-del-grupo-municipal-socialista-en-el-ayuntamiento-de-santander\\\/\\\"  rel=\\\"bookmark\\\" title=\\\"Concha Gonz\\u00e1lez ser\\u00e1 la nueva concejala del Grupo Municipal Socialista en el ayuntamiento de Santander\\\">Concha Gonz\\u00e1lez ser\\u00e1 la nueva concejala del Grupo Municipal Socialista en el ayuntamiento de Santander<\\\/a><\\\/h3>\\r\\n                <div class=\\\"td-module-meta-info\\\">\\r\\n                                                                            <\\\/div>\\r\\n\\r\\n                <div class=\\\"td-excerpt\\\">\\r\\n                    El Grupo Municipal Socialista en el ayuntamiento de Santander incorporar\\u00e1 en los pr\\u00f3ximos d\\u00edas a...                <\\\/div>\\r\\n            <\\\/div>\\r\\n\\r\\n        <\\\/div>\\r\\n\\r\\n        \\n\\t<\\\/div> <!-- .\\\/td-block-span4 --><\\\/div><!--.\\\/row-fluid-->\",\"td_block_id\":\"tdi_64\",\"td_hide_prev\":true,\"td_hide_next\":false}));\r\n                                    <\/script>\r\n            <div class=\"td-block-title-wrap\"><h4 class=\"block-title td-block-title\"><span class=\"td-pulldown-size\">AGRUPACIONES<\/span><\/h4><div class=\"td-pulldown-syle-default td-subcat-filter\" id=\"td_pulldown_tdi_64\"><ul class=\"td-subcat-list\" id=\"td_pulldown_tdi_64_list\"><li class=\"td-subcat-item\"><a class=\"td-subcat-link\" id=\"tdi_65\" data-td_filter_value=\"\" data-td_block_id=\"tdi_64\" href=\"#\"><\/a><\/li><li class=\"td-subcat-item\"><a class=\"td-subcat-link\" id=\"tdi_66\" data-td_filter_value=\"55\" data-td_block_id=\"tdi_64\" href=\"#\">Arco de la Bah\u00eda<\/a><\/li><li class=\"td-subcat-item\"><a class=\"td-subcat-link\" id=\"tdi_67\" data-td_filter_value=\"39\" data-td_block_id=\"tdi_64\" href=\"#\">Trasmiera<\/a><\/li><li class=\"td-subcat-item\"><a class=\"td-subcat-link\" id=\"tdi_68\" data-td_filter_value=\"40\" data-td_block_id=\"tdi_64\" href=\"#\">As\u00f3n Ag\u00fcera<\/a><\/li><li class=\"td-subcat-item\"><a class=\"td-subcat-link\" id=\"tdi_69\" data-td_filter_value=\"33\" data-td_block_id=\"tdi_64\" href=\"#\">Besaya<\/a><\/li><li class=\"td-subcat-item\"><a class=\"td-subcat-link\" id=\"tdi_70\" data-td_filter_value=\"37\" data-td_block_id=\"tdi_64\" href=\"#\">Campoo<\/a><\/li><li class=\"td-subcat-item\"><a class=\"td-subcat-link\" id=\"tdi_71\" data-td_filter_value=\"34\" data-td_block_id=\"tdi_64\" href=\"#\">Costa Occidental<\/a><\/li><li class=\"td-subcat-item\"><a class=\"td-subcat-link\" id=\"tdi_72\" data-td_filter_value=\"41\" data-td_block_id=\"tdi_64\" href=\"#\">Costa Oriental<\/a><\/li><li class=\"td-subcat-item\"><a class=\"td-subcat-link\" id=\"tdi_73\" data-td_filter_value=\"36\" data-td_block_id=\"tdi_64\" href=\"#\">Li\u00e9bana<\/a><\/li><li class=\"td-subcat-item\"><a class=\"td-subcat-link\" id=\"tdi_74\" data-td_filter_value=\"22\" data-td_block_id=\"tdi_64\" href=\"#\">Los Corrales de Buelna<\/a><\/li><li class=\"td-subcat-item\"><a class=\"td-subcat-link\" id=\"tdi_75\" data-td_filter_value=\"38\" data-td_block_id=\"tdi_64\" href=\"#\">Pas Miera Pisue\u00f1a<\/a><\/li><li class=\"td-subcat-item\"><a class=\"td-subcat-link\" id=\"tdi_76\" data-td_filter_value=\"35\" data-td_block_id=\"tdi_64\" href=\"#\">Saja Nansa<\/a><\/li><li class=\"td-subcat-item\"><a class=\"td-subcat-link\" id=\"tdi_77\" data-td_filter_value=\"39\" data-td_block_id=\"tdi_64\" href=\"#\">Trasmiera<\/a><\/li><\/ul><div class=\"td-subcat-dropdown\"><div class=\"td-subcat-more\" aria-haspopup=\"true\"><span>M\u00e1s<\/span><i class=\"td-icon-read-down\"><\/i><\/div><ul class=\"td-pulldown-filter-list\"><\/ul><\/div><\/div><\/div><div id=tdi_64 class=\"td_block_inner td-column-2\">\n\n\t<div class=\"td-block-row\">\n\n\t<div class=\"td-block-span4\">\n\r\n        <div class=\"td_module_mx7 td_module_wrap td-animation-stack td-meta-info-hide\">\r\n            <div class=\"td-module-image\">\r\n                <div class=\"td-module-thumb\"><a href=\"https:\/\/www.psc-psoe.es\/index.php\/2026\/04\/28\/daniel-fernandez-exige-transparencia-a-gema-igual-santander-no-puede-estar-vallada-y-precintada-sin-motivos\/\"  rel=\"bookmark\" class=\"td-image-wrap \" title=\"Daniel Fern\u00e1ndez exige transparencia a Gema Igual: \u201cSantander no puede estar vallada y precintada sin motivos\u201d\" ><img loading=\"lazy\" decoding=\"async\" width=\"218\" height=\"150\" class=\"entry-thumb\" src=\"https:\/\/www.psc-psoe.es\/wp-content\/uploads\/2026\/04\/Daniel-Fernandez-Rueda-de-prensa-218x150.jpg\"  srcset=\"https:\/\/www.psc-psoe.es\/wp-content\/uploads\/2026\/04\/Daniel-Fernandez-Rueda-de-prensa-218x150.jpg 218w, https:\/\/www.psc-psoe.es\/wp-content\/uploads\/2026\/04\/Daniel-Fernandez-Rueda-de-prensa-100x70.jpg 100w\" sizes=\"auto, (max-width: 218px) 100vw, 218px\"  alt=\"\" title=\"Daniel Fern\u00e1ndez exige transparencia a Gema Igual: \u201cSantander no puede estar vallada y precintada sin motivos\u201d\" \/><\/a><\/div>                            <\/div>\r\n\r\n            <div class=\"item-details\">\r\n                <h3 class=\"entry-title td-module-title\"><a href=\"https:\/\/www.psc-psoe.es\/index.php\/2026\/04\/28\/daniel-fernandez-exige-transparencia-a-gema-igual-santander-no-puede-estar-vallada-y-precintada-sin-motivos\/\"  rel=\"bookmark\" title=\"Daniel Fern\u00e1ndez exige transparencia a Gema Igual: \u201cSantander no puede estar vallada y precintada sin motivos\u201d\">Daniel Fern\u00e1ndez exige transparencia a Gema Igual: \u201cSantander no puede estar vallada y precintada sin motivos\u201d<\/a><\/h3>\r\n                <div class=\"td-module-meta-info\">\r\n                                                                            <\/div>\r\n\r\n                <div class=\"td-excerpt\">\r\n                    El PSOE Santander, a trav\u00e9s de su secretario general y portavoz municipal, Daniel Fern\u00e1ndez, ha...                <\/div>\r\n            <\/div>\r\n\r\n        <\/div>\r\n\r\n        \n\t<\/div> <!-- .\/td-block-span4 -->\n\n\t<div class=\"td-block-span4\">\n\r\n        <div class=\"td_module_mx7 td_module_wrap td-animation-stack td-meta-info-hide\">\r\n            <div class=\"td-module-image\">\r\n                <div class=\"td-module-thumb\"><a href=\"https:\/\/www.psc-psoe.es\/index.php\/2026\/04\/23\/el-psoe-denuncia-el-abandono-de-las-bibliotecas-municipales-santander-invierte-seis-veces-menos-en-libros-que-ciudades-similares\/\"  rel=\"bookmark\" class=\"td-image-wrap \" title=\"El PSOE denuncia el abandono de las bibliotecas municipales: Santander invierte seis veces menos en libros que ciudades similares\" ><img loading=\"lazy\" decoding=\"async\" width=\"218\" height=\"150\" class=\"entry-thumb\" src=\"https:\/\/www.psc-psoe.es\/wp-content\/uploads\/2026\/04\/Daniel-Fernandez-PSOE-218x150.jpg\"  srcset=\"https:\/\/www.psc-psoe.es\/wp-content\/uploads\/2026\/04\/Daniel-Fernandez-PSOE-218x150.jpg 218w, https:\/\/www.psc-psoe.es\/wp-content\/uploads\/2026\/04\/Daniel-Fernandez-PSOE-100x70.jpg 100w\" sizes=\"auto, (max-width: 218px) 100vw, 218px\"  alt=\"\" title=\"El PSOE denuncia el abandono de las bibliotecas municipales: Santander invierte seis veces menos en libros que ciudades similares\" \/><\/a><\/div>                            <\/div>\r\n\r\n            <div class=\"item-details\">\r\n                <h3 class=\"entry-title td-module-title\"><a href=\"https:\/\/www.psc-psoe.es\/index.php\/2026\/04\/23\/el-psoe-denuncia-el-abandono-de-las-bibliotecas-municipales-santander-invierte-seis-veces-menos-en-libros-que-ciudades-similares\/\"  rel=\"bookmark\" title=\"El PSOE denuncia el abandono de las bibliotecas municipales: Santander invierte seis veces menos en libros que ciudades similares\">El PSOE denuncia el abandono de las bibliotecas municipales: Santander invierte seis veces menos en libros que ciudades similares<\/a><\/h3>\r\n                <div class=\"td-module-meta-info\">\r\n                                                                            <\/div>\r\n\r\n                <div class=\"td-excerpt\">\r\n                    El secretario general y portavoz del PSOE en Santander, Daniel Fern\u00e1ndez, ha denunciado este 23...                <\/div>\r\n            <\/div>\r\n\r\n        <\/div>\r\n\r\n        \n\t<\/div> <!-- .\/td-block-span4 -->\n\n\t<div class=\"td-block-span4\">\n\r\n        <div class=\"td_module_mx7 td_module_wrap td-animation-stack td-meta-info-hide\">\r\n            <div class=\"td-module-image\">\r\n                <div class=\"td-module-thumb\"><a href=\"https:\/\/www.psc-psoe.es\/index.php\/2026\/04\/22\/el-psoe-santander-exige-explicaciones-al-ayuntamiento-sobre-la-prevision-y-los-recursos-municipales-ante-el-proceso-de-regularizacion\/\"  rel=\"bookmark\" class=\"td-image-wrap \" title=\"El PSOE Santander exige explicaciones al Ayuntamiento sobre la previsi\u00f3n y los recursos municipales ante el proceso de regularizaci\u00f3n\" ><img loading=\"lazy\" decoding=\"async\" width=\"218\" height=\"150\" class=\"entry-thumb\" src=\"https:\/\/www.psc-psoe.es\/wp-content\/uploads\/2026\/04\/Daniel-Fernandez-218x150.jpg\"  srcset=\"https:\/\/www.psc-psoe.es\/wp-content\/uploads\/2026\/04\/Daniel-Fernandez-218x150.jpg 218w, https:\/\/www.psc-psoe.es\/wp-content\/uploads\/2026\/04\/Daniel-Fernandez-100x70.jpg 100w\" sizes=\"auto, (max-width: 218px) 100vw, 218px\"  alt=\"\" title=\"El PSOE Santander exige explicaciones al Ayuntamiento sobre la previsi\u00f3n y los recursos municipales ante el proceso de regularizaci\u00f3n\" \/><\/a><\/div>                            <\/div>\r\n\r\n            <div class=\"item-details\">\r\n                <h3 class=\"entry-title td-module-title\"><a href=\"https:\/\/www.psc-psoe.es\/index.php\/2026\/04\/22\/el-psoe-santander-exige-explicaciones-al-ayuntamiento-sobre-la-prevision-y-los-recursos-municipales-ante-el-proceso-de-regularizacion\/\"  rel=\"bookmark\" title=\"El PSOE Santander exige explicaciones al Ayuntamiento sobre la previsi\u00f3n y los recursos municipales ante el proceso de regularizaci\u00f3n\">El PSOE Santander exige explicaciones al Ayuntamiento sobre la previsi\u00f3n y los recursos municipales ante el proceso de regularizaci\u00f3n<\/a><\/h3>\r\n                <div class=\"td-module-meta-info\">\r\n                                                                            <\/div>\r\n\r\n                <div class=\"td-excerpt\">\r\n                    El PSOE Santander ha registrado una bater\u00eda de preguntas en el Ayuntamiento para conocer la...                <\/div>\r\n            <\/div>\r\n\r\n        <\/div>\r\n\r\n        \n\t<\/div> <!-- .\/td-block-span4 --><\/div><!--.\/row-fluid-->\n\n\t<div class=\"td-block-row\">\n\n\t<div class=\"td-block-span4\">\n\r\n        <div class=\"td_module_mx7 td_module_wrap td-animation-stack td-meta-info-hide\">\r\n            <div class=\"td-module-image\">\r\n                <div class=\"td-module-thumb\"><a href=\"https:\/\/www.psc-psoe.es\/index.php\/2026\/04\/21\/el-psoe-de-santona-pide-al-ayuntamiento-que-inste-al-gobierno-de-cantabria-a-proceder-de-manera-urgente-e-inmediata-a-llevar-a-cabo-el-dragado-del-puerto\/\"  rel=\"bookmark\" class=\"td-image-wrap \" title=\"El PSOE de Santo\u00f1a pide al Ayuntamiento que inste al Gobierno de Cantabria a proceder de manera urgente e inmediata a llevar a cabo el dragado del Puerto\" ><img loading=\"lazy\" decoding=\"async\" width=\"218\" height=\"150\" class=\"entry-thumb\" src=\"https:\/\/www.psc-psoe.es\/wp-content\/uploads\/2025\/08\/Carmen-Gonzalez-Caballero-2-218x150.jpg\"  srcset=\"https:\/\/www.psc-psoe.es\/wp-content\/uploads\/2025\/08\/Carmen-Gonzalez-Caballero-2-218x150.jpg 218w, https:\/\/www.psc-psoe.es\/wp-content\/uploads\/2025\/08\/Carmen-Gonzalez-Caballero-2-100x70.jpg 100w\" sizes=\"auto, (max-width: 218px) 100vw, 218px\"  alt=\"\" title=\"El PSOE de Santo\u00f1a pide al Ayuntamiento que inste al Gobierno de Cantabria a proceder de manera urgente e inmediata a llevar a cabo el dragado del Puerto\" \/><\/a><\/div>                            <\/div>\r\n\r\n            <div class=\"item-details\">\r\n                <h3 class=\"entry-title td-module-title\"><a href=\"https:\/\/www.psc-psoe.es\/index.php\/2026\/04\/21\/el-psoe-de-santona-pide-al-ayuntamiento-que-inste-al-gobierno-de-cantabria-a-proceder-de-manera-urgente-e-inmediata-a-llevar-a-cabo-el-dragado-del-puerto\/\"  rel=\"bookmark\" title=\"El PSOE de Santo\u00f1a pide al Ayuntamiento que inste al Gobierno de Cantabria a proceder de manera urgente e inmediata a llevar a cabo el dragado del Puerto\">El PSOE de Santo\u00f1a pide al Ayuntamiento que inste al Gobierno de Cantabria a proceder de manera urgente e inmediata a llevar a cabo...<\/a><\/h3>\r\n                <div class=\"td-module-meta-info\">\r\n                                                                            <\/div>\r\n\r\n                <div class=\"td-excerpt\">\r\n                    El PSOE de Santo\u00f1a ha pedido al Ayuntamiento que inste al Gobierno de Cantabria a...                <\/div>\r\n            <\/div>\r\n\r\n        <\/div>\r\n\r\n        \n\t<\/div> <!-- .\/td-block-span4 -->\n\n\t<div class=\"td-block-span4\">\n\r\n        <div class=\"td_module_mx7 td_module_wrap td-animation-stack td-meta-info-hide\">\r\n            <div class=\"td-module-image\">\r\n                <div class=\"td-module-thumb\"><a href=\"https:\/\/www.psc-psoe.es\/index.php\/2026\/04\/20\/daniel-fernandez-reclama-medidas-santander-no-puede-seguir-siendo-una-ciudad-sin-ley-en-la-recogida-de-heces-caninas\/\"  rel=\"bookmark\" class=\"td-image-wrap \" title=\"Daniel Fern\u00e1ndez reclama medidas: \u2018Santander no puede seguir siendo una ciudad sin ley en la recogida de heces caninas\u2019\" ><img loading=\"lazy\" decoding=\"async\" width=\"218\" height=\"150\" class=\"entry-thumb\" src=\"https:\/\/www.psc-psoe.es\/wp-content\/uploads\/2026\/03\/PHOTO-2026-03-14-13-27-26-218x150.jpg\"  srcset=\"https:\/\/www.psc-psoe.es\/wp-content\/uploads\/2026\/03\/PHOTO-2026-03-14-13-27-26-218x150.jpg 218w, https:\/\/www.psc-psoe.es\/wp-content\/uploads\/2026\/03\/PHOTO-2026-03-14-13-27-26-100x70.jpg 100w\" sizes=\"auto, (max-width: 218px) 100vw, 218px\"  alt=\"\" title=\"Daniel Fern\u00e1ndez reclama medidas: \u2018Santander no puede seguir siendo una ciudad sin ley en la recogida de heces caninas\u2019\" \/><\/a><\/div>                            <\/div>\r\n\r\n            <div class=\"item-details\">\r\n                <h3 class=\"entry-title td-module-title\"><a href=\"https:\/\/www.psc-psoe.es\/index.php\/2026\/04\/20\/daniel-fernandez-reclama-medidas-santander-no-puede-seguir-siendo-una-ciudad-sin-ley-en-la-recogida-de-heces-caninas\/\"  rel=\"bookmark\" title=\"Daniel Fern\u00e1ndez reclama medidas: \u2018Santander no puede seguir siendo una ciudad sin ley en la recogida de heces caninas\u2019\">Daniel Fern\u00e1ndez reclama medidas: \u2018Santander no puede seguir siendo una ciudad sin ley en la recogida de heces caninas\u2019<\/a><\/h3>\r\n                <div class=\"td-module-meta-info\">\r\n                                                                            <\/div>\r\n\r\n                <div class=\"td-excerpt\">\r\n                    El PSOE de Santander, a trav\u00e9s de su secretario general y portavoz municipal, Daniel Fern\u00e1ndez,...                <\/div>\r\n            <\/div>\r\n\r\n        <\/div>\r\n\r\n        \n\t<\/div> <!-- .\/td-block-span4 -->\n\n\t<div class=\"td-block-span4\">\n\r\n        <div class=\"td_module_mx7 td_module_wrap td-animation-stack td-meta-info-hide\">\r\n            <div class=\"td-module-image\">\r\n                <div class=\"td-module-thumb\"><a href=\"https:\/\/www.psc-psoe.es\/index.php\/2026\/04\/18\/el-psoe-de-polanco-lleva-al-parlamento-de-cantabria-una-quincena-de-enmiendas-para-mejorar-el-dia-a-dia-de-los-vecinos\/\"  rel=\"bookmark\" class=\"td-image-wrap \" title=\"El PSOE de Polanco lleva al Parlamento de Cantabria una quincena de enmiendas \u201cpara mejorar el d\u00eda a d\u00eda de los vecinos\u201d\" ><img loading=\"lazy\" decoding=\"async\" width=\"218\" height=\"150\" class=\"entry-thumb\" src=\"https:\/\/www.psc-psoe.es\/wp-content\/uploads\/2026\/04\/Ruben-Garcia-218x150.jpg\"  srcset=\"https:\/\/www.psc-psoe.es\/wp-content\/uploads\/2026\/04\/Ruben-Garcia-218x150.jpg 218w, https:\/\/www.psc-psoe.es\/wp-content\/uploads\/2026\/04\/Ruben-Garcia-100x70.jpg 100w\" sizes=\"auto, (max-width: 218px) 100vw, 218px\"  alt=\"\" title=\"El PSOE de Polanco lleva al Parlamento de Cantabria una quincena de enmiendas \u201cpara mejorar el d\u00eda a d\u00eda de los vecinos\u201d\" \/><\/a><\/div>                            <\/div>\r\n\r\n            <div class=\"item-details\">\r\n                <h3 class=\"entry-title td-module-title\"><a href=\"https:\/\/www.psc-psoe.es\/index.php\/2026\/04\/18\/el-psoe-de-polanco-lleva-al-parlamento-de-cantabria-una-quincena-de-enmiendas-para-mejorar-el-dia-a-dia-de-los-vecinos\/\"  rel=\"bookmark\" title=\"El PSOE de Polanco lleva al Parlamento de Cantabria una quincena de enmiendas \u201cpara mejorar el d\u00eda a d\u00eda de los vecinos\u201d\">El PSOE de Polanco lleva al Parlamento de Cantabria una quincena de enmiendas \u201cpara mejorar el d\u00eda a d\u00eda de los vecinos\u201d<\/a><\/h3>\r\n                <div class=\"td-module-meta-info\">\r\n                                                                            <\/div>\r\n\r\n                <div class=\"td-excerpt\">\r\n                    El PSOE de Polanco ha trasladado al Grupo Parlamentario Socialista del Parlamento de Cantabria un...                <\/div>\r\n            <\/div>\r\n\r\n        <\/div>\r\n\r\n        \n\t<\/div> <!-- .\/td-block-span4 --><\/div><!--.\/row-fluid-->\n\n\t<div class=\"td-block-row\">\n\n\t<div class=\"td-block-span4\">\n\r\n        <div class=\"td_module_mx7 td_module_wrap td-animation-stack td-meta-info-hide\">\r\n            <div class=\"td-module-image\">\r\n                <div class=\"td-module-thumb\"><a href=\"https:\/\/www.psc-psoe.es\/index.php\/2026\/04\/16\/el-psoe-de-potes-rechaza-que-el-ayuntamiento-participe-en-la-compra-de-una-parcela-en-cillorigo-para-instalaciones-deportivas-que-ya-tiene-el-municipio\/\"  rel=\"bookmark\" class=\"td-image-wrap \" title=\"El PSOE de Potes rechaza que el Ayuntamiento participe en la compra de una parcela en Cillorigo para instalaciones deportivas \u201cque ya tiene el municipio\" ><img loading=\"lazy\" decoding=\"async\" width=\"218\" height=\"150\" class=\"entry-thumb\" src=\"https:\/\/www.psc-psoe.es\/wp-content\/uploads\/2026\/04\/54959142804_7232230049_c-218x150.jpg\"  srcset=\"https:\/\/www.psc-psoe.es\/wp-content\/uploads\/2026\/04\/54959142804_7232230049_c-218x150.jpg 218w, https:\/\/www.psc-psoe.es\/wp-content\/uploads\/2026\/04\/54959142804_7232230049_c-100x70.jpg 100w\" sizes=\"auto, (max-width: 218px) 100vw, 218px\"  alt=\"\" title=\"El PSOE de Potes rechaza que el Ayuntamiento participe en la compra de una parcela en Cillorigo para instalaciones deportivas \u201cque ya tiene el municipio\" \/><\/a><\/div>                            <\/div>\r\n\r\n            <div class=\"item-details\">\r\n                <h3 class=\"entry-title td-module-title\"><a href=\"https:\/\/www.psc-psoe.es\/index.php\/2026\/04\/16\/el-psoe-de-potes-rechaza-que-el-ayuntamiento-participe-en-la-compra-de-una-parcela-en-cillorigo-para-instalaciones-deportivas-que-ya-tiene-el-municipio\/\"  rel=\"bookmark\" title=\"El PSOE de Potes rechaza que el Ayuntamiento participe en la compra de una parcela en Cillorigo para instalaciones deportivas \u201cque ya tiene el municipio\">El PSOE de Potes rechaza que el Ayuntamiento participe en la compra de una parcela en Cillorigo para instalaciones deportivas \u201cque ya tiene el...<\/a><\/h3>\r\n                <div class=\"td-module-meta-info\">\r\n                                                                            <\/div>\r\n\r\n                <div class=\"td-excerpt\">\r\n                    El PSOE de Potes ha rechazado que el Ayuntamiento participe en la compra de una...                <\/div>\r\n            <\/div>\r\n\r\n        <\/div>\r\n\r\n        \n\t<\/div> <!-- .\/td-block-span4 -->\n\n\t<div class=\"td-block-span4\">\n\r\n        <div class=\"td_module_mx7 td_module_wrap td-animation-stack td-meta-info-hide\">\r\n            <div class=\"td-module-image\">\r\n                <div class=\"td-module-thumb\"><a href=\"https:\/\/www.psc-psoe.es\/index.php\/2026\/04\/10\/el-psoe-santander-reclama-una-respuesta-urgente-y-apoyo-institucional-para-recuperar-el-consultorio-de-cueto\/\"  rel=\"bookmark\" class=\"td-image-wrap \" title=\"El PSOE Santander reclama una respuesta urgente y apoyo institucional para recuperar el consultorio de Cueto\" ><img loading=\"lazy\" decoding=\"async\" width=\"218\" height=\"150\" class=\"entry-thumb\" src=\"https:\/\/www.psc-psoe.es\/wp-content\/uploads\/2026\/03\/PHOTO-2026-03-14-13-27-26-218x150.jpg\"  srcset=\"https:\/\/www.psc-psoe.es\/wp-content\/uploads\/2026\/03\/PHOTO-2026-03-14-13-27-26-218x150.jpg 218w, https:\/\/www.psc-psoe.es\/wp-content\/uploads\/2026\/03\/PHOTO-2026-03-14-13-27-26-100x70.jpg 100w\" sizes=\"auto, (max-width: 218px) 100vw, 218px\"  alt=\"\" title=\"El PSOE Santander reclama una respuesta urgente y apoyo institucional para recuperar el consultorio de Cueto\" \/><\/a><\/div>                            <\/div>\r\n\r\n            <div class=\"item-details\">\r\n                <h3 class=\"entry-title td-module-title\"><a href=\"https:\/\/www.psc-psoe.es\/index.php\/2026\/04\/10\/el-psoe-santander-reclama-una-respuesta-urgente-y-apoyo-institucional-para-recuperar-el-consultorio-de-cueto\/\"  rel=\"bookmark\" title=\"El PSOE Santander reclama una respuesta urgente y apoyo institucional para recuperar el consultorio de Cueto\">El PSOE Santander reclama una respuesta urgente y apoyo institucional para recuperar el consultorio de Cueto<\/a><\/h3>\r\n                <div class=\"td-module-meta-info\">\r\n                                                                            <\/div>\r\n\r\n                <div class=\"td-excerpt\">\r\n                    El PSOE Santander ha registrado una moci\u00f3n en el Ayuntamiento para reclamar una respuesta urgente...                <\/div>\r\n            <\/div>\r\n\r\n        <\/div>\r\n\r\n        \n\t<\/div> <!-- .\/td-block-span4 -->\n\n\t<div class=\"td-block-span4\">\n\r\n        <div class=\"td_module_mx7 td_module_wrap td-animation-stack td-meta-info-hide\">\r\n            <div class=\"td-module-image\">\r\n                <div class=\"td-module-thumb\"><a href=\"https:\/\/www.psc-psoe.es\/index.php\/2026\/04\/06\/el-psoe-exige-explicaciones-por-el-precintado-de-terrazas-mientras-la-ordenanza-sigue-sin-aprobarse\/\"  rel=\"bookmark\" class=\"td-image-wrap \" title=\"El PSOE exige explicaciones por el precintado de terrazas mientras la ordenanza sigue sin aprobarse\" ><img loading=\"lazy\" decoding=\"async\" width=\"218\" height=\"150\" class=\"entry-thumb\" src=\"https:\/\/www.psc-psoe.es\/wp-content\/uploads\/2026\/03\/PHOTO-2026-03-14-13-27-26-218x150.jpg\"  srcset=\"https:\/\/www.psc-psoe.es\/wp-content\/uploads\/2026\/03\/PHOTO-2026-03-14-13-27-26-218x150.jpg 218w, https:\/\/www.psc-psoe.es\/wp-content\/uploads\/2026\/03\/PHOTO-2026-03-14-13-27-26-100x70.jpg 100w\" sizes=\"auto, (max-width: 218px) 100vw, 218px\"  alt=\"\" title=\"El PSOE exige explicaciones por el precintado de terrazas mientras la ordenanza sigue sin aprobarse\" \/><\/a><\/div>                            <\/div>\r\n\r\n            <div class=\"item-details\">\r\n                <h3 class=\"entry-title td-module-title\"><a href=\"https:\/\/www.psc-psoe.es\/index.php\/2026\/04\/06\/el-psoe-exige-explicaciones-por-el-precintado-de-terrazas-mientras-la-ordenanza-sigue-sin-aprobarse\/\"  rel=\"bookmark\" title=\"El PSOE exige explicaciones por el precintado de terrazas mientras la ordenanza sigue sin aprobarse\">El PSOE exige explicaciones por el precintado de terrazas mientras la ordenanza sigue sin aprobarse<\/a><\/h3>\r\n                <div class=\"td-module-meta-info\">\r\n                                                                            <\/div>\r\n\r\n                <div class=\"td-excerpt\">\r\n                    El portavoz y secretario general del PSOE de Santander,\u00a0Daniel Fern\u00e1ndez, ha denunciado el \u201ccaos y...                <\/div>\r\n            <\/div>\r\n\r\n        <\/div>\r\n\r\n        \n\t<\/div> <!-- .\/td-block-span4 --><\/div><!--.\/row-fluid--><\/div><div class=\"td-load-more-wrap\"><a href=\"#\" class=\"td_ajax_load_more td_ajax_load_more_js\" aria-label=\"Cargar m\u00e1s\" id=\"next-page-tdi_64\" data-td_block_id=\"tdi_64\">Cargar m\u00e1s<i class=\"td-load-more-icon td-icon-font td-icon-menu-right\"><\/i><\/a><\/div><\/div> <!-- .\/block --><div class=\"wpb_wrapper td_block_separator td_block_wrap vc_separator tdi_79  td_separator_solid td_separator_center\"><span style=\"border-color:#e72534;border-width:1px;width:100%;\"><\/span>\n<style scoped>\n\/* custom css - generated by TagDiv Composer *\/\n\n\/* custom css - generated by TagDiv Composer *\/\n\/* custom css - generated by TagDiv Composer *\/\n.td_block_separator{\r\n                  width: 100%;\r\n                  align-items: center;\r\n                  margin-bottom: 38px;\r\n                  padding-bottom: 10px;\r\n                }.td_block_separator span{\r\n                  position: relative;\r\n                  display: block;\r\n                  margin: 0 auto;\r\n                  width: 100%;\r\n                  height: 1px;\r\n                  border-top: 1px solid #EBEBEB;\r\n                }.td_separator_align_left span{\r\n                  margin-left: 0;\r\n                }.td_separator_align_right span{\r\n                  margin-right: 0;\r\n                }.td_separator_dashed span{\r\n                  border-top-style: dashed;\r\n                }.td_separator_dotted span{\r\n                  border-top-style: dotted;\r\n                }.td_separator_double span{\r\n                  height: 3px;\r\n                  border-bottom: 1px solid #EBEBEB;\r\n                }.td_separator_shadow > span{\r\n                  position: relative;\r\n                  height: 20px;\r\n                  overflow: hidden;\r\n                  border: 0;\r\n                  color: #EBEBEB;\r\n                }.td_separator_shadow > span > span{\r\n                  position: absolute;\r\n                  top: -30px;\r\n                  left: 0;\r\n                  right: 0;\r\n                  margin: 0 auto;\r\n                  height: 13px;\r\n                  width: 98%;\r\n                  border-radius: 100%;\r\n                }html :where([style*='border-width']){\r\n                    border-style: none;\r\n                }\n\/* inline tdc_css att - generated by TagDiv Composer *\/\n\n.tdi_79{\nmargin-bottom:0px !important;\n}\n\n<\/style><\/div><div class=\"tdm_block td_block_wrap tdm_block_icon_box tdi_80 tdm-content-horiz-center tds_icon_box1_wrap td-pb-border-top td_block_template_1\"  data-td-block-uid=\"tdi_80\" >\n<style>\n\n\/* inline tdc_css att - generated by TagDiv Composer *\/\n\n.tdi_80{\nmargin-top:20px !important;\nborder-radius:1px !important;\nborder-style:solid !important;\nborder-color:#888888 !important;\nborder-width:0 !important;\nposition:relative;\n}\n\n<\/style>\n<div class=\"tdi_80_rand_style td-element-style\"><style>\n.tdi_80_rand_style{\nborder-radius:1px !important;\n}\n <\/style><\/div>\n<style>\n\/* custom css - generated by TagDiv Composer *\/\n\/* custom css - generated by TagDiv Composer *\/\n.tds_icon_box1_wrap .icon_box_url_wrap{\r\n                  display: block;\r\n                  position: absolute;\r\n                  top: 0;\r\n                  left: 0;\r\n                  width: 100%;\r\n                  height: 100%;\r\n                }.tdi_81 .tds-title{\r\n\t\t\t\t    margin-top: -11px;\r\n\t\t\t\t\r\n\t\t\t\t    margin-bottom: -30px;\r\n\t\t\t\t}.tdi_81 .tdm-descr{\r\n\t\t\t\t    margin-bottom: 13px;\t\t\t\t  \r\n\t\t\t\t\r\n\t\t\t\t    color: #e5011c;\t\t\t  \r\n\t\t\t\t}.tdi_80:hover .tdm-descr{\r\n\t\t\t\t    color: #e5001d;\t\t\t  \r\n\t\t\t\t}\n<\/style><div class=\"tds-icon-box tds-icon-box1 td-fix-index tdi_81\">\n<style>\n\/* custom css - generated by TagDiv Composer *\/\n\/* custom css - generated by TagDiv Composer *\/\n.tdi_82{\r\n\t\t\t\t    -webkit-transition: all 0.2s ease;\r\n                    -moz-transition: all 0.2s ease;\r\n                    -o-transition: all 0.2s ease;\r\n                    transition: all 0.2s ease;\r\n\t\t\t\t}.tdi_82:before{\r\n\t\t\t\t    -webkit-transition: all 0.2s ease;\r\n                    -moz-transition: all 0.2s ease;\r\n                    -o-transition: all 0.2s ease;\r\n                    transition: all 0.2s ease;\r\n\t\t\t\t\r\n\t\t\t\t\tcolor: #e5001d;\r\n\t\t\t\t}.tdi_82 svg{\r\n\t\t\t\t    fill: #e5001d;\r\n\t\t\t\t}.tdi_82 svg *{\r\n\t\t\t\t    fill: inherit;\r\n\t\t\t\t}\n\n\/* landscape *\/\n@media (min-width: 1019px) and (max-width: 1140px){\n\/* custom css - generated by TagDiv Composer *\/\n\n}\n\n\/* portrait *\/\n@media (min-width: 768px) and (max-width: 1018px){\n\/* custom css - generated by TagDiv Composer *\/\n\n}\n\n\/* phone *\/\n@media (max-width: 767px){\n\/* custom css - generated by TagDiv Composer *\/\n\n}\n<\/style><i class=\"tds-icon tdc-font-typcn tdc-font-typcn-business-card tdi_82 td-fix-index \"><\/i>\n<style>\n\/* custom css - generated by TagDiv Composer *\/\n\/* custom css - generated by TagDiv Composer *\/\nbody .tdi_83 .tdm-title{\r\n\t\t\t\t\tcolor: #e5001d;\r\n\t\t\t\t}\n<\/style><div class=\"tds-title tds-title1 td-fix-index tdi_83 \"><h3 class=\"tdm-title tdm-title-bg\">AFILIATE<\/h3><\/div><p class=\"tdm-descr td-fix-index\">\u00danete, este es El Proyecto Necesario<\/p><a href=\"https:\/\/psc-psoe.es\/index.php\/afiliate\/\" aria-label=\"icon_box\" class=\"icon_box_url_wrap\" > <\/a><\/div><style>\/* custom css - generated by TagDiv Composer *\/\n.tdm_block_icon_box .tds-icon-svg svg{\r\n\t\t\t        display: block;\r\n\t\t\t    }.tdm_block_icon_box .tdm-descr{\r\n                  font-size: 14px;\r\n                  line-height: 24px;\r\n                  -webkit-transition: color 0.2s ease;\r\n                  transition: color 0.2s ease;\r\n                }.tdi_80 .tds-icon-box .tds-icon{\r\n\t\t\t\t    font-size: 80px;\r\n\t\t\t\t    text-align: center;\r\n\t\t\t\t\r\n\t\t\t\t    width: 80px;\r\n\t\t\t\t    height: 80px;\r\n\t\t\t\t    line-height: 80px;\r\n\t\t\t\t}.tdi_80 .tds-icon-svg-wrap{\r\n\t\t\t\t    margin: 0 auto;\r\n\t\t\t\t}<\/style><\/div><div class=\"wpb_wrapper td_block_separator td_block_wrap vc_separator tdi_85  td_separator_solid td_separator_center\"><span style=\"border-color:#f31912;border-width:1px;width:100%;\"><\/span>\n<style scoped>\n\/* custom css - generated by TagDiv Composer *\/\n\n\/* inline tdc_css att - generated by TagDiv Composer *\/\n\n.tdi_85{\nmargin-top:-20px !important;\n}\n\n<\/style><\/div><\/div><\/div><div class=\"vc_column tdi_87  wpb_column vc_column_container tdc-column td-pb-span4\">\n<style scoped>\n\/* custom css - generated by TagDiv Composer *\/\n\n\/* custom css - generated by TagDiv Composer *\/\n\/* custom css - generated by TagDiv Composer *\/\n.tdi_87{\r\n                    vertical-align: baseline;\r\n                }.tdi_87 > .wpb_wrapper,\r\n\t\t\t\t.tdi_87 > .wpb_wrapper > .tdc-elements{\r\n\t\t\t\t    display: block;\r\n\t\t\t\t}.tdi_87 > .wpb_wrapper > .tdc-elements{\r\n\t\t\t\t    width: 100%;\r\n\t\t\t\t}.tdi_87 > .wpb_wrapper > .vc_row_inner{\r\n\t\t\t\t    width: auto;\r\n\t\t\t\t}.tdi_87 > .wpb_wrapper{\r\n\t\t\t\t    width: auto;\r\n\t\t\t\t    height: auto;\r\n\t\t\t\t}\n<\/style><div class=\"wpb_wrapper\" ><div class=\"td_block_wrap td_block_text_with_title tdi_88 tagdiv-type td-pb-border-top td_block_template_1\"  data-td-block-uid=\"tdi_88\" >\n<style>\n\/* custom css - generated by TagDiv Composer *\/\n\n\/* inline tdc_css att - generated by TagDiv Composer *\/\n\n.tdi_88{\nmargin-bottom:-20px !important;\n}\n\n<\/style>\n<style>\n\/* custom css - generated by TagDiv Composer *\/\n\/* custom css - generated by TagDiv Composer *\/\n.td_block_text_with_title{\r\n                  margin-bottom: 44px;\r\n                  -webkit-transform: translateZ(0);\r\n                  transform: translateZ(0);\r\n                }.td_block_text_with_title p:last-child{\r\n                  margin-bottom: 0;\r\n                }.tdi_88,\r\n                .tdi_88 p{\r\n\t\t\t        font-size:10px !important;\r\n\t\t        }.tdi_88 h6{\r\n\t\t\t        font-size:10px !important;\r\n\t\t        }.tdi_88 li{\r\n\t\t\t        font-size:- !important;\r\n\t\t        }.tdi_88 li:before{\r\n\t\t\t\t    margin-top: 1px;\r\n\t\t\t        line-height: - !important;\r\n\t\t        }\n<\/style><div class=\"td-block-title-wrap\"><h4 class=\"block-title td-block-title\"><a href=\"https:\/\/www.psc-psoe.es\/index.php\/event-directory\/\" class=\"td-pulldown-size\">AGENDA<\/a><\/h4><\/div><div class=\"td_mod_wrap td-fix-index\"><\/div><\/div><div class=\"wpb_wrapper td_block_wrap vc_widget_sidebar tdi_90 \" ><aside id=\"evcalwidget-2\" class=\"td_block_template_1 widget evcalwidget-2 EvcalWidget\"><div id='evcal_widget' class='evo_widget'><div id='evcal_calendar_564' class='ajde_evcal_calendar ' ><div class='evo-data' data-cyear=\"2026\" data-cmonth=\"4\" data-runajax=\"1\" data-evc_open=\"0\" data-cal_ver=\"2.6.14\" data-mapscroll=\"true\" data-mapformat=\"roadmap\" data-mapzoom=\"18\" data-mapiconurl=\"\" data-ev_cnt=\"0\" data-show_limit=\"no\" data-tiles=\"no\" data-sort_by=\"sort_date\" data-filters_on=\"false\" data-range_start=\"0\" data-range_end=\"0\" data-send_unix=\"0\" data-ux_val=\"0\" data-accord=\"0\" data-rtl=\"no\"  ><\/div><div id='evcal_head' class='calendar_header ' ><div class='evo_cal_above'><span class='evo-gototoday-btn' style='display:none' data-mo='4' data-yr='2026' data-dy=''>Mes actual<\/span><\/div><div class='evo_cal_above_content'><\/div><p id='evcal_cur' class='evo_month_title'> Abril, 2026<\/p><p class='evo_arrows'><span id='evcal_prev' class='evcal_arrows evcal_btn_prev' ><i class='fa fa-angle-left'><\/i><\/span><span id='evcal_next' class='evcal_arrows evcal_btn_next' ><i class='fa fa-angle-right'><\/i><\/span><\/p><div class='cal_arguments' style='display:none' data-hide_past=\"no\" data-show_et_ft_img=\"no\" data-event_order=\"ASC\" data-ft_event_priority=\"no\" data-lang=\"L1\" data-month_incre=\"0\" data-only_ft=\"no\" data-hide_ft=\"no\" data-evc_open=\"no\" data-show_limit=\"no\" data-etc_override=\"no\" data-show_limit_redir=\"0\" data-tiles=\"no\" data-tile_height=\"0\" data-tile_bg=\"0\" data-tile_count=\"2\" data-tile_style=\"0\" data-s=\"\" data-members_only=\"no\" data-ux_val=\"0\" data-show_limit_ajax=\"no\" data-show_limit_paged=\"1\" data-hide_mult_occur=\"no\" data-show_repeats=\"no\" data-hide_end_time=\"no\" ><\/div><div class='clear'><\/div><\/div><div class='eventon_sorting_section' style='display:none'><div class='eventon_filter_line '><div class='eventon_filter' data-filter_field='event_type' data-filter_val='all' data-filter_type='tax' data-fl_o='IN'><\/div><div class='eventon_filter' data-filter_field='event_type_2' data-filter_val='all' data-filter_type='tax' data-fl_o='IN'><\/div><div class='eventon_filter' data-filter_field='event_type_3' data-filter_val='all' data-filter_type='tax' data-fl_o='IN'><\/div><div class='eventon_filter' data-filter_field='event_type_4' data-filter_val='all' data-filter_type='tax' data-fl_o='IN'><\/div><div class='eventon_filter' data-filter_field='event_type_5' data-filter_val='all' data-filter_type='tax' data-fl_o='IN'><\/div><div class='eventon_filter' data-filter_field='event_location' data-filter_val='all' data-filter_type='tax' data-fl_o='IN'><\/div><div class='eventon_filter' data-filter_field='event_organizer' data-filter_val='all' data-filter_type='tax' data-fl_o='IN'><\/div><\/div><div class='clear'><\/div><\/div><div id='eventon_loadbar_section'><div id='eventon_loadbar'><\/div><\/div><div id='evcal_list' class='eventon_events_list'><div class='eventon_list_event'><p class='no_events' >No hay eventos<\/p><\/div>\t\t\t<div class='clear'><\/div>\r\n\t\t\t<\/div><!-- #evcal_list-->\r\n\t\t\t<div class='clear'><\/div>\r\n\r\n\t\t\t\t\r\n\t\t\t\r\n\t\t\t\t\t\t<\/div><!-- .ajde_evcal_calendar-->\r\n\r\n\t\t\t<\/div><\/aside><aside id=\"search-3\" class=\"td_block_template_1 widget search-3 widget_search\"><h4 class=\"block-title\"><span>Buscar<\/span><\/h4><form method=\"get\" class=\"td-search-form-widget\" action=\"https:\/\/www.psc-psoe.es\/\">\r\n    <div role=\"search\">\r\n        <input class=\"td-widget-search-input\" type=\"text\" value=\"\" name=\"s\" id=\"s\" \/><input class=\"wpb_button wpb_btn-inverse btn\" type=\"submit\" id=\"searchsubmit\" value=\"Buscar\" \/>\r\n    <\/div>\r\n<\/form><\/aside><aside id=\"custom-twitter-feeds-widget-2\" class=\"td_block_template_1 widget custom-twitter-feeds-widget-2 widget_custom-twitter-feeds-widget\"><h4 class=\"block-title\"><span>TWITTER<\/span><\/h4>\n<!-- Custom Twitter Feeds by Smash Balloon -->\n<div id=\"ctf\" class=\" ctf ctf-type-usertimeline ctf-rebranded ctf-feed-1  ctf-styles ctf-list ctf-regular-style\"   data-ctfshortcode=\"{&quot;feed&quot;:1}\"   data-ctfdisablelinks=\"false\" data-ctflinktextcolor=\"#\" data-header-size=\"small\" data-feedid=\"1\" data-postid=\"8679\"  data-feed=\"1\" data-ctf-flags=\"gdpr\" data-ctfintents=\"1\"  data-ctfneeded=\"-149\">\n    \n<div class=\"ctf-header  ctf-no-bio\" >\n    <a href=\"https:\/\/twitter.com\/PSOECantabria\/\" target=\"_blank\" rel=\"noopener noreferrer\" title=\"@PSOECantabria\" class=\"ctf-header-link\">\n        <div class=\"ctf-header-text\">\n            <p class=\"ctf-header-user\">\n                <span class=\"ctf-header-name\">PSOE Cantabria<\/span>\n                <span class=\"ctf-verified\"><\/span>\n                <span class=\"ctf-header-follow\">\n                    <svg width=\"30\" height=\"30\" viewBox=\"0 0 30 30\" fill=\"none\" xmlns=\"http:\/\/www.w3.org\/2000\/svg\"><path d=\"M21.1161 6.27344H24.2289L17.4284 14.0459L25.4286 24.6225H19.1645L14.2583 18.2079L8.6444 24.6225H5.52976L12.8035 16.309L5.12891 6.27344H11.552L15.9868 12.1367L21.1161 6.27344ZM20.0236 22.7594H21.7484L10.6148 8.03871H8.7639L20.0236 22.7594Z\" fill=\"black\"\/>\n\t\t\t<\/svg> Seguir                <\/span>\n            <\/p>\n\n\t\t\t        <\/div>\n\n        <div class=\"ctf-header-img\">\n            <div class=\"ctf-header-img-hover\">\n                <svg width=\"30\" height=\"30\" viewBox=\"0 0 30 30\" fill=\"none\" xmlns=\"http:\/\/www.w3.org\/2000\/svg\"><path d=\"M21.1161 6.27344H24.2289L17.4284 14.0459L25.4286 24.6225H19.1645L14.2583 18.2079L8.6444 24.6225H5.52976L12.8035 16.309L5.12891 6.27344H11.552L15.9868 12.1367L21.1161 6.27344ZM20.0236 22.7594H21.7484L10.6148 8.03871H8.7639L20.0236 22.7594Z\" fill=\"black\"\/>\n\t\t\t<\/svg>            <\/div>\n\t\t\t                <span data-avatar=\"https:\/\/pbs.twimg.com\/profile_images\/2031044216986443776\/XTKzgT0E_normal.jpg\" data-alt=\"PSOECantabria\" style=\"display: none;\">Avatar<\/span>\n\t\t\t        <\/div>\n    <\/a>\n<\/div>\n    <div class=\"ctf-tweets\">\n   \t\t\n<div  class=\"ctf-item ctf-author-psoecantabria ctf-new\"  id=\"2048876718211940795\" >\n\n\t\n\t<div class=\"ctf-author-box\">\n\t\t<div class=\"ctf-author-box-link\">\n\t        \t\t\t\t\t\t\t\t\t<a href=\"https:\/\/twitter.com\/psoecantabria\" class=\"ctf-author-avatar\" target=\"_blank\" rel=\"noopener noreferrer\" >\n\t\t\t\t\t\t\t\t\t\t\t\t\t<span data-avatar=\"https:\/\/pbs.twimg.com\/profile_images\/2031044216986443776\/XTKzgT0E_normal.jpg\" data-alt=\"psoecantabria\">Avatar<\/span>\n\t\t\t\t\t\t\t\t\t\t\t<\/a>\n\t\t\t\t\n\t\t\t\t\t\t\t\t\t<a href=\"https:\/\/twitter.com\/psoecantabria\" target=\"_blank\" rel=\"noopener noreferrer\" class=\"ctf-author-name\" >PSOE Cantabria<\/a>\n\t\t\t\t\t\t\t\t\t\t<a href=\"https:\/\/twitter.com\/psoecantabria\" class=\"ctf-author-screenname\" target=\"_blank\" rel=\"noopener noreferrer\" >@psoecantabria<\/a>\n\t\t\t\t\t<span class=\"ctf-screename-sep\">&middot;<\/span>\n\t\t\t\t\t        \n\t\t\t\t\t\t\t<div class=\"ctf-tweet-meta\" >\n\t\t\t\t\t<a href=\"https:\/\/twitter.com\/psoecantabria\/status\/2048876718211940795\" class=\"ctf-tweet-date\" target=\"_blank\" rel=\"noopener noreferrer\" >27\/04\/2026<\/a>\n\t\t\t\t<\/div>\n\t\t\t\t\t<\/div>\n\t    \t\t\t<div class=\"ctf-corner-logo\" >\n\t\t\t\t<svg width=\"30\" height=\"30\" viewBox=\"0 0 30 30\" fill=\"none\" xmlns=\"http:\/\/www.w3.org\/2000\/svg\"><path d=\"M21.1161 6.27344H24.2289L17.4284 14.0459L25.4286 24.6225H19.1645L14.2583 18.2079L8.6444 24.6225H5.52976L12.8035 16.309L5.12891 6.27344H11.552L15.9868 12.1367L21.1161 6.27344ZM20.0236 22.7594H21.7484L10.6148 8.03871H8.7639L20.0236 22.7594Z\" fill=\"black\"\/>\n\t\t\t<\/svg>\t\t\t<\/div>\n\t\t\n\t<\/div>\n\t<div class=\"ctf-tweet-content\">\n\t\t                <p class=\"ctf-tweet-text\">\n                    \ud83c\udf39\ud83d\udce2 Asamblea Comarcal Abierta en Camargo\ud83d\udce2\ud83c\udf39<br \/>\n<br \/>\n\ud83d\udde3\ufe0f Con el secretario general, @pedro_casares.<br \/>\n<br \/>\n\ud83d\udccdSede del @psoecamargo. Calle del Norte 2.<br \/>\n<br \/>\n\ud83d\udcc5 Martes, 28 de abril<br \/>\n<br \/>\n\u23f0 18.30 horas<br \/>\n<br \/>\n\u00a1Ven y participa!\u2764\ufe0f<br \/>\n<br \/>\n!Te esperamos!\ud83c\udf39                     <\/p><a href=\"https:\/\/twitter.com\/PSOECantabria\/status\/2048876718211940795\" target=\"_blank\" rel=\"noopener noreferrer\" class=\"ctf-tweet-text-media-wrap\"><svg aria-hidden=\"true\" aria-label=\"images in tweet\" focusable=\"false\" data-prefix=\"far\" data-icon=\"image\" role=\"img\" xmlns=\"http:\/\/www.w3.org\/2000\/svg\" viewBox=\"0 0 512 512\" class=\"svg-inline--fa fa-image fa-w-16 fa-9x ctf-tweet-text-media\"><path fill=\"currentColor\" d=\"M464 64H48C21.49 64 0 85.49 0 112v288c0 26.51 21.49 48 48 48h416c26.51 0 48-21.49 48-48V112c0-26.51-21.49-48-48-48zm-6 336H54a6 6 0 0 1-6-6V118a6 6 0 0 1 6-6h404a6 6 0 0 1 6 6v276a6 6 0 0 1-6 6zM128 152c-22.091 0-40 17.909-40 40s17.909 40 40 40 40-17.909 40-40-17.909-40-40-40zM96 352h320v-80l-87.515-87.515c-4.686-4.686-12.284-4.686-16.971 0L192 304l-39.515-39.515c-4.686-4.686-12.284-4.686-16.971 0L96 304v48z\" class=\"\"><\/path><\/svg><\/a>                <\/p>\n                        \t<\/div>\n\n\t\t\n\t<div class=\"ctf-tweet-actions\" >\n\t\t\n\t\t<a href=\"https:\/\/twitter.com\/intent\/tweet?in_reply_to=2048876718211940795&#038;related=psoecantabria\" class=\"ctf-reply\" target=\"_blank\" rel=\"noopener noreferrer\">\n\t\t\t<svg class=\"svg-inline--fa fa-w-16\" viewBox=\"0 0 24 24\" aria-label=\"reply\" role=\"img\" xmlns=\"http:\/\/www.w3.org\/2000\/svg\"><g><path fill=\"currentColor\" d=\"M14.046 2.242l-4.148-.01h-.002c-4.374 0-7.8 3.427-7.8 7.802 0 4.098 3.186 7.206 7.465 7.37v3.828c0 .108.044.286.12.403.142.225.384.347.632.347.138 0 .277-.038.402-.118.264-.168 6.473-4.14 8.088-5.506 1.902-1.61 3.04-3.97 3.043-6.312v-.017c-.006-4.367-3.43-7.787-7.8-7.788zm3.787 12.972c-1.134.96-4.862 3.405-6.772 4.643V16.67c0-.414-.335-.75-.75-.75h-.396c-3.66 0-6.318-2.476-6.318-5.886 0-3.534 2.768-6.302 6.3-6.302l4.147.01h.002c3.532 0 6.3 2.766 6.302 6.296-.003 1.91-.942 3.844-2.514 5.176z\"><\/path><\/g><\/svg>\t\t\t<span class=\"ctf-screenreader\">Responder en Twitter 2048876718211940795<\/span>\n\t\t<\/a>\n\n\t\t<a href=\"https:\/\/twitter.com\/intent\/retweet?tweet_id=2048876718211940795&#038;related=psoecantabria\" class=\"ctf-retweet\" target=\"_blank\" rel=\"noopener noreferrer\"><svg class=\"svg-inline--fa fa-w-16\" viewBox=\"0 0 24 24\" aria-hidden=\"true\" aria-label=\"retweet\" role=\"img\"><path fill=\"currentColor\" d=\"M23.77 15.67c-.292-.293-.767-.293-1.06 0l-2.22 2.22V7.65c0-2.068-1.683-3.75-3.75-3.75h-5.85c-.414 0-.75.336-.75.75s.336.75.75.75h5.85c1.24 0 2.25 1.01 2.25 2.25v10.24l-2.22-2.22c-.293-.293-.768-.293-1.06 0s-.294.768 0 1.06l3.5 3.5c.145.147.337.22.53.22s.383-.072.53-.22l3.5-3.5c.294-.292.294-.767 0-1.06zm-10.66 3.28H7.26c-1.24 0-2.25-1.01-2.25-2.25V6.46l2.22 2.22c.148.147.34.22.532.22s.384-.073.53-.22c.293-.293.293-.768 0-1.06l-3.5-3.5c-.293-.294-.768-.294-1.06 0l-3.5 3.5c-.294.292-.294.767 0 1.06s.767.293 1.06 0l2.22-2.22V16.7c0 2.068 1.683 3.75 3.75 3.75h5.85c.414 0 .75-.336.75-.75s-.337-.75-.75-.75z\"><\/path><\/svg>\t\t\t<span class=\"ctf-screenreader\">Retuitear en Twitter 2048876718211940795<\/span>\n\t\t\t<span class=\"ctf-action-count ctf-retweet-count\">9<\/span>\n\t\t<\/a>\n\n\t\t<a href=\"https:\/\/twitter.com\/intent\/like?tweet_id=2048876718211940795&#038;related=psoecantabria\" class=\"ctf-like\" target=\"_blank\" rel=\"nofollow noopener noreferrer\">\n\t\t\t<svg class=\"svg-inline--fa fa-w-16\" viewBox=\"0 0 24 24\" aria-hidden=\"true\" aria-label=\"like\" role=\"img\" xmlns=\"http:\/\/www.w3.org\/2000\/svg\"><g><path fill=\"currentColor\" d=\"M12 21.638h-.014C9.403 21.59 1.95 14.856 1.95 8.478c0-3.064 2.525-5.754 5.403-5.754 2.29 0 3.83 1.58 4.646 2.73.814-1.148 2.354-2.73 4.645-2.73 2.88 0 5.404 2.69 5.404 5.755 0 6.376-7.454 13.11-10.037 13.157H12zM7.354 4.225c-2.08 0-3.903 1.988-3.903 4.255 0 5.74 7.034 11.596 8.55 11.658 1.518-.062 8.55-5.917 8.55-11.658 0-2.267-1.823-4.255-3.903-4.255-2.528 0-3.94 2.936-3.952 2.965-.23.562-1.156.562-1.387 0-.014-.03-1.425-2.965-3.954-2.965z\"><\/path><\/g><\/svg>\t\t\t<span class=\"ctf-screenreader\">Dar me gusta en Twitter 2048876718211940795<\/span>\n\t\t\t<span class=\"ctf-action-count ctf-favorite-count\">10<\/span>\n\t\t<\/a>\n\t\t\n\t\t\t\t\t<a href=\"https:\/\/twitter.com\/psoecantabria\/status\/2048876718211940795\" class=\"ctf-twitterlink\" target=\"_blank\" rel=\"nofollow noopener noreferrer\" >\n\t\t\t\t<span >Twitter<\/span>\n\t\t\t\t<span class=\"ctf-screenreader\">2048876718211940795<\/span>\n\t\t\t<\/a>\n\t\t\t<\/div>\n<\/div>    <\/div>\n    \n\n\n<\/div>\n<\/aside><aside id=\"weblizar_facebook_likebox-2\" class=\"td_block_template_1 widget weblizar_facebook_likebox-2 widget_weblizar_facebook_likebox\"><h4 class=\"block-title\"><span>FACEBOOK<\/span><\/h4>\t\t<style>\r\n\t\t@media (max-width:767px) {\r\n\t\t\t.fb_iframe_widget {\r\n\t\t\t\twidth: 100%;\r\n\t\t\t}\r\n\t\t\t.fb_iframe_widget span {\r\n\t\t\t\twidth: 100% !important;\r\n\t\t\t}\r\n\t\t\t.fb_iframe_widget iframe {\r\n\t\t\t\twidth: 100% !important;\r\n\t\t\t}\r\n\t\t\t._8r {\r\n\t\t\t\tmargin-right: 5px;\r\n\t\t\t\tmargin-top: -4px !important;\r\n\t\t\t}\r\n\t\t}\r\n\t\t<\/style>\r\n        <div style=\"display:block;width:100%;float:left;overflow:hidden;margin-bottom:20px\">\r\n\t\t\t<div id=\"fb-root\"><\/div>\r\n\t\t\t<script>(function(d, s, id) {\r\n\t\t\t  var js, fjs = d.getElementsByTagName(s)[0];\r\n\t\t\t  if (d.getElementById(id)) return;\r\n\t\t\t  js = d.createElement(s); js.id = id;\r\n\t\t\t  js.src = \"\/\/connect.facebook.net\/es_ES\/sdk.js#xfbml=1&version=v2.7\";\r\n\t\t\t  fjs.parentNode.insertBefore(js, fjs);\r\n\t\t\t}(document, 'script', 'facebook-jssdk'));<\/script>\r\n\t\t\t<div class=\"fb-like-box\" style=\"background-color: auto;\" data-small-header=\"true\" data-height=\"500\" data-href=\"https:\/\/www.facebook.com\/PSOECantabr\/\" data-show-border=\"true\" data-show-faces=\"false\" data-stream=\"true\" data-width=\"350\" data-force-wall=\"false\"><\/div>\r\n\r\n\t\t<\/div>\r\n        <\/aside><\/div><\/div><\/div><\/div><\/div><div id=\"tdi_91\" class=\"tdc-row\"><div class=\"vc_row tdi_92  wpb_row td-pb-row\" >\n<style scoped>\n\/* custom css - generated by TagDiv Composer *\/\n\n\/* custom css - generated by TagDiv Composer *\/\n\/* custom css - generated by TagDiv Composer *\/\n.tdi_92,\r\n                .tdi_92 .tdc-columns{\r\n                    min-height: 0;\r\n                }.tdi_92,\r\n\t\t\t\t.tdi_92 .tdc-columns{\r\n\t\t\t\t    display: block;\r\n\t\t\t\t}.tdi_92 .tdc-columns{\r\n\t\t\t\t    width: 100%;\r\n\t\t\t\t}\n<\/style><div class=\"vc_column tdi_94  wpb_column vc_column_container tdc-column td-pb-span12\">\n<style scoped>\n\/* custom css - generated by TagDiv Composer *\/\n\n\/* custom css - generated by TagDiv Composer *\/\n\/* custom css - generated by TagDiv Composer *\/\n.tdi_94{\r\n                    vertical-align: baseline;\r\n                }.tdi_94 > .wpb_wrapper,\r\n\t\t\t\t.tdi_94 > .wpb_wrapper > .tdc-elements{\r\n\t\t\t\t    display: block;\r\n\t\t\t\t}.tdi_94 > .wpb_wrapper > .tdc-elements{\r\n\t\t\t\t    width: 100%;\r\n\t\t\t\t}.tdi_94 > .wpb_wrapper > .vc_row_inner{\r\n\t\t\t\t    width: auto;\r\n\t\t\t\t}.tdi_94 > .wpb_wrapper{\r\n\t\t\t\t    width: auto;\r\n\t\t\t\t    height: auto;\r\n\t\t\t\t}\n<\/style><div class=\"wpb_wrapper\" ><div class=\"tdm_block td_block_wrap tdm_block_button tdi_95 tdm-block-button-full tdm-content-horiz-left td-pb-border-top td_block_template_1\"  data-td-block-uid=\"tdi_95\"     >\n<style>\n\n\/* inline tdc_css att - generated by TagDiv Composer *\/\n\n.tdi_95{\nmargin-top:-50px !important;\nmargin-bottom:20px !important;\n}\n\n<\/style>\n<style>\n\/* custom css - generated by TagDiv Composer *\/\n\/* custom css - generated by TagDiv Composer *\/\n.tdm_block.tdm_block_button{\r\n                  margin-bottom: 0;\r\n                }.tdm_block.tdm_block_button .tds-button{\r\n                  line-height: 0;\r\n                }.tdm_block.tdm_block_button.tdm-block-button-inline{\r\n                  display: inline-block;\r\n                }.tdm_block.tdm_block_button.tdm-block-button-full,\r\n                .tdm_block.tdm_block_button.tdm-block-button-full .tdm-btn{\r\n                  display: block;\r\n                }\n<\/style>\n<style>\n\/* custom css - generated by TagDiv Composer *\/\n\/* custom css - generated by TagDiv Composer *\/\n.tdi_96 i{\r\n\t\t\t\t\tfont-size: 36px;\r\n\t\t\t\t}.tdi_96 .tdm-btn-icon:last-child{\r\n\t\t\t\t\tmargin-left: 7px;\r\n\t\t\t\t}\n<\/style><div class=\"tds-button td-fix-index\"><a \r\n                href=\"https:\/\/www.youtube.com\/channel\/UCggFf7pfbtz6dv26z0kewRQ\" \r\n                 title=\"Ver todos los videos de nuestro canal de \"\r\n                class=\"tds-button1 tdm-btn tdm-btn-lg tdi_96 \"  target=\"_blank\" ><span class=\"tdm-btn-text\">Ver todos los videos de nuestro canal de <\/span><i class=\"tdm-btn-icon tdc-font-fa tdc-font-fa-youtube\"><\/i><\/a><\/div><\/div><\/div><\/div><\/div><\/div><div id=\"tdi_97\" class=\"tdc-row\"><div class=\"vc_row tdi_98  wpb_row td-pb-row\" >\n<style scoped>\n\/* custom css - generated by TagDiv Composer *\/\n\n\/* custom css - generated by TagDiv Composer *\/\n\/* custom css - generated by TagDiv Composer *\/\n.tdi_98,\r\n                .tdi_98 .tdc-columns{\r\n                    min-height: 0;\r\n                }.tdi_98,\r\n\t\t\t\t.tdi_98 .tdc-columns{\r\n\t\t\t\t    display: block;\r\n\t\t\t\t}.tdi_98 .tdc-columns{\r\n\t\t\t\t    width: 100%;\r\n\t\t\t\t}\n<\/style><div class=\"vc_column tdi_100  wpb_column vc_column_container tdc-column td-pb-span3\">\n<style scoped>\n\/* custom css - generated by TagDiv Composer *\/\n\n\/* custom css - generated by TagDiv Composer *\/\n\/* custom css - generated by TagDiv Composer *\/\n.tdi_100{\r\n                    vertical-align: baseline;\r\n                }.tdi_100 > .wpb_wrapper,\r\n\t\t\t\t.tdi_100 > .wpb_wrapper > .tdc-elements{\r\n\t\t\t\t    display: block;\r\n\t\t\t\t}.tdi_100 > .wpb_wrapper > .tdc-elements{\r\n\t\t\t\t    width: 100%;\r\n\t\t\t\t}.tdi_100 > .wpb_wrapper > .vc_row_inner{\r\n\t\t\t\t    width: auto;\r\n\t\t\t\t}.tdi_100 > .wpb_wrapper{\r\n\t\t\t\t    width: auto;\r\n\t\t\t\t    height: auto;\r\n\t\t\t\t}\n<\/style><div class=\"wpb_wrapper\" ><div class=\"wpb_wrapper td_block_single_image td_block_wrap  td-animation-stack td_block_wrap vc_single_image tdi_101  td-single-image- td-pb-border-top td_block_template_1 \"  data-td-block-uid=\"tdi_101\"><a \r\n                            class=\"td_single_image_bg td-lazy-img\" \r\n                            data-type=\"css_image\" \r\n                            data-img-url=\"https:\/\/www.psc-psoe.es\/wp-content\/uploads\/2019\/04\/315X125PES2.png\"  \r\n                            href=\"https:\/\/www.pes.eu\/en\/about-us\/our-values\/pes-declaration-of-principles\/\"  target=\"_blank\"  ><\/a>\n<style>\n\/* custom css - generated by TagDiv Composer *\/\n\/* custom css - generated by TagDiv Composer *\/\n\r\n                .td_block_single_image.td-image-video-modal{\r\n                  cursor: pointer;\r\n                }.td_block_single_image .td_single_image_bg{\r\n                  display: block;\r\n                }.td_block_single_image.td-no-img-custom-url .td_single_image_bg{\r\n                  pointer-events: none;\r\n                  cursor: default;\r\n                }.vc_single_image a{\r\n                  position: relative;\r\n                }.td-single-image-style-rounded .td_single_image_bg,\r\n                .td-single-image-style-rounded .td_single_image_bg:before,\r\n                .td-single-image-style-rounded .td_single_image_bg:after{\r\n                  border-radius: 4px;\r\n                }.td-single-image-style-border,\r\n                .td-single-image-style-round-border,\r\n                .td-single-image-style-circle-border,\r\n                .td-single-image-style-outline,\r\n                .td-single-image-style-bordered-shadow,\r\n                .td-single-image-style-round-outline,\r\n                .td-single-image-style-round-border-shadow,\r\n                .td-single-image-style-circle-outline,\r\n                .td-single-image-style-circle-border-shadow{\r\n                  margin-bottom: 22px;\r\n                  background-color: #EBEBEB;\r\n                }.td-single-image-style-border,\r\n                .td-single-image-style-round-border,\r\n                .td-single-image-style-circle-border{\r\n                  padding: 6px;\r\n                }.td-single-image-style-outline,\r\n                .td-single-image-style-bordered-shadow,\r\n                .td-single-image-style-round-outline,\r\n                .td-single-image-style-round-border-shadow,\r\n                .td-single-image-style-circle-outline,\r\n                .td-single-image-style-circle-border-shadow{\r\n                  padding: 1px;\r\n                }.td-single-image-style-outline .td_single_image_bg:before,\r\n                .td-single-image-style-bordered-shadow .td_single_image_bg:before,\r\n                .td-single-image-style-round-outline .td_single_image_bg:before,\r\n                .td-single-image-style-round-border-shadow .td_single_image_bg:before,\r\n                .td-single-image-style-circle-outline .td_single_image_bg:before,\r\n                .td-single-image-style-circle-border-shadow .td_single_image_bg:before,\r\n                .td-single-image-style-outline a:after,\r\n                .td-single-image-style-bordered-shadow .td_single_image_bg:after,\r\n                .td-single-image-style-round-outline .td_single_image_bg:after,\r\n                .td-single-image-style-round-border-shadow .td_single_image_bg:after,\r\n                .td-single-image-style-circle-outline .td_single_image_bg:after,\r\n                .td-single-image-style-circle-border-shadow .td_single_image_bg:after{\r\n                  content: '';\r\n                  position: absolute;\r\n                  top: 0;\r\n                  left: 0;\r\n                  width: 100%;\r\n                  height: 100%;\r\n                }.td-single-image-style-outline .td_single_image_bg:after,\r\n                .td-single-image-style-bordered-shadow .td_single_image_bg:after,\r\n                .td-single-image-style-round-outline .td_single_image_bg:after,\r\n                .td-single-image-style-round-border-shadow .td_single_image_bg:after,\r\n                .td-single-image-style-circle-outline .td_single_image_bg:after,\r\n                .td-single-image-style-circle-border-shadow .td_single_image_bg:after{\r\n                  color: #fff;\r\n                  -webkit-box-shadow: inset 0px 0px 0px 6px;\r\n                  box-shadow: inset 0px 0px 0px 6px;\r\n                }.td-single-image-style-outline .td_single_image_bg:before,\r\n                .td-single-image-style-bordered-shadow .td_single_image_bg:before,\r\n                .td-single-image-style-round-outline .td_single_image_bg:before,\r\n                .td-single-image-style-round-border-shadow .td_single_image_bg:before,\r\n                .td-single-image-style-circle-outline .td_single_image_bg:before,\r\n                .td-single-image-style-circle-border-shadow .td_single_image_bg:before{\r\n                  color: #EBEBEB;\r\n                  -webkit-box-shadow: inset 0px 0px 0px 7px;\r\n                  box-shadow: inset 0px 0px 0px 7px;\r\n                }.td-single-image-style-shadow .td_single_image_bg,\r\n                .td-single-image-style-bordered-shadow .td_single_image_bg,\r\n                .td-single-image-style-round-shadow .td_single_image_bg,\r\n                .td-single-image-style-round-border-shadow .td_single_image_bg,\r\n                .td-single-image-style-circle-shadow .td_single_image_bg,\r\n                .td-single-image-style-circle-border-shadow .td_single_image_bg{\r\n                  -webkit-box-shadow: 0 0 6px rgba(0, 0, 0, 0.1);\r\n                  box-shadow: 0 0 6px rgba(0, 0, 0, 0.1);\r\n                }.td-single-image-style-3d-shadow{\r\n                  position: relative;\r\n                }.td-single-image-style-3d-shadow:before,\r\n                .td-single-image-style-3d-shadow:after{\r\n                  content: '';\r\n                  position: absolute;\r\n                  bottom: 0;\r\n                  height: 30%;\r\n                  -webkit-box-shadow: 0 15px 10px rgba(0, 0, 0, 0.6);\r\n                  box-shadow: 0 15px 10px rgba(0, 0, 0, 0.6);\r\n                  z-index: 0;\r\n                }.td-single-image-style-3d-shadow:before{\r\n                  left: 5px;\r\n                  right: 50%;\r\n                  -webkit-transform: skewY(-6deg);\r\n                  transform: skewY(-6deg);\r\n                  -webkit-transform-origin: 0 0;\r\n                  transform-origin: 0 0;\r\n                }.td-single-image-style-3d-shadow:after{\r\n                  left: 50%;\r\n                  right: 5px;\r\n                  -webkit-transform: skewY(6deg);\r\n                  transform: skewY(6deg);\r\n                  -webkit-transform-origin: 100% 0;\r\n                  transform-origin: 100% 0;\r\n                }.td-single-image-style-3d-shadow .td_single_image_bg{\r\n                  z-index: 1;\r\n                }.td-single-image-style-round,\r\n                .td-single-image-style-round-border,\r\n                .td-single-image-style-round-outline,\r\n                .td-single-image-style-round-shadow,\r\n                .td-single-image-style-round-border-shadow,\r\n                .td-single-image-style-circle,\r\n                .td-single-image-style-circle-border,\r\n                .td-single-image-style-circle-outline,\r\n                .td-single-image-style-circle-shadow,\r\n                .td-single-image-style-circle-border-shadow{\r\n                  border-radius: 50%;\r\n                }.td-single-image-style-round .td_single_image_bg,\r\n                .td-single-image-style-round-border .td_single_image_bg,\r\n                .td-single-image-style-round-outline .td_single_image_bg,\r\n                .td-single-image-style-round-shadow .td_single_image_bg,\r\n                .td-single-image-style-round-border-shadow .td_single_image_bg,\r\n                .td-single-image-style-circle .td_single_image_bg,\r\n                .td-single-image-style-circle-border .td_single_image_bg,\r\n                .td-single-image-style-circle-outline .td_single_image_bg,\r\n                .td-single-image-style-circle-shadow .td_single_image_bg,\r\n                .td-single-image-style-circle-border-shadow .td_single_image_bg,\r\n                .td-single-image-style-round .td_single_image_bg:before,\r\n                .td-single-image-style-round-border .td_single_image_bg:before,\r\n                .td-single-image-style-round-outline .td_single_image_bg:before,\r\n                .td-single-image-style-round-shadow .td_single_image_bg:before,\r\n                .td-single-image-style-round-border-shadow .td_single_image_bg:before,\r\n                .td-single-image-style-circle .td_single_image_bg:before,\r\n                .td-single-image-style-circle-border .td_single_image_bg:before,\r\n                .td-single-image-style-circle-outline .td_single_image_bg:before,\r\n                .td-single-image-style-circle-shadow .td_single_image_bg:before,\r\n                .td-single-image-style-circle-border-shadow .td_single_image_bg:before,\r\n                .td-single-image-style-round .td_single_image_bg:after,\r\n                .td-single-image-style-round-border .td_single_image_bg:after,\r\n                .td-single-image-style-round-outline .td_single_image_bg:after,\r\n                .td-single-image-style-round-shadow .td_single_image_bg:after,\r\n                .td-single-image-style-round-border-shadow .td_single_image_bg:after,\r\n                .td-single-image-style-circle .td_single_image_bg:after,\r\n                .td-single-image-style-circle-border .td_single_image_bg:after,\r\n                .td-single-image-style-circle-outline .td_single_image_bg:after,\r\n                .td-single-image-style-circle-shadow .td_single_image_bg:after,\r\n                .td-single-image-style-circle-border-shadow .td_single_image_bg:after{\r\n                  border-radius: 50%;\r\n                }.td-single-image-style-round-outline .td_single_image_bg:before,\r\n                .td-single-image-style-round-border-shadow .td_single_image_bg:before,\r\n                .td-single-image-style-circle-outline .td_single_image_bg:before,\r\n                .td-single-image-style-circle-border-shadow .td_single_image_bg:before,\r\n                .td-single-image-style-round-outline .td_single_image_bg:before:before,\r\n                .td-single-image-style-round-border-shadow .td_single_image_bg:before:before,\r\n                .td-single-image-style-circle-outline .td_single_image_bg:before:before,\r\n                .td-single-image-style-circle-border-shadow .td_single_image_bg:before:before,\r\n                .td-single-image-style-round-outline .td_single_image_bg:after:before,\r\n                .td-single-image-style-round-border-shadow .td_single_image_bg:after:before,\r\n                .td-single-image-style-circle-outline .td_single_image_bg:after:before,\r\n                .td-single-image-style-circle-border-shadow .td_single_image_bg:after:before,\r\n                .td-single-image-style-round-outline .td_single_image_bg:after,\r\n                .td-single-image-style-round-border-shadow .td_single_image_bg:after,\r\n                .td-single-image-style-circle-outline .td_single_image_bg:after,\r\n                .td-single-image-style-circle-border-shadow .td_single_image_bg:after,\r\n                .td-single-image-style-round-outline .td_single_image_bg:before:after,\r\n                .td-single-image-style-round-border-shadow .td_single_image_bg:before:after,\r\n                .td-single-image-style-circle-outline .td_single_image_bg:before:after,\r\n                .td-single-image-style-circle-border-shadow .td_single_image_bg:before:after,\r\n                .td-single-image-style-round-outline .td_single_image_bg:after:after,\r\n                .td-single-image-style-round-border-shadow .td_single_image_bg:after:after,\r\n                .td-single-image-style-circle-outline .td_single_image_bg:after:after,\r\n                .td-single-image-style-circle-border-shadow .td_single_image_bg:after:after{\r\n                  border-radius: 50%;\r\n                }.td-single-image-style-circle .td_single_image_bg,\r\n                .td-single-image-style-circle-border .td_single_image_bg,\r\n                .td-single-image-style-circle-outline .td_single_image_bg,\r\n                .td-single-image-style-circle-shadow .td_single_image_bg,\r\n                .td-single-image-style-circle-border-shadow .td_single_image_bg{\r\n                  height: 0;\r\n                  padding-bottom: 100%;\r\n                }.vc_single_image .td_single_image_bg{\r\n                  width: 100%;\r\n                  display: block;\r\n                  background-size: cover;\r\n                }.tdi_101 .td_single_image_bg{\r\n\t\t\t\t\theight: 100px;\r\n\t\t\t\t\tpadding-bottom: 0;\r\n\t\t\t\t\r\n                background-repeat: no-repeat;\r\n\t\t\t\t\r\n                background-position: center top;\r\n\t\t\t\t}.tdi_101:hover .td_single_image_bg:before{\r\n                    opacity: 0;\r\n                }@media (max-width: 767px) {\r\n                  .td-stretch-content .td_block_single_image {\r\n                    margin-right: -20px;\r\n                    margin-left: -20px;\r\n                  }\r\n                }@media (max-width: 767px) {\r\n                  .td-single-image-style-border,\r\n                  .td-single-image-style-round-border,\r\n                  .td-single-image-style-circle-border,\r\n                  .td-single-image-style-outline,\r\n                  .td-single-image-style-bordered-shadow,\r\n                  .td-single-image-style-round-outline,\r\n                  .td-single-image-style-round-border-shadow,\r\n                  .td-single-image-style-circle-outline,\r\n                  .td-single-image-style-circle-border-shadow {\r\n                    margin-bottom: 32px;\r\n                  }\r\n                }\n<\/style><\/div><\/div><\/div><div class=\"vc_column tdi_103  wpb_column vc_column_container tdc-column td-pb-span3\">\n<style scoped>\n\/* custom css - generated by TagDiv Composer *\/\n\n\/* custom css - generated by TagDiv Composer *\/\n\/* custom css - generated by TagDiv Composer *\/\n.tdi_103{\r\n                    vertical-align: baseline;\r\n                }.tdi_103 > .wpb_wrapper,\r\n\t\t\t\t.tdi_103 > .wpb_wrapper > .tdc-elements{\r\n\t\t\t\t    display: block;\r\n\t\t\t\t}.tdi_103 > .wpb_wrapper > .tdc-elements{\r\n\t\t\t\t    width: 100%;\r\n\t\t\t\t}.tdi_103 > .wpb_wrapper > .vc_row_inner{\r\n\t\t\t\t    width: auto;\r\n\t\t\t\t}.tdi_103 > .wpb_wrapper{\r\n\t\t\t\t    width: auto;\r\n\t\t\t\t    height: auto;\r\n\t\t\t\t}\n<\/style><div class=\"wpb_wrapper\" ><div class=\"wpb_wrapper td_block_single_image td_block_wrap  td-animation-stack td_block_wrap vc_single_image tdi_104  td-single-image- td-pb-border-top td_block_template_1 \"  data-td-block-uid=\"tdi_104\"><a \r\n                            class=\"td_single_image_bg td-lazy-img\" \r\n                            data-type=\"css_image\" \r\n                            data-img-url=\"https:\/\/www.psc-psoe.es\/wp-content\/uploads\/2019\/04\/315X125JSE2.png\"  \r\n                            href=\"https:\/\/www.jse.org\/inicio\/\"  target=\"_blank\"  ><\/a>\n<style>\n\/* custom css - generated by TagDiv Composer *\/\n\/* custom css - generated by TagDiv Composer *\/\n.tdi_104 .td_single_image_bg{\r\n\t\t\t\t\theight: 100px;\r\n\t\t\t\t\tpadding-bottom: 0;\r\n\t\t\t\t}.tdi_104 .td_single_image_bg{\r\n                background-repeat: no-repeat;\r\n\t\t\t\t\r\n                background-position: center top;\r\n\t\t\t\t}.tdi_104:hover .td_single_image_bg:before{\r\n                    opacity: 0;\r\n                }\n<\/style><\/div><\/div><\/div><div class=\"vc_column tdi_106  wpb_column vc_column_container tdc-column td-pb-span3\">\n<style scoped>\n\/* custom css - generated by TagDiv Composer *\/\n\n\/* custom css - generated by TagDiv Composer *\/\n\/* custom css - generated by TagDiv Composer *\/\n.tdi_106{\r\n                    vertical-align: baseline;\r\n                }.tdi_106 > .wpb_wrapper,\r\n\t\t\t\t.tdi_106 > .wpb_wrapper > .tdc-elements{\r\n\t\t\t\t    display: block;\r\n\t\t\t\t}.tdi_106 > .wpb_wrapper > .tdc-elements{\r\n\t\t\t\t    width: 100%;\r\n\t\t\t\t}.tdi_106 > .wpb_wrapper > .vc_row_inner{\r\n\t\t\t\t    width: auto;\r\n\t\t\t\t}.tdi_106 > .wpb_wrapper{\r\n\t\t\t\t    width: auto;\r\n\t\t\t\t    height: auto;\r\n\t\t\t\t}\n<\/style><div class=\"wpb_wrapper\" ><div class=\"wpb_wrapper td_block_single_image td_block_wrap  td-animation-stack td_block_wrap vc_single_image tdi_107  td-single-image- td-pb-border-top td_block_template_1 \"  data-td-block-uid=\"tdi_107\"><a \r\n                            class=\"td_single_image_bg td-lazy-img\" \r\n                            data-type=\"css_image\" \r\n                            data-img-url=\"https:\/\/www.psc-psoe.es\/wp-content\/uploads\/2019\/04\/315X125FPI2-logo-2019.png\"  \r\n                            href=\"http:\/\/www.fpabloiglesias.es\/\"  target=\"_blank\"  ><\/a>\n<style>\n\/* custom css - generated by TagDiv Composer *\/\n\/* custom css - generated by TagDiv Composer *\/\n.tdi_107 .td_single_image_bg{\r\n\t\t\t\t\theight: 100px;\r\n\t\t\t\t\tpadding-bottom: 0;\r\n\t\t\t\t}.tdi_107 .td_single_image_bg{\r\n                background-repeat: no-repeat;\r\n\t\t\t\t\r\n                background-position: center top;\r\n\t\t\t\t}.tdi_107:hover .td_single_image_bg:before{\r\n                    opacity: 0;\r\n                }\n<\/style><\/div><\/div><\/div><div class=\"vc_column tdi_109  wpb_column vc_column_container tdc-column td-pb-span3\">\n<style scoped>\n\/* custom css - generated by TagDiv Composer *\/\n\n\/* custom css - generated by TagDiv Composer *\/\n\/* custom css - generated by TagDiv Composer *\/\n.tdi_109{\r\n                    vertical-align: baseline;\r\n                }.tdi_109 > .wpb_wrapper,\r\n\t\t\t\t.tdi_109 > .wpb_wrapper > .tdc-elements{\r\n\t\t\t\t    display: block;\r\n\t\t\t\t}.tdi_109 > .wpb_wrapper > .tdc-elements{\r\n\t\t\t\t    width: 100%;\r\n\t\t\t\t}.tdi_109 > .wpb_wrapper > .vc_row_inner{\r\n\t\t\t\t    width: auto;\r\n\t\t\t\t}.tdi_109 > .wpb_wrapper{\r\n\t\t\t\t    width: auto;\r\n\t\t\t\t    height: auto;\r\n\t\t\t\t}\n<\/style><div class=\"wpb_wrapper\" ><div class=\"wpb_wrapper td_block_single_image td_block_wrap  td-animation-stack td_block_wrap vc_single_image tdi_110  td-single-image- td-pb-border-top td_block_template_1 \"  data-td-block-uid=\"tdi_110\"><a \r\n                            class=\"td_single_image_bg td-lazy-img\" \r\n                            data-type=\"css_image\" \r\n                            data-img-url=\"https:\/\/www.psc-psoe.es\/wp-content\/uploads\/2019\/04\/tienda-385x193.jpg\"  \r\n                            href=\"http:\/\/www.tutiendapsoe.es\/\"  target=\"_blank\"  ><\/a>\n<style>\n\/* custom css - generated by TagDiv Composer *\/\n\/* custom css - generated by TagDiv Composer *\/\n.tdi_110 .td_single_image_bg{\r\n\t\t\t\t\theight: 80px;\r\n\t\t\t\t\tpadding-bottom: 0;\r\n\t\t\t\t}.tdi_110 .td_single_image_bg{\r\n\t\t\t\tbackground-size: contain;\r\n\t\t\t\t\r\n                background-repeat: no-repeat;\r\n\t\t\t\t\r\n                background-position: center top;\r\n\t\t\t\t}.tdi_110:hover .td_single_image_bg:before{\r\n                    opacity: 0;\r\n                }\n<\/style><\/div><\/div><\/div><\/div><\/div><\/div><\/div>","protected":false},"excerpt":{"rendered":"","protected":false},"author":1,"featured_media":0,"parent":0,"menu_order":0,"comment_status":"open","ping_status":"closed","template":"","meta":{"tdm_status":"","tdm_grid_status":"","footnotes":""},"class_list":["post-41","page","type-page","status-publish","hentry"],"_links":{"self":[{"href":"https:\/\/www.psc-psoe.es\/index.php\/wp-json\/wp\/v2\/pages\/41","targetHints":{"allow":["GET"]}}],"collection":[{"href":"https:\/\/www.psc-psoe.es\/index.php\/wp-json\/wp\/v2\/pages"}],"about":[{"href":"https:\/\/www.psc-psoe.es\/index.php\/wp-json\/wp\/v2\/types\/page"}],"author":[{"embeddable":true,"href":"https:\/\/www.psc-psoe.es\/index.php\/wp-json\/wp\/v2\/users\/1"}],"replies":[{"embeddable":true,"href":"https:\/\/www.psc-psoe.es\/index.php\/wp-json\/wp\/v2\/comments?post=41"}],"version-history":[{"count":27,"href":"https:\/\/www.psc-psoe.es\/index.php\/wp-json\/wp\/v2\/pages\/41\/revisions"}],"predecessor-version":[{"id":10266,"href":"https:\/\/www.psc-psoe.es\/index.php\/wp-json\/wp\/v2\/pages\/41\/revisions\/10266"}],"wp:attachment":[{"href":"https:\/\/www.psc-psoe.es\/index.php\/wp-json\/wp\/v2\/media?parent=41"}],"curies":[{"name":"wp","href":"https:\/\/api.w.org\/{rel}","templated":true}]}}